{"version":"1.0","provider_name":"Kuzeyin Sesi","provider_url":"https:\/\/kuzeyinsesi.org","author_name":"Kuzeyin Sesi","author_url":"https:\/\/kuzeyinsesi.org\/index.php\/author\/guven\/","title":"\u00c7a\u011fda\u015f M\u00fczik Derne\u011fi Bursa ve Budape\u015fte\u2019de sahne ald\u0131 - Kuzeyin Sesi","type":"rich","width":600,"height":338,"html":"<blockquote class=\"wp-embedded-content\" data-secret=\"VesB42jk1o\"><a href=\"https:\/\/kuzeyinsesi.org\/index.php\/2025\/02\/17\/cagdas-muzik-dernegi-bursa-ve-budapestede-sahne-aldi\/\">\u00c7a\u011fda\u015f M\u00fczik Derne\u011fi Bursa ve Budape\u015fte\u2019de sahne ald\u0131<\/a><\/blockquote><iframe sandbox=\"allow-scripts\" security=\"restricted\" src=\"https:\/\/kuzeyinsesi.org\/index.php\/2025\/02\/17\/cagdas-muzik-dernegi-bursa-ve-budapestede-sahne-aldi\/embed\/#?secret=VesB42jk1o\" width=\"600\" height=\"338\" title=\"&#8220;\u00c7a\u011fda\u015f M\u00fczik Derne\u011fi Bursa ve Budape\u015fte\u2019de sahne ald\u0131&#8221; &#8212; Kuzeyin Sesi\" data-secret=\"VesB42jk1o\" frameborder=\"0\" marginwidth=\"0\" marginheight=\"0\" scrolling=\"no\" class=\"wp-embedded-content\"><\/iframe><script type=\"text\/javascript\">\n\/* <![CDATA[ *\/\n\/*! This file is auto-generated *\/\n!function(d,l){\"use strict\";l.querySelector&&d.addEventListener&&\"undefined\"!=typeof URL&&(d.wp=d.wp||{},d.wp.receiveEmbedMessage||(d.wp.receiveEmbedMessage=function(e){var t=e.data;if((t||t.secret||t.message||t.value)&&!\/[^a-zA-Z0-9]\/.test(t.secret)){for(var s,r,n,a=l.querySelectorAll('iframe[data-secret=\"'+t.secret+'\"]'),o=l.querySelectorAll('blockquote[data-secret=\"'+t.secret+'\"]'),c=new RegExp(\"^https?:$\",\"i\"),i=0;i<o.length;i++)o[i].style.display=\"none\";for(i=0;i<a.length;i++)s=a[i],e.source===s.contentWindow&&(s.removeAttribute(\"style\"),\"height\"===t.message?(1e3<(r=parseInt(t.value,10))?r=1e3:~~r<200&&(r=200),s.height=r):\"link\"===t.message&&(r=new URL(s.getAttribute(\"src\")),n=new URL(t.value),c.test(n.protocol))&&n.host===r.host&&l.activeElement===s&&(d.top.location.href=t.value))}},d.addEventListener(\"message\",d.wp.receiveEmbedMessage,!1),l.addEventListener(\"DOMContentLoaded\",function(){for(var e,t,s=l.querySelectorAll(\"iframe.wp-embedded-content\"),r=0;r<s.length;r++)(t=(e=s[r]).getAttribute(\"data-secret\"))||(t=Math.random().toString(36).substring(2,12),e.src+=\"#?secret=\"+t,e.setAttribute(\"data-secret\",t)),e.contentWindow.postMessage({message:\"ready\",secret:t},\"*\")},!1)))}(window,document);\n\/\/# sourceURL=https:\/\/kuzeyinsesi.org\/wp-includes\/js\/wp-embed.min.js\n\/* ]]> *\/\n<\/script>\n","thumbnail_url":"https:\/\/brtk.net\/wp-content\/uploads\/2025\/02\/17\/99999999999999999999999999999999999.jpeg?ver=78a2f04949d2b868fb6fd30ce6d0ca38","thumbnail_width":600,"thumbnail_height":400,"description":"\u00c7a\u011fda\u015f M\u00fczik Derne\u011fi T\u00fcrk Sanat M\u00fczi\u011fi (TSM) Korosu, Bursa ve Budape\u015fte\u2019de d\u00fczenlenen konserlerde sahne ald\u0131. Dernekten yap\u0131lan a\u00e7\u0131klamaya g\u00f6re, TSM Korosu 10-11 \u015eubat\u2019ta Bursa\u2019da, Konservatuvar Mezunlar\u0131 Derne\u011fi Korosu ve Fatih Erko\u00e7 Sanat Akademisi TSM Korosu ile \u201cSevgiyle El Ele\u201d konseptiyle m\u00fczikseverlerle bulu\u015ftu. Konserler \u00f6ncesinde, Dernek Ba\u015fkan\u0131 Ersin T\u00fcnay, Osmangazi Belediye Ba\u015fkan Yard\u0131mc\u0131s\u0131 Mutlu Esendemir\u2019i ziyaret [&hellip;]"}