{"version":"1.0","provider_name":"Kuzeyin Sesi","provider_url":"https:\/\/kuzeyinsesi.org","author_name":"Kuzeyin Sesi","author_url":"https:\/\/kuzeyinsesi.org\/index.php\/author\/guven\/","title":"Paland\u00f6ken\u2019de kayak\u00e7\u0131lara kapal\u0131 olan alana \u00e7\u0131\u011f d\u00fc\u015ft\u00fc - Kuzeyin Sesi","type":"rich","width":600,"height":338,"html":"<blockquote class=\"wp-embedded-content\" data-secret=\"mTo64tgw0M\"><a href=\"https:\/\/kuzeyinsesi.org\/index.php\/2025\/02\/15\/palandokende-kayakcilara-kapali-olan-alana-cig-dustu\/\">Paland\u00f6ken\u2019de kayak\u00e7\u0131lara kapal\u0131 olan alana \u00e7\u0131\u011f d\u00fc\u015ft\u00fc<\/a><\/blockquote><iframe sandbox=\"allow-scripts\" security=\"restricted\" src=\"https:\/\/kuzeyinsesi.org\/index.php\/2025\/02\/15\/palandokende-kayakcilara-kapali-olan-alana-cig-dustu\/embed\/#?secret=mTo64tgw0M\" width=\"600\" height=\"338\" title=\"&#8220;Paland\u00f6ken\u2019de kayak\u00e7\u0131lara kapal\u0131 olan alana \u00e7\u0131\u011f d\u00fc\u015ft\u00fc&#8221; &#8212; Kuzeyin Sesi\" data-secret=\"mTo64tgw0M\" frameborder=\"0\" marginwidth=\"0\" marginheight=\"0\" scrolling=\"no\" class=\"wp-embedded-content\"><\/iframe><script type=\"text\/javascript\">\n\/* <![CDATA[ *\/\n\/*! This file is auto-generated *\/\n!function(d,l){\"use strict\";l.querySelector&&d.addEventListener&&\"undefined\"!=typeof URL&&(d.wp=d.wp||{},d.wp.receiveEmbedMessage||(d.wp.receiveEmbedMessage=function(e){var t=e.data;if((t||t.secret||t.message||t.value)&&!\/[^a-zA-Z0-9]\/.test(t.secret)){for(var s,r,n,a=l.querySelectorAll('iframe[data-secret=\"'+t.secret+'\"]'),o=l.querySelectorAll('blockquote[data-secret=\"'+t.secret+'\"]'),c=new RegExp(\"^https?:$\",\"i\"),i=0;i<o.length;i++)o[i].style.display=\"none\";for(i=0;i<a.length;i++)s=a[i],e.source===s.contentWindow&&(s.removeAttribute(\"style\"),\"height\"===t.message?(1e3<(r=parseInt(t.value,10))?r=1e3:~~r<200&&(r=200),s.height=r):\"link\"===t.message&&(r=new URL(s.getAttribute(\"src\")),n=new URL(t.value),c.test(n.protocol))&&n.host===r.host&&l.activeElement===s&&(d.top.location.href=t.value))}},d.addEventListener(\"message\",d.wp.receiveEmbedMessage,!1),l.addEventListener(\"DOMContentLoaded\",function(){for(var e,t,s=l.querySelectorAll(\"iframe.wp-embedded-content\"),r=0;r<s.length;r++)(t=(e=s[r]).getAttribute(\"data-secret\"))||(t=Math.random().toString(36).substring(2,12),e.src+=\"#?secret=\"+t,e.setAttribute(\"data-secret\",t)),e.contentWindow.postMessage({message:\"ready\",secret:t},\"*\")},!1)))}(window,document);\n\/\/# sourceURL=https:\/\/kuzeyinsesi.org\/wp-includes\/js\/wp-embed.min.js\n\/* ]]> *\/\n<\/script>\n","thumbnail_url":"https:\/\/brtk.net\/wp-content\/uploads\/2025\/02\/15\/tKkiQK2o40GW45lBCMdLXQ.webp?ver=a1b06f73087bf4ffe7e92eb2c647974c","thumbnail_width":600,"thumbnail_height":341,"description":"Erzurum Paland\u00f6ken Da\u011f\u0131\u2019nda kayak\u00e7\u0131lara kapal\u0131 olan Yusufun Deresi mevkiinde \u00e7\u0131\u011f d\u00fc\u015ft\u00fc. Yaralanma ve can kayb\u0131n\u0131n olmad\u0131\u011f\u0131 b\u00f6lgede her ihtimale kar\u015f\u0131n alan taramas\u0131 yap\u0131l\u0131yor. Paland\u00f6ken Da\u011f\u0131\u2019nda \u201cYusufun Deresi\u201d mevkisi diye tabir edilen b\u00f6lgeden \u00e7\u0131\u011f d\u00fc\u015ft\u00fc. Yama\u00e7tan kopan \u00e7\u0131\u011f\u0131n bir k\u0131sm\u0131, kayak merkezinin kuzey pistindeki bir alana akt\u0131. Vali Mustafa \u00c7ift\u00e7i, Paland\u00f6ken Da\u011f\u0131\u2019ndaki Yusufun Deresi mevkisinde d\u00fc\u015fen [&hellip;]"}