{"version":"1.0","provider_name":"Kuzeyin Sesi","provider_url":"https:\/\/kuzeyinsesi.org","author_name":"Kuzeyin Sesi","author_url":"https:\/\/kuzeyinsesi.org\/index.php\/author\/guven\/","title":"Cumhurba\u015fkan\u0131 Tatar, sanat\u00e7\u0131 K\u0131ra\u00e7\u2019\u0131 kabul etti - Kuzeyin Sesi","type":"rich","width":600,"height":338,"html":"<blockquote class=\"wp-embedded-content\" data-secret=\"ijBG9KGwKb\"><a href=\"https:\/\/kuzeyinsesi.org\/index.php\/2025\/02\/13\/cumhurbaskani-tatar-sanatci-kiraci-kabul-etti\/\">Cumhurba\u015fkan\u0131 Tatar, sanat\u00e7\u0131 K\u0131ra\u00e7\u2019\u0131 kabul etti<\/a><\/blockquote><iframe sandbox=\"allow-scripts\" security=\"restricted\" src=\"https:\/\/kuzeyinsesi.org\/index.php\/2025\/02\/13\/cumhurbaskani-tatar-sanatci-kiraci-kabul-etti\/embed\/#?secret=ijBG9KGwKb\" width=\"600\" height=\"338\" title=\"&#8220;Cumhurba\u015fkan\u0131 Tatar, sanat\u00e7\u0131 K\u0131ra\u00e7\u2019\u0131 kabul etti&#8221; &#8212; Kuzeyin Sesi\" data-secret=\"ijBG9KGwKb\" frameborder=\"0\" marginwidth=\"0\" marginheight=\"0\" scrolling=\"no\" class=\"wp-embedded-content\"><\/iframe><script type=\"text\/javascript\">\n\/* <![CDATA[ *\/\n\/*! This file is auto-generated *\/\n!function(d,l){\"use strict\";l.querySelector&&d.addEventListener&&\"undefined\"!=typeof URL&&(d.wp=d.wp||{},d.wp.receiveEmbedMessage||(d.wp.receiveEmbedMessage=function(e){var t=e.data;if((t||t.secret||t.message||t.value)&&!\/[^a-zA-Z0-9]\/.test(t.secret)){for(var s,r,n,a=l.querySelectorAll('iframe[data-secret=\"'+t.secret+'\"]'),o=l.querySelectorAll('blockquote[data-secret=\"'+t.secret+'\"]'),c=new RegExp(\"^https?:$\",\"i\"),i=0;i<o.length;i++)o[i].style.display=\"none\";for(i=0;i<a.length;i++)s=a[i],e.source===s.contentWindow&&(s.removeAttribute(\"style\"),\"height\"===t.message?(1e3<(r=parseInt(t.value,10))?r=1e3:~~r<200&&(r=200),s.height=r):\"link\"===t.message&&(r=new URL(s.getAttribute(\"src\")),n=new URL(t.value),c.test(n.protocol))&&n.host===r.host&&l.activeElement===s&&(d.top.location.href=t.value))}},d.addEventListener(\"message\",d.wp.receiveEmbedMessage,!1),l.addEventListener(\"DOMContentLoaded\",function(){for(var e,t,s=l.querySelectorAll(\"iframe.wp-embedded-content\"),r=0;r<s.length;r++)(t=(e=s[r]).getAttribute(\"data-secret\"))||(t=Math.random().toString(36).substring(2,12),e.src+=\"#?secret=\"+t,e.setAttribute(\"data-secret\",t)),e.contentWindow.postMessage({message:\"ready\",secret:t},\"*\")},!1)))}(window,document);\n\/\/# sourceURL=https:\/\/kuzeyinsesi.org\/wp-includes\/js\/wp-embed.min.js\n\/* ]]> *\/\n<\/script>\n","thumbnail_url":"https:\/\/brtk.net\/wp-content\/uploads\/2025\/02\/13\/08080808.jpeg?ver=fb0ad0b2be055dc98c24040e8df45892","thumbnail_width":600,"thumbnail_height":400,"description":"Cumhurba\u015fkan\u0131 Ersin Tatar, sanat\u00e7\u0131 K\u0131ra\u00e7\u2019\u0131 kabul etti. Cumhurba\u015fkanl\u0131\u011f\u0131\u2019ndan yap\u0131lan a\u00e7\u0131klamaya g\u00f6re Tatar, K\u0131ra\u00e7\u2019\u0131n, T\u00fcrk gen\u00e7li\u011fine, m\u00fczik sanat\u00e7\u0131s\u0131 olarak yapt\u0131\u011f\u0131 katk\u0131lar\u0131 takdir etti\u011fini belirtti. K\u0131ra\u00e7\u2019\u0131, \u00fclkede g\u00f6rmekten memnuniyet duydu\u011funu ifade eden Tatar, sanat\u00e7\u0131ya \u00e7al\u0131\u015fmalar\u0131nda ba\u015far\u0131lar diledi. Kabulde, Tatl\u0131su Belediye Ba\u015fkan\u0131 Hayri Or\u00e7an da yer ald\u0131."}