{"version":"1.0","provider_name":"Kuzeyin Sesi","provider_url":"https:\/\/kuzeyinsesi.org","author_name":"Kuzeyin Sesi","author_url":"https:\/\/kuzeyinsesi.org\/index.php\/author\/guven\/","title":"Ege Denizi\u2019nde 4,8 ve 4,7 b\u00fcy\u00fckl\u00fc\u011f\u00fcnde deprem - Kuzeyin Sesi","type":"rich","width":600,"height":338,"html":"<blockquote class=\"wp-embedded-content\" data-secret=\"R60wPgzajA\"><a href=\"https:\/\/kuzeyinsesi.org\/index.php\/2025\/02\/12\/ege-denizinde-48-ve-47-buyuklugunde-deprem\/\">Ege Denizi\u2019nde 4,8 ve 4,7 b\u00fcy\u00fckl\u00fc\u011f\u00fcnde deprem<\/a><\/blockquote><iframe sandbox=\"allow-scripts\" security=\"restricted\" src=\"https:\/\/kuzeyinsesi.org\/index.php\/2025\/02\/12\/ege-denizinde-48-ve-47-buyuklugunde-deprem\/embed\/#?secret=R60wPgzajA\" width=\"600\" height=\"338\" title=\"&#8220;Ege Denizi\u2019nde 4,8 ve 4,7 b\u00fcy\u00fckl\u00fc\u011f\u00fcnde deprem&#8221; &#8212; Kuzeyin Sesi\" data-secret=\"R60wPgzajA\" frameborder=\"0\" marginwidth=\"0\" marginheight=\"0\" scrolling=\"no\" class=\"wp-embedded-content\"><\/iframe><script type=\"text\/javascript\">\n\/* <![CDATA[ *\/\n\/*! This file is auto-generated *\/\n!function(d,l){\"use strict\";l.querySelector&&d.addEventListener&&\"undefined\"!=typeof URL&&(d.wp=d.wp||{},d.wp.receiveEmbedMessage||(d.wp.receiveEmbedMessage=function(e){var t=e.data;if((t||t.secret||t.message||t.value)&&!\/[^a-zA-Z0-9]\/.test(t.secret)){for(var s,r,n,a=l.querySelectorAll('iframe[data-secret=\"'+t.secret+'\"]'),o=l.querySelectorAll('blockquote[data-secret=\"'+t.secret+'\"]'),c=new RegExp(\"^https?:$\",\"i\"),i=0;i<o.length;i++)o[i].style.display=\"none\";for(i=0;i<a.length;i++)s=a[i],e.source===s.contentWindow&&(s.removeAttribute(\"style\"),\"height\"===t.message?(1e3<(r=parseInt(t.value,10))?r=1e3:~~r<200&&(r=200),s.height=r):\"link\"===t.message&&(r=new URL(s.getAttribute(\"src\")),n=new URL(t.value),c.test(n.protocol))&&n.host===r.host&&l.activeElement===s&&(d.top.location.href=t.value))}},d.addEventListener(\"message\",d.wp.receiveEmbedMessage,!1),l.addEventListener(\"DOMContentLoaded\",function(){for(var e,t,s=l.querySelectorAll(\"iframe.wp-embedded-content\"),r=0;r<s.length;r++)(t=(e=s[r]).getAttribute(\"data-secret\"))||(t=Math.random().toString(36).substring(2,12),e.src+=\"#?secret=\"+t,e.setAttribute(\"data-secret\",t)),e.contentWindow.postMessage({message:\"ready\",secret:t},\"*\")},!1)))}(window,document);\n\/\/# sourceURL=https:\/\/kuzeyinsesi.org\/wp-includes\/js\/wp-embed.min.js\n\/* ]]> *\/\n<\/script>\n","thumbnail_url":"https:\/\/brtk.net\/wp-content\/uploads\/2025\/02\/12\/DEPREM.jpg?ver=1999b16b0152a068f0f788096e75c3b2","thumbnail_width":600,"thumbnail_height":338,"description":"Ege Denizi\u2019nde saat 12.14\u2019te 4,8 ve 12.20\u2019de 4,7 b\u00fcy\u00fckl\u00fc\u011f\u00fcnde depremler meydana geldi. Afet ve Acil Durum Y\u00f6netimi Ba\u015fkanl\u0131\u011f\u0131n\u0131n (AFAD) internet sitesinde yer alan bilgiye g\u00f6re, merkez \u00fcss\u00fc Ege Denizi olan 4,8 ve 4,7 b\u00fcy\u00fckl\u00fc\u011f\u00fcnde sars\u0131nt\u0131lar kaydedildi. S\u00f6z konusu depremlerin, 7 kilometre derinlikte meydana geldi\u011fi belirlendi."}