{"version":"1.0","provider_name":"Kuzeyin Sesi","provider_url":"https:\/\/kuzeyinsesi.org","author_name":"Kuzeyin Sesi","author_url":"https:\/\/kuzeyinsesi.org\/index.php\/author\/guven\/","title":"Ege denizindeki deprem f\u0131rt\u0131nas\u0131 s\u00fcr\u00fcyor - Kuzeyin Sesi","type":"rich","width":600,"height":338,"html":"<blockquote class=\"wp-embedded-content\" data-secret=\"QXCguuzb8j\"><a href=\"https:\/\/kuzeyinsesi.org\/index.php\/2025\/02\/06\/ege-denizindeki-deprem-firtinasi-suruyor\/\">Ege denizindeki deprem f\u0131rt\u0131nas\u0131 s\u00fcr\u00fcyor<\/a><\/blockquote><iframe sandbox=\"allow-scripts\" security=\"restricted\" src=\"https:\/\/kuzeyinsesi.org\/index.php\/2025\/02\/06\/ege-denizindeki-deprem-firtinasi-suruyor\/embed\/#?secret=QXCguuzb8j\" width=\"600\" height=\"338\" title=\"&#8220;Ege denizindeki deprem f\u0131rt\u0131nas\u0131 s\u00fcr\u00fcyor&#8221; &#8212; Kuzeyin Sesi\" data-secret=\"QXCguuzb8j\" frameborder=\"0\" marginwidth=\"0\" marginheight=\"0\" scrolling=\"no\" class=\"wp-embedded-content\"><\/iframe><script type=\"text\/javascript\">\n\/* <![CDATA[ *\/\n\/*! This file is auto-generated *\/\n!function(d,l){\"use strict\";l.querySelector&&d.addEventListener&&\"undefined\"!=typeof URL&&(d.wp=d.wp||{},d.wp.receiveEmbedMessage||(d.wp.receiveEmbedMessage=function(e){var t=e.data;if((t||t.secret||t.message||t.value)&&!\/[^a-zA-Z0-9]\/.test(t.secret)){for(var s,r,n,a=l.querySelectorAll('iframe[data-secret=\"'+t.secret+'\"]'),o=l.querySelectorAll('blockquote[data-secret=\"'+t.secret+'\"]'),c=new RegExp(\"^https?:$\",\"i\"),i=0;i<o.length;i++)o[i].style.display=\"none\";for(i=0;i<a.length;i++)s=a[i],e.source===s.contentWindow&&(s.removeAttribute(\"style\"),\"height\"===t.message?(1e3<(r=parseInt(t.value,10))?r=1e3:~~r<200&&(r=200),s.height=r):\"link\"===t.message&&(r=new URL(s.getAttribute(\"src\")),n=new URL(t.value),c.test(n.protocol))&&n.host===r.host&&l.activeElement===s&&(d.top.location.href=t.value))}},d.addEventListener(\"message\",d.wp.receiveEmbedMessage,!1),l.addEventListener(\"DOMContentLoaded\",function(){for(var e,t,s=l.querySelectorAll(\"iframe.wp-embedded-content\"),r=0;r<s.length;r++)(t=(e=s[r]).getAttribute(\"data-secret\"))||(t=Math.random().toString(36).substring(2,12),e.src+=\"#?secret=\"+t,e.setAttribute(\"data-secret\",t)),e.contentWindow.postMessage({message:\"ready\",secret:t},\"*\")},!1)))}(window,document);\n\/\/# sourceURL=https:\/\/kuzeyinsesi.org\/wp-includes\/js\/wp-embed.min.js\n\/* ]]> *\/\n<\/script>\n","thumbnail_url":"https:\/\/brtk.net\/wp-content\/uploads\/2025\/02\/06\/Ege-Denizi-nde-deprem-firtinasi-suruyor-353351_news_big.jpg?ver=c92da5f84015cc88618ee379d4848168","thumbnail_width":600,"thumbnail_height":366,"description":"Ege denizindeki deprem f\u0131rt\u0131nas\u0131 s\u00fcrerken depremlerin oda\u011f\u0131ndaki Yunanistan\u2019\u0131n Santorini, Amorgos ve Anafi adalar\u0131nda endi\u015feli bekleyi\u015f de devam ediyor. Sallant\u0131lar\u0131n volkanik bir patlamaya yol a\u00e7ma endi\u015fesi ya\u015fan\u0131yor. Ege Denizi\u2019nde sismik hareketlilik s\u00fcr\u00fcyor. T\u00fcrkiye Afet ve Acil Durum Y\u00f6netimi Ba\u015fkanl\u0131\u011f\u0131n\u0131n verilerine g\u00f6re, 28 Ocak\u2019tan bu yana Ege denizinde ya\u015fanan deprem say\u0131s\u0131 bine yakla\u015ft\u0131. D\u00fcn ak\u015fam saatlerinden bu [&hellip;]"}