{"version":"1.0","provider_name":"Kuzeyin Sesi","provider_url":"https:\/\/kuzeyinsesi.org","author_name":"Kuzeyin Sesi","author_url":"https:\/\/kuzeyinsesi.org\/index.php\/author\/guven\/","title":"Erdo\u011fan: Payla\u015f\u0131m platformlar\u0131na ya\u015f s\u0131n\u0131r\u0131 gelebilir - Kuzeyin Sesi","type":"rich","width":600,"height":338,"html":"<blockquote class=\"wp-embedded-content\" data-secret=\"lR8dZgzQp3\"><a href=\"https:\/\/kuzeyinsesi.org\/index.php\/2025\/02\/04\/erdogan-paylasim-platformlarina-yas-siniri-gelebilir\/\">Erdo\u011fan: Payla\u015f\u0131m platformlar\u0131na ya\u015f s\u0131n\u0131r\u0131 gelebilir<\/a><\/blockquote><iframe sandbox=\"allow-scripts\" security=\"restricted\" src=\"https:\/\/kuzeyinsesi.org\/index.php\/2025\/02\/04\/erdogan-paylasim-platformlarina-yas-siniri-gelebilir\/embed\/#?secret=lR8dZgzQp3\" width=\"600\" height=\"338\" title=\"&#8220;Erdo\u011fan: Payla\u015f\u0131m platformlar\u0131na ya\u015f s\u0131n\u0131r\u0131 gelebilir&#8221; &#8212; Kuzeyin Sesi\" data-secret=\"lR8dZgzQp3\" frameborder=\"0\" marginwidth=\"0\" marginheight=\"0\" scrolling=\"no\" class=\"wp-embedded-content\"><\/iframe><script type=\"text\/javascript\">\n\/* <![CDATA[ *\/\n\/*! This file is auto-generated *\/\n!function(d,l){\"use strict\";l.querySelector&&d.addEventListener&&\"undefined\"!=typeof URL&&(d.wp=d.wp||{},d.wp.receiveEmbedMessage||(d.wp.receiveEmbedMessage=function(e){var t=e.data;if((t||t.secret||t.message||t.value)&&!\/[^a-zA-Z0-9]\/.test(t.secret)){for(var s,r,n,a=l.querySelectorAll('iframe[data-secret=\"'+t.secret+'\"]'),o=l.querySelectorAll('blockquote[data-secret=\"'+t.secret+'\"]'),c=new RegExp(\"^https?:$\",\"i\"),i=0;i<o.length;i++)o[i].style.display=\"none\";for(i=0;i<a.length;i++)s=a[i],e.source===s.contentWindow&&(s.removeAttribute(\"style\"),\"height\"===t.message?(1e3<(r=parseInt(t.value,10))?r=1e3:~~r<200&&(r=200),s.height=r):\"link\"===t.message&&(r=new URL(s.getAttribute(\"src\")),n=new URL(t.value),c.test(n.protocol))&&n.host===r.host&&l.activeElement===s&&(d.top.location.href=t.value))}},d.addEventListener(\"message\",d.wp.receiveEmbedMessage,!1),l.addEventListener(\"DOMContentLoaded\",function(){for(var e,t,s=l.querySelectorAll(\"iframe.wp-embedded-content\"),r=0;r<s.length;r++)(t=(e=s[r]).getAttribute(\"data-secret\"))||(t=Math.random().toString(36).substring(2,12),e.src+=\"#?secret=\"+t,e.setAttribute(\"data-secret\",t)),e.contentWindow.postMessage({message:\"ready\",secret:t},\"*\")},!1)))}(window,document);\n\/\/# sourceURL=https:\/\/kuzeyinsesi.org\/wp-includes\/js\/wp-embed.min.js\n\/* ]]> *\/\n<\/script>\n","thumbnail_url":"https:\/\/brtk.net\/wp-content\/uploads\/2025\/02\/03\/1738583281926thumbs_b_c_a40581b85b6cec3477e0fc9cc4cce998.jpg?ver=a680a402c134373477e1b99b362c8609","thumbnail_width":600,"thumbnail_height":338,"description":"T\u00fcrkiye Cumhurba\u015fkan\u0131 Recep Tayyip Erdo\u011fan, \u201cGen\u00e7lerimizin hayat\u0131n\u0131 karartan zehir tacirlerine nefes ald\u0131rmayacak, hepsinin tepelerine binecek, bu al\u00e7aklar\u0131n yakas\u0131na yap\u0131\u015faca\u011f\u0131z. Toplumda veba gibi yay\u0131lan dijital ve ekran ba\u011f\u0131ml\u0131l\u0131\u011f\u0131 da g\u00fcndemimizin en \u00fcst s\u0131ras\u0131ndad\u0131r. Payla\u015f\u0131m platformlar\u0131n\u0131n daha s\u0131k\u0131 denetlenmesi ve kullan\u0131m\u0131na ya\u015f s\u0131n\u0131r\u0131 getirilmesi dahil \u00e7e\u015fitli d\u00fczenlemeleri de\u011ferlendiriyoruz.\u201d dedi. Erdo\u011fan, Esenyurt Recep Tayyip Erdo\u011fan E\u011fitim K\u00fclliyesi\u2019nin a\u00e7\u0131l\u0131\u015f [&hellip;]"}