{"version":"1.0","provider_name":"Kuzeyin Sesi","provider_url":"https:\/\/kuzeyinsesi.org","author_name":"Kuzeyin Sesi","author_url":"https:\/\/kuzeyinsesi.org\/index.php\/author\/guven\/","title":"TC D\u0131\u015fi\u015fleri\u2019nden BM\u2019ye K\u0131br\u0131s tepkisi - Kuzeyin Sesi","type":"rich","width":600,"height":338,"html":"<blockquote class=\"wp-embedded-content\" data-secret=\"ALIvc3vQ2z\"><a href=\"https:\/\/kuzeyinsesi.org\/index.php\/2025\/01\/31\/tc-disislerinden-bmye-kibris-tepkisi\/\">TC D\u0131\u015fi\u015fleri\u2019nden BM\u2019ye K\u0131br\u0131s tepkisi<\/a><\/blockquote><iframe sandbox=\"allow-scripts\" security=\"restricted\" src=\"https:\/\/kuzeyinsesi.org\/index.php\/2025\/01\/31\/tc-disislerinden-bmye-kibris-tepkisi\/embed\/#?secret=ALIvc3vQ2z\" width=\"600\" height=\"338\" title=\"&#8220;TC D\u0131\u015fi\u015fleri\u2019nden BM\u2019ye K\u0131br\u0131s tepkisi&#8221; &#8212; Kuzeyin Sesi\" data-secret=\"ALIvc3vQ2z\" frameborder=\"0\" marginwidth=\"0\" marginheight=\"0\" scrolling=\"no\" class=\"wp-embedded-content\"><\/iframe><script type=\"text\/javascript\">\n\/* <![CDATA[ *\/\n\/*! This file is auto-generated *\/\n!function(d,l){\"use strict\";l.querySelector&&d.addEventListener&&\"undefined\"!=typeof URL&&(d.wp=d.wp||{},d.wp.receiveEmbedMessage||(d.wp.receiveEmbedMessage=function(e){var t=e.data;if((t||t.secret||t.message||t.value)&&!\/[^a-zA-Z0-9]\/.test(t.secret)){for(var s,r,n,a=l.querySelectorAll('iframe[data-secret=\"'+t.secret+'\"]'),o=l.querySelectorAll('blockquote[data-secret=\"'+t.secret+'\"]'),c=new RegExp(\"^https?:$\",\"i\"),i=0;i<o.length;i++)o[i].style.display=\"none\";for(i=0;i<a.length;i++)s=a[i],e.source===s.contentWindow&&(s.removeAttribute(\"style\"),\"height\"===t.message?(1e3<(r=parseInt(t.value,10))?r=1e3:~~r<200&&(r=200),s.height=r):\"link\"===t.message&&(r=new URL(s.getAttribute(\"src\")),n=new URL(t.value),c.test(n.protocol))&&n.host===r.host&&l.activeElement===s&&(d.top.location.href=t.value))}},d.addEventListener(\"message\",d.wp.receiveEmbedMessage,!1),l.addEventListener(\"DOMContentLoaded\",function(){for(var e,t,s=l.querySelectorAll(\"iframe.wp-embedded-content\"),r=0;r<s.length;r++)(t=(e=s[r]).getAttribute(\"data-secret\"))||(t=Math.random().toString(36).substring(2,12),e.src+=\"#?secret=\"+t,e.setAttribute(\"data-secret\",t)),e.contentWindow.postMessage({message:\"ready\",secret:t},\"*\")},!1)))}(window,document);\n\/\/# sourceURL=https:\/\/kuzeyinsesi.org\/wp-includes\/js\/wp-embed.min.js\n\/* ]]> *\/\n<\/script>\n","thumbnail_url":"https:\/\/brtk.net\/wp-content\/uploads\/2024\/09\/12\/tc-dis-2.jpg?ver=2f89af2e12acbc2e8ec793bc6dd0e8c4","thumbnail_width":600,"thumbnail_height":300,"description":"Birle\u015fmi\u015f Milletler Bar\u0131\u015f G\u00fcc\u00fc, K\u0131br\u0131s\u2019taki g\u00f6rev s\u00fcresini 1 y\u0131l daha uzatt\u0131. TC D\u0131\u015fi\u015fleri Bakanl\u0131\u011f\u0131, s\u00f6z konusu karara ili\u015fkin K\u0131br\u0131s T\u00fcrk taraf\u0131n\u0131n onay\u0131n\u0131n al\u0131nmamas\u0131na tepki g\u00f6sterdi. BM G\u00fcvenlik Konseyi\u2019ne, K\u0131br\u0131s T\u00fcrk halk\u0131n\u0131n egemen e\u015fitli\u011finin kabul edilmesi \u00e7a\u011fr\u0131s\u0131 yap\u0131ld\u0131. TC D\u0131\u015fi\u015fleri Bakanl\u0131\u011f\u0131\u2019ndan yap\u0131lan a\u00e7\u0131klamada, BM Bar\u0131\u015f G\u00fcc\u00fc\u2019n\u00fcn K\u0131br\u0131s\u2019ta g\u00f6rev s\u00fcresini uzatmas\u0131na ili\u015fkin Kuzey K\u0131br\u0131s T\u00fcrk Cumhuriyeti D\u0131\u015fi\u015fleri [&hellip;]"}