{"version":"1.0","provider_name":"Kuzeyin Sesi","provider_url":"https:\/\/kuzeyinsesi.org","author_name":"Kuzeyin Sesi","author_url":"https:\/\/kuzeyinsesi.org\/index.php\/author\/guven\/","title":"Tatar ve Y\u0131lmaz Cumhurba\u015fkanl\u0131\u011f\u0131\u2019nda g\u00f6r\u00fc\u015ft\u00fc - Kuzeyin Sesi","type":"rich","width":600,"height":338,"html":"<blockquote class=\"wp-embedded-content\" data-secret=\"rn6tBXtZV5\"><a href=\"https:\/\/kuzeyinsesi.org\/index.php\/2025\/01\/29\/tatar-ve-yilmaz-cumhurbaskanliginda-gorustu\/\">Tatar ve Y\u0131lmaz Cumhurba\u015fkanl\u0131\u011f\u0131\u2019nda g\u00f6r\u00fc\u015ft\u00fc<\/a><\/blockquote><iframe sandbox=\"allow-scripts\" security=\"restricted\" src=\"https:\/\/kuzeyinsesi.org\/index.php\/2025\/01\/29\/tatar-ve-yilmaz-cumhurbaskanliginda-gorustu\/embed\/#?secret=rn6tBXtZV5\" width=\"600\" height=\"338\" title=\"&#8220;Tatar ve Y\u0131lmaz Cumhurba\u015fkanl\u0131\u011f\u0131\u2019nda g\u00f6r\u00fc\u015ft\u00fc&#8221; &#8212; Kuzeyin Sesi\" data-secret=\"rn6tBXtZV5\" frameborder=\"0\" marginwidth=\"0\" marginheight=\"0\" scrolling=\"no\" class=\"wp-embedded-content\"><\/iframe><script type=\"text\/javascript\">\n\/* <![CDATA[ *\/\n\/*! This file is auto-generated *\/\n!function(d,l){\"use strict\";l.querySelector&&d.addEventListener&&\"undefined\"!=typeof URL&&(d.wp=d.wp||{},d.wp.receiveEmbedMessage||(d.wp.receiveEmbedMessage=function(e){var t=e.data;if((t||t.secret||t.message||t.value)&&!\/[^a-zA-Z0-9]\/.test(t.secret)){for(var s,r,n,a=l.querySelectorAll('iframe[data-secret=\"'+t.secret+'\"]'),o=l.querySelectorAll('blockquote[data-secret=\"'+t.secret+'\"]'),c=new RegExp(\"^https?:$\",\"i\"),i=0;i<o.length;i++)o[i].style.display=\"none\";for(i=0;i<a.length;i++)s=a[i],e.source===s.contentWindow&&(s.removeAttribute(\"style\"),\"height\"===t.message?(1e3<(r=parseInt(t.value,10))?r=1e3:~~r<200&&(r=200),s.height=r):\"link\"===t.message&&(r=new URL(s.getAttribute(\"src\")),n=new URL(t.value),c.test(n.protocol))&&n.host===r.host&&l.activeElement===s&&(d.top.location.href=t.value))}},d.addEventListener(\"message\",d.wp.receiveEmbedMessage,!1),l.addEventListener(\"DOMContentLoaded\",function(){for(var e,t,s=l.querySelectorAll(\"iframe.wp-embedded-content\"),r=0;r<s.length;r++)(t=(e=s[r]).getAttribute(\"data-secret\"))||(t=Math.random().toString(36).substring(2,12),e.src+=\"#?secret=\"+t,e.setAttribute(\"data-secret\",t)),e.contentWindow.postMessage({message:\"ready\",secret:t},\"*\")},!1)))}(window,document);\n\/\/# sourceURL=https:\/\/kuzeyinsesi.org\/wp-includes\/js\/wp-embed.min.js\n\/* ]]> *\/\n<\/script>\n","thumbnail_url":"https:\/\/brtk.net\/wp-content\/uploads\/2025\/01\/29\/1738170798259-tatar-yilmaz-gorusme-9.jpg?ver=55dea5108521487b2f296361ec49d21f","thumbnail_width":600,"thumbnail_height":400,"description":"Cumhurba\u015fkan\u0131 Ersin Tatar, TC Cumhurba\u015fkan\u0131 Yard\u0131mc\u0131s\u0131 Cevdet Y\u0131lmaz ile g\u00f6r\u00fc\u015ft\u00fc. KKTC\u2019de g\u00fcn\u00fcbirlik resmi temaslarda bulunan TC Cumhurba\u015fkan\u0131 Yard\u0131mc\u0131s\u0131 Cevdet Y\u0131lmaz, Cumhurba\u015fkanl\u0131\u011f\u0131\u2019na geli\u015finde \u00f6nce Cumhurba\u015fkan\u0131 Tatar ile ortak bas\u0131n a\u00e7\u0131klamas\u0131 yapt\u0131. Tatar ve Y\u0131lmaz ard\u0131ndan ba\u015f ba\u015fa g\u00f6r\u00fc\u015fme ger\u00e7ekle\u015ftirdi."}