{"version":"1.0","provider_name":"Kuzeyin Sesi","provider_url":"https:\/\/kuzeyinsesi.org","author_name":"Kuzeyin Sesi","author_url":"https:\/\/kuzeyinsesi.org\/index.php\/author\/guven\/","title":"\u201c\u015ei\u015fedeki Bellek: K\u0131br\u0131sl\u0131 T\u00fcrk Gazoz Tarihi\u201d tan\u0131t\u0131ld\u0131 - Kuzeyin Sesi","type":"rich","width":600,"height":338,"html":"<blockquote class=\"wp-embedded-content\" data-secret=\"P9jDGZx3GZ\"><a href=\"https:\/\/kuzeyinsesi.org\/index.php\/2025\/01\/26\/sisedeki-bellek-kibrisli-turk-gazoz-tarihi-tanitildi\/\">\u201c\u015ei\u015fedeki Bellek: K\u0131br\u0131sl\u0131 T\u00fcrk Gazoz Tarihi\u201d tan\u0131t\u0131ld\u0131<\/a><\/blockquote><iframe sandbox=\"allow-scripts\" security=\"restricted\" src=\"https:\/\/kuzeyinsesi.org\/index.php\/2025\/01\/26\/sisedeki-bellek-kibrisli-turk-gazoz-tarihi-tanitildi\/embed\/#?secret=P9jDGZx3GZ\" width=\"600\" height=\"338\" title=\"&#8220;\u201c\u015ei\u015fedeki Bellek: K\u0131br\u0131sl\u0131 T\u00fcrk Gazoz Tarihi\u201d tan\u0131t\u0131ld\u0131&#8221; &#8212; Kuzeyin Sesi\" data-secret=\"P9jDGZx3GZ\" frameborder=\"0\" marginwidth=\"0\" marginheight=\"0\" scrolling=\"no\" class=\"wp-embedded-content\"><\/iframe><script type=\"text\/javascript\">\n\/* <![CDATA[ *\/\n\/*! This file is auto-generated *\/\n!function(d,l){\"use strict\";l.querySelector&&d.addEventListener&&\"undefined\"!=typeof URL&&(d.wp=d.wp||{},d.wp.receiveEmbedMessage||(d.wp.receiveEmbedMessage=function(e){var t=e.data;if((t||t.secret||t.message||t.value)&&!\/[^a-zA-Z0-9]\/.test(t.secret)){for(var s,r,n,a=l.querySelectorAll('iframe[data-secret=\"'+t.secret+'\"]'),o=l.querySelectorAll('blockquote[data-secret=\"'+t.secret+'\"]'),c=new RegExp(\"^https?:$\",\"i\"),i=0;i<o.length;i++)o[i].style.display=\"none\";for(i=0;i<a.length;i++)s=a[i],e.source===s.contentWindow&&(s.removeAttribute(\"style\"),\"height\"===t.message?(1e3<(r=parseInt(t.value,10))?r=1e3:~~r<200&&(r=200),s.height=r):\"link\"===t.message&&(r=new URL(s.getAttribute(\"src\")),n=new URL(t.value),c.test(n.protocol))&&n.host===r.host&&l.activeElement===s&&(d.top.location.href=t.value))}},d.addEventListener(\"message\",d.wp.receiveEmbedMessage,!1),l.addEventListener(\"DOMContentLoaded\",function(){for(var e,t,s=l.querySelectorAll(\"iframe.wp-embedded-content\"),r=0;r<s.length;r++)(t=(e=s[r]).getAttribute(\"data-secret\"))||(t=Math.random().toString(36).substring(2,12),e.src+=\"#?secret=\"+t,e.setAttribute(\"data-secret\",t)),e.contentWindow.postMessage({message:\"ready\",secret:t},\"*\")},!1)))}(window,document);\n\/\/# sourceURL=https:\/\/kuzeyinsesi.org\/wp-includes\/js\/wp-embed.min.js\n\/* ]]> *\/\n<\/script>\n","thumbnail_url":"https:\/\/brtk.net\/wp-content\/uploads\/2025\/01\/26\/17378772840356FB01019-C789-44CB-9242-D8E61FECD07A-scaled.jpeg?ver=7f2da7adb7d94164ca338aa0caf0f6b1","thumbnail_width":600,"thumbnail_height":450,"description":"Prof. Dr. Senih \u00c7avu\u015fo\u011flu\u2019nun K\u0131br\u0131sl\u0131 T\u00fcrklerin yerli gazoz \u00fcretimine dair kapsaml\u0131 ara\u015ft\u0131rmas\u0131n\u0131n \u00fcr\u00fcn\u00fc olan \u201c\u015ei\u015fedeki Bellek: K\u0131br\u0131sl\u0131t\u00fcrk Gazoz Tarihi\u201d kitab\u0131n\u0131n tan\u0131t\u0131m\u0131, d\u00fcn R\u00fcstem Kitabevi\u2019nde yap\u0131ld\u0131. Etkinlikte siyasiler, baz\u0131 parti ba\u015fkanlar\u0131, milletvekilleri ve sanat\u00e7\u0131lar da yer ald\u0131. Prof. Dr. \u00c7avu\u015fo\u011flu, etkinlikte kitaba dair bir sunu\u015f yapt\u0131 ve okuyucular i\u00e7in kitaplar\u0131n\u0131 imzalad\u0131. Kitap tan\u0131t\u0131m\u0131nda \u00c7avu\u015fo\u011flu\u2019na, kitab\u0131n haz\u0131rlanmas\u0131na [&hellip;]"}