{"version":"1.0","provider_name":"Kuzeyin Sesi","provider_url":"https:\/\/kuzeyinsesi.org","author_name":"Kuzeyin Sesi","author_url":"https:\/\/kuzeyinsesi.org\/index.php\/author\/guven\/","title":"Gazeteci Deniz Arman, son yolculu\u011funa u\u011furland\u0131 - Kuzeyin Sesi","type":"rich","width":600,"height":338,"html":"<blockquote class=\"wp-embedded-content\" data-secret=\"0DWEsW1Wzn\"><a href=\"https:\/\/kuzeyinsesi.org\/index.php\/2025\/01\/25\/gazeteci-deniz-arman-son-yolculuguna-ugurlandi\/\">Gazeteci Deniz Arman, son yolculu\u011funa u\u011furland\u0131<\/a><\/blockquote><iframe sandbox=\"allow-scripts\" security=\"restricted\" src=\"https:\/\/kuzeyinsesi.org\/index.php\/2025\/01\/25\/gazeteci-deniz-arman-son-yolculuguna-ugurlandi\/embed\/#?secret=0DWEsW1Wzn\" width=\"600\" height=\"338\" title=\"&#8220;Gazeteci Deniz Arman, son yolculu\u011funa u\u011furland\u0131&#8221; &#8212; Kuzeyin Sesi\" data-secret=\"0DWEsW1Wzn\" frameborder=\"0\" marginwidth=\"0\" marginheight=\"0\" scrolling=\"no\" class=\"wp-embedded-content\"><\/iframe><script type=\"text\/javascript\">\n\/* <![CDATA[ *\/\n\/*! This file is auto-generated *\/\n!function(d,l){\"use strict\";l.querySelector&&d.addEventListener&&\"undefined\"!=typeof URL&&(d.wp=d.wp||{},d.wp.receiveEmbedMessage||(d.wp.receiveEmbedMessage=function(e){var t=e.data;if((t||t.secret||t.message||t.value)&&!\/[^a-zA-Z0-9]\/.test(t.secret)){for(var s,r,n,a=l.querySelectorAll('iframe[data-secret=\"'+t.secret+'\"]'),o=l.querySelectorAll('blockquote[data-secret=\"'+t.secret+'\"]'),c=new RegExp(\"^https?:$\",\"i\"),i=0;i<o.length;i++)o[i].style.display=\"none\";for(i=0;i<a.length;i++)s=a[i],e.source===s.contentWindow&&(s.removeAttribute(\"style\"),\"height\"===t.message?(1e3<(r=parseInt(t.value,10))?r=1e3:~~r<200&&(r=200),s.height=r):\"link\"===t.message&&(r=new URL(s.getAttribute(\"src\")),n=new URL(t.value),c.test(n.protocol))&&n.host===r.host&&l.activeElement===s&&(d.top.location.href=t.value))}},d.addEventListener(\"message\",d.wp.receiveEmbedMessage,!1),l.addEventListener(\"DOMContentLoaded\",function(){for(var e,t,s=l.querySelectorAll(\"iframe.wp-embedded-content\"),r=0;r<s.length;r++)(t=(e=s[r]).getAttribute(\"data-secret\"))||(t=Math.random().toString(36).substring(2,12),e.src+=\"#?secret=\"+t,e.setAttribute(\"data-secret\",t)),e.contentWindow.postMessage({message:\"ready\",secret:t},\"*\")},!1)))}(window,document);\n\/\/# sourceURL=https:\/\/kuzeyinsesi.org\/wp-includes\/js\/wp-embed.min.js\n\/* ]]> *\/\n<\/script>\n","thumbnail_url":"https:\/\/brtk.net\/wp-content\/uploads\/2025\/01\/25\/1737808762168whatsapp-image-2025-01-25-at-152741-1.webp?ver=faace6ce82b3ecc491d78bb1c94cff07","thumbnail_width":600,"thumbnail_height":338,"description":"\u0130stanbul\u2019da vefat eden gazeteci Deniz Arman\u2019\u0131n cenazesi topra\u011fa verildi. Tedavi g\u00f6rd\u00fc\u011f\u00fc hastanede 64 ya\u015f\u0131nda hayat\u0131n\u0131 kaybeden Arman i\u00e7in Be\u015fikta\u015f\u2019taki Vi\u015fnezade Camisi\u2019nde cenaze t\u00f6reni d\u00fczenlendi. Arman\u2019\u0131n o\u011flu Volga Arman, eski e\u015fi Bercis G\u00fclerman ve yak\u0131nlar\u0131, burada taziyeleri kabul etti. Deniz Arman\u2019\u0131n tabutunun \u00fczerine Be\u015fikta\u015f atk\u0131s\u0131 ve bayra\u011f\u0131 serildi. Cenaze t\u00f6renine, Arman\u2019\u0131n meslekta\u015flar\u0131 da kat\u0131ld\u0131. Babas\u0131 i\u00e7in [&hellip;]"}