{"version":"1.0","provider_name":"Kuzeyin Sesi","provider_url":"https:\/\/kuzeyinsesi.org","author_name":"Kuzeyin Sesi","author_url":"https:\/\/kuzeyinsesi.org\/index.php\/author\/guven\/","title":"T\u00dcRKSOY\u2019dan Ankara\u2019da Kamran Aziz\u2019i anma program\u0131 - Kuzeyin Sesi","type":"rich","width":600,"height":338,"html":"<blockquote class=\"wp-embedded-content\" data-secret=\"UkdJ5hpqYC\"><a href=\"https:\/\/kuzeyinsesi.org\/index.php\/2025\/01\/24\/turksoydan-ankarada-kamran-azizi-anma-programi\/\">T\u00dcRKSOY\u2019dan Ankara\u2019da Kamran Aziz\u2019i anma program\u0131<\/a><\/blockquote><iframe sandbox=\"allow-scripts\" security=\"restricted\" src=\"https:\/\/kuzeyinsesi.org\/index.php\/2025\/01\/24\/turksoydan-ankarada-kamran-azizi-anma-programi\/embed\/#?secret=UkdJ5hpqYC\" width=\"600\" height=\"338\" title=\"&#8220;T\u00dcRKSOY\u2019dan Ankara\u2019da Kamran Aziz\u2019i anma program\u0131&#8221; &#8212; Kuzeyin Sesi\" data-secret=\"UkdJ5hpqYC\" frameborder=\"0\" marginwidth=\"0\" marginheight=\"0\" scrolling=\"no\" class=\"wp-embedded-content\"><\/iframe><script type=\"text\/javascript\">\n\/* <![CDATA[ *\/\n\/*! This file is auto-generated *\/\n!function(d,l){\"use strict\";l.querySelector&&d.addEventListener&&\"undefined\"!=typeof URL&&(d.wp=d.wp||{},d.wp.receiveEmbedMessage||(d.wp.receiveEmbedMessage=function(e){var t=e.data;if((t||t.secret||t.message||t.value)&&!\/[^a-zA-Z0-9]\/.test(t.secret)){for(var s,r,n,a=l.querySelectorAll('iframe[data-secret=\"'+t.secret+'\"]'),o=l.querySelectorAll('blockquote[data-secret=\"'+t.secret+'\"]'),c=new RegExp(\"^https?:$\",\"i\"),i=0;i<o.length;i++)o[i].style.display=\"none\";for(i=0;i<a.length;i++)s=a[i],e.source===s.contentWindow&&(s.removeAttribute(\"style\"),\"height\"===t.message?(1e3<(r=parseInt(t.value,10))?r=1e3:~~r<200&&(r=200),s.height=r):\"link\"===t.message&&(r=new URL(s.getAttribute(\"src\")),n=new URL(t.value),c.test(n.protocol))&&n.host===r.host&&l.activeElement===s&&(d.top.location.href=t.value))}},d.addEventListener(\"message\",d.wp.receiveEmbedMessage,!1),l.addEventListener(\"DOMContentLoaded\",function(){for(var e,t,s=l.querySelectorAll(\"iframe.wp-embedded-content\"),r=0;r<s.length;r++)(t=(e=s[r]).getAttribute(\"data-secret\"))||(t=Math.random().toString(36).substring(2,12),e.src+=\"#?secret=\"+t,e.setAttribute(\"data-secret\",t)),e.contentWindow.postMessage({message:\"ready\",secret:t},\"*\")},!1)))}(window,document);\n\/\/# sourceURL=https:\/\/kuzeyinsesi.org\/wp-includes\/js\/wp-embed.min.js\n\/* ]]> *\/\n<\/script>\n","thumbnail_url":"https:\/\/brtk.net\/wp-content\/uploads\/2025\/01\/24\/KULTUR-DAIRESI-KAMRAN-AZIZ.jpg?ver=88dde1a04198f8589e5f7666dd4d271d","thumbnail_width":600,"thumbnail_height":370,"description":"Uluslararas\u0131 T\u00fcrk K\u00fclt\u00fcr\u00fc Te\u015fkilat\u0131 T\u00dcRKSOY, 29 Ocak\u2019ta Ankara\u2019da Kamran Aziz\u2019i anma program\u0131 d\u00fczenliyor. Uluslararas\u0131 T\u00fcrk K\u00fclt\u00fcr\u00fc Te\u015fkilat\u0131 T\u00dcRKSOY, T\u00dcRKSOY Daimi Konseyi\u2019nin Azerbaycan\u2019\u0131n \u015eu\u015fa \u015fehrinde d\u00fczenlenen 40. toplant\u0131s\u0131nda Ba\u015fbakan Yard\u0131mc\u0131s\u0131 Turizm K\u00fclt\u00fcr Gen\u00e7lik ve \u00c7evre Bakan\u0131 Fikri Atao\u011flu\u2019nun \u00f6nerisi do\u011frultusunda ald\u0131\u011f\u0131 karara istinaden, K\u0131br\u0131s halk m\u00fczi\u011finin \u00e7a\u011fda\u015f \u00f6nc\u00fclerinden besteci ve s\u00f6z yazar\u0131 Kamran Aziz\u2019i anma etkinli\u011fi [&hellip;]"}