{"version":"1.0","provider_name":"Kuzeyin Sesi","provider_url":"https:\/\/kuzeyinsesi.org","author_name":"Kuzeyin Sesi","author_url":"https:\/\/kuzeyinsesi.org\/index.php\/author\/guven\/","title":"\u201cK\u0131rm\u0131z\u0131\u201d adl\u0131 karma sergi 31 Ocak\u2019a kadar uzat\u0131ld\u0131 - Kuzeyin Sesi","type":"rich","width":600,"height":338,"html":"<blockquote class=\"wp-embedded-content\" data-secret=\"0X81QPdb1p\"><a href=\"https:\/\/kuzeyinsesi.org\/index.php\/2025\/01\/24\/kirmizi-adli-karma-sergi-31-ocaka-kadar-uzatildi\/\">\u201cK\u0131rm\u0131z\u0131\u201d adl\u0131 karma sergi 31 Ocak\u2019a kadar uzat\u0131ld\u0131<\/a><\/blockquote><iframe sandbox=\"allow-scripts\" security=\"restricted\" src=\"https:\/\/kuzeyinsesi.org\/index.php\/2025\/01\/24\/kirmizi-adli-karma-sergi-31-ocaka-kadar-uzatildi\/embed\/#?secret=0X81QPdb1p\" width=\"600\" height=\"338\" title=\"&#8220;\u201cK\u0131rm\u0131z\u0131\u201d adl\u0131 karma sergi 31 Ocak\u2019a kadar uzat\u0131ld\u0131&#8221; &#8212; Kuzeyin Sesi\" data-secret=\"0X81QPdb1p\" frameborder=\"0\" marginwidth=\"0\" marginheight=\"0\" scrolling=\"no\" class=\"wp-embedded-content\"><\/iframe><script type=\"text\/javascript\">\n\/* <![CDATA[ *\/\n\/*! This file is auto-generated *\/\n!function(d,l){\"use strict\";l.querySelector&&d.addEventListener&&\"undefined\"!=typeof URL&&(d.wp=d.wp||{},d.wp.receiveEmbedMessage||(d.wp.receiveEmbedMessage=function(e){var t=e.data;if((t||t.secret||t.message||t.value)&&!\/[^a-zA-Z0-9]\/.test(t.secret)){for(var s,r,n,a=l.querySelectorAll('iframe[data-secret=\"'+t.secret+'\"]'),o=l.querySelectorAll('blockquote[data-secret=\"'+t.secret+'\"]'),c=new RegExp(\"^https?:$\",\"i\"),i=0;i<o.length;i++)o[i].style.display=\"none\";for(i=0;i<a.length;i++)s=a[i],e.source===s.contentWindow&&(s.removeAttribute(\"style\"),\"height\"===t.message?(1e3<(r=parseInt(t.value,10))?r=1e3:~~r<200&&(r=200),s.height=r):\"link\"===t.message&&(r=new URL(s.getAttribute(\"src\")),n=new URL(t.value),c.test(n.protocol))&&n.host===r.host&&l.activeElement===s&&(d.top.location.href=t.value))}},d.addEventListener(\"message\",d.wp.receiveEmbedMessage,!1),l.addEventListener(\"DOMContentLoaded\",function(){for(var e,t,s=l.querySelectorAll(\"iframe.wp-embedded-content\"),r=0;r<s.length;r++)(t=(e=s[r]).getAttribute(\"data-secret\"))||(t=Math.random().toString(36).substring(2,12),e.src+=\"#?secret=\"+t,e.setAttribute(\"data-secret\",t)),e.contentWindow.postMessage({message:\"ready\",secret:t},\"*\")},!1)))}(window,document);\n\/\/# sourceURL=https:\/\/kuzeyinsesi.org\/wp-includes\/js\/wp-embed.min.js\n\/* ]]> *\/\n<\/script>\n","thumbnail_url":"https:\/\/brtk.net\/wp-content\/uploads\/2025\/01\/24\/1737715064119ayhatun-sergi-1.jpeg?ver=91fad734b05a8856b54bc9fc93460893","thumbnail_width":600,"thumbnail_height":265,"description":"Mevhibe &amp; Mustafa Ba\u015fman Vakf\u0131 sponsorlu\u011funda, Ayhatun Ate\u015fin k\u00fcrat\u00f6rl\u00fc\u011f\u00fcndeki \u201cK\u0131rm\u0131z\u0131\u201d konseptli uluslararas\u0131 karma sergi 31 Ocak\u2019a kadar uzat\u0131ld\u0131. Verilen bilgiye g\u00f6re, Bayrak Radyo Televizyon Kurumu (BRTK) ev sahipli\u011findeki sergide, Ezgi Yemenicio\u011flu Negir, G\u00fcliz Baydemir Katkar, Umut Germe\u00e7, Mine Okur, G\u00f6khan Okur, Erdal Aygen\u00e7, Raif K\u0131z\u0131l, Rana Amrahova, Nurseren Tor, Kemal Beh\u00e7et Caymaz, Mustafa Bat\u0131beniz, Mete [&hellip;]"}