{"version":"1.0","provider_name":"Kuzeyin Sesi","provider_url":"https:\/\/kuzeyinsesi.org","author_name":"Kuzeyin Sesi","author_url":"https:\/\/kuzeyinsesi.org\/index.php\/author\/guven\/","title":"Ada I\u015f\u0131\u011f\u0131 Korolar\u0131 Bursa yolcusu - Kuzeyin Sesi","type":"rich","width":600,"height":338,"html":"<blockquote class=\"wp-embedded-content\" data-secret=\"DhskSkxGRp\"><a href=\"https:\/\/kuzeyinsesi.org\/index.php\/2025\/01\/24\/ada-isigi-korolari-bursa-yolcusu\/\">Ada I\u015f\u0131\u011f\u0131 Korolar\u0131 Bursa yolcusu<\/a><\/blockquote><iframe sandbox=\"allow-scripts\" security=\"restricted\" src=\"https:\/\/kuzeyinsesi.org\/index.php\/2025\/01\/24\/ada-isigi-korolari-bursa-yolcusu\/embed\/#?secret=DhskSkxGRp\" width=\"600\" height=\"338\" title=\"&#8220;Ada I\u015f\u0131\u011f\u0131 Korolar\u0131 Bursa yolcusu&#8221; &#8212; Kuzeyin Sesi\" data-secret=\"DhskSkxGRp\" frameborder=\"0\" marginwidth=\"0\" marginheight=\"0\" scrolling=\"no\" class=\"wp-embedded-content\"><\/iframe><script type=\"text\/javascript\">\n\/* <![CDATA[ *\/\n\/*! This file is auto-generated *\/\n!function(d,l){\"use strict\";l.querySelector&&d.addEventListener&&\"undefined\"!=typeof URL&&(d.wp=d.wp||{},d.wp.receiveEmbedMessage||(d.wp.receiveEmbedMessage=function(e){var t=e.data;if((t||t.secret||t.message||t.value)&&!\/[^a-zA-Z0-9]\/.test(t.secret)){for(var s,r,n,a=l.querySelectorAll('iframe[data-secret=\"'+t.secret+'\"]'),o=l.querySelectorAll('blockquote[data-secret=\"'+t.secret+'\"]'),c=new RegExp(\"^https?:$\",\"i\"),i=0;i<o.length;i++)o[i].style.display=\"none\";for(i=0;i<a.length;i++)s=a[i],e.source===s.contentWindow&&(s.removeAttribute(\"style\"),\"height\"===t.message?(1e3<(r=parseInt(t.value,10))?r=1e3:~~r<200&&(r=200),s.height=r):\"link\"===t.message&&(r=new URL(s.getAttribute(\"src\")),n=new URL(t.value),c.test(n.protocol))&&n.host===r.host&&l.activeElement===s&&(d.top.location.href=t.value))}},d.addEventListener(\"message\",d.wp.receiveEmbedMessage,!1),l.addEventListener(\"DOMContentLoaded\",function(){for(var e,t,s=l.querySelectorAll(\"iframe.wp-embedded-content\"),r=0;r<s.length;r++)(t=(e=s[r]).getAttribute(\"data-secret\"))||(t=Math.random().toString(36).substring(2,12),e.src+=\"#?secret=\"+t,e.setAttribute(\"data-secret\",t)),e.contentWindow.postMessage({message:\"ready\",secret:t},\"*\")},!1)))}(window,document);\n\/\/# sourceURL=https:\/\/kuzeyinsesi.org\/wp-includes\/js\/wp-embed.min.js\n\/* ]]> *\/\n<\/script>\n","thumbnail_url":"https:\/\/brtk.net\/wp-content\/uploads\/2025\/01\/24\/ADA-ISIGI-KOROLARI2.jpg?ver=bdb35f1ff9cc9d464a14c4b51717c0a9","thumbnail_width":600,"thumbnail_height":265,"description":"Sonare \u00c7oksesli Korolar Derne\u011fi b\u00fcnyesinde \u00e7al\u0131\u015fmalar\u0131n\u0131 s\u00fcrd\u00fcren Ada I\u015f\u0131\u011f\u0131 \u00c7ocuk Korosu ve Ada I\u015f\u0131\u011f\u0131 Gen\u00e7lik Vokal Toplulu\u011fu, 29 Ocak-2 \u015eubat tarihlerinde Bursa\u2019da Nil\u00fcfer \u00c7ocuk ve Gen\u00e7lik Korolar\u0131\u2019n\u0131n davetlisi olarak at\u00f6lye \u00e7al\u0131\u015fmalar\u0131 yapacak ve konser verecek. Antakya\u2019dan APKORD \u00e7ocuk ve gen\u00e7lik korolar\u0131n\u0131n da kat\u0131laca\u011f\u0131 etkinlikte, y\u00fczlerce korist biraraya gelecek. Ge\u00e7ti\u011fimiz y\u0131l Ada I\u015f\u0131\u011f\u0131 \u00c7ocuk ve Gen\u00e7lik [&hellip;]"}