{"version":"1.0","provider_name":"Kuzeyin Sesi","provider_url":"https:\/\/kuzeyinsesi.org","author_name":"Kuzeyin Sesi","author_url":"https:\/\/kuzeyinsesi.org\/index.php\/author\/guven\/","title":"Narin G\u00fcran davas\u0131nda gerek\u00e7eli karar a\u00e7\u0131kland\u0131 - Kuzeyin Sesi","type":"rich","width":600,"height":338,"html":"<blockquote class=\"wp-embedded-content\" data-secret=\"PhmPNiQP3L\"><a href=\"https:\/\/kuzeyinsesi.org\/index.php\/2025\/01\/23\/narin-guran-davasinda-gerekceli-karar-aciklandi\/\">Narin G\u00fcran davas\u0131nda gerek\u00e7eli karar a\u00e7\u0131kland\u0131<\/a><\/blockquote><iframe sandbox=\"allow-scripts\" security=\"restricted\" src=\"https:\/\/kuzeyinsesi.org\/index.php\/2025\/01\/23\/narin-guran-davasinda-gerekceli-karar-aciklandi\/embed\/#?secret=PhmPNiQP3L\" width=\"600\" height=\"338\" title=\"&#8220;Narin G\u00fcran davas\u0131nda gerek\u00e7eli karar a\u00e7\u0131kland\u0131&#8221; &#8212; Kuzeyin Sesi\" data-secret=\"PhmPNiQP3L\" frameborder=\"0\" marginwidth=\"0\" marginheight=\"0\" scrolling=\"no\" class=\"wp-embedded-content\"><\/iframe><script type=\"text\/javascript\">\n\/* <![CDATA[ *\/\n\/*! This file is auto-generated *\/\n!function(d,l){\"use strict\";l.querySelector&&d.addEventListener&&\"undefined\"!=typeof URL&&(d.wp=d.wp||{},d.wp.receiveEmbedMessage||(d.wp.receiveEmbedMessage=function(e){var t=e.data;if((t||t.secret||t.message||t.value)&&!\/[^a-zA-Z0-9]\/.test(t.secret)){for(var s,r,n,a=l.querySelectorAll('iframe[data-secret=\"'+t.secret+'\"]'),o=l.querySelectorAll('blockquote[data-secret=\"'+t.secret+'\"]'),c=new RegExp(\"^https?:$\",\"i\"),i=0;i<o.length;i++)o[i].style.display=\"none\";for(i=0;i<a.length;i++)s=a[i],e.source===s.contentWindow&&(s.removeAttribute(\"style\"),\"height\"===t.message?(1e3<(r=parseInt(t.value,10))?r=1e3:~~r<200&&(r=200),s.height=r):\"link\"===t.message&&(r=new URL(s.getAttribute(\"src\")),n=new URL(t.value),c.test(n.protocol))&&n.host===r.host&&l.activeElement===s&&(d.top.location.href=t.value))}},d.addEventListener(\"message\",d.wp.receiveEmbedMessage,!1),l.addEventListener(\"DOMContentLoaded\",function(){for(var e,t,s=l.querySelectorAll(\"iframe.wp-embedded-content\"),r=0;r<s.length;r++)(t=(e=s[r]).getAttribute(\"data-secret\"))||(t=Math.random().toString(36).substring(2,12),e.src+=\"#?secret=\"+t,e.setAttribute(\"data-secret\",t)),e.contentWindow.postMessage({message:\"ready\",secret:t},\"*\")},!1)))}(window,document);\n\/\/# sourceURL=https:\/\/kuzeyinsesi.org\/wp-includes\/js\/wp-embed.min.js\n\/* ]]> *\/\n<\/script>\n","thumbnail_url":"https:\/\/brtk.net\/wp-content\/uploads\/2024\/12\/28\/narin.jpg?ver=598ceee1a2dd261c946d76de64e87019","thumbnail_width":600,"thumbnail_height":336,"description":"Diyarbak\u0131r\u2019da, 8 ya\u015f\u0131ndaki Narin G\u00fcran cinayetinde yarg\u0131land\u0131klar\u0131 davada ceza alan 4 san\u0131\u011fa verilen 3 a\u011f\u0131rla\u015ft\u0131rm\u0131\u015f m\u00fcebbet ile hapis cezas\u0131n\u0131n gerek\u00e7eli karar\u0131 tamamland\u0131. San\u0131klar\u0131n, Narin\u2019in \u00f6ld\u00fcr\u00fcld\u00fc\u011f\u00fc zamanda birbirlerinden haberdar oldu\u011fu belirtildi. Diyarbak\u0131r 8. A\u011f\u0131r Ceza Mahkemesinde g\u00f6r\u00fclen davan\u0131n 28 Aral\u0131k 2024\u2019teki karar duru\u015fmas\u0131nda, tutuklu san\u0131klar anne Y\u00fcksel, a\u011fabey Enes ve amca Salim G\u00fcran ile Narin\u2019in cans\u0131z [&hellip;]"}