{"version":"1.0","provider_name":"Kuzeyin Sesi","provider_url":"https:\/\/kuzeyinsesi.org","author_name":"Kuzeyin Sesi","author_url":"https:\/\/kuzeyinsesi.org\/index.php\/author\/guven\/","title":"Yang\u0131n facias\u0131nda can kayb\u0131 79\u2019a y\u00fckseldi - Kuzeyin Sesi","type":"rich","width":600,"height":338,"html":"<blockquote class=\"wp-embedded-content\" data-secret=\"QiKKjCvmjB\"><a href=\"https:\/\/kuzeyinsesi.org\/index.php\/2025\/01\/22\/yangin-faciasinda-can-kaybi-79a-yukseldi\/\">Yang\u0131n facias\u0131nda can kayb\u0131 79\u2019a y\u00fckseldi<\/a><\/blockquote><iframe sandbox=\"allow-scripts\" security=\"restricted\" src=\"https:\/\/kuzeyinsesi.org\/index.php\/2025\/01\/22\/yangin-faciasinda-can-kaybi-79a-yukseldi\/embed\/#?secret=QiKKjCvmjB\" width=\"600\" height=\"338\" title=\"&#8220;Yang\u0131n facias\u0131nda can kayb\u0131 79\u2019a y\u00fckseldi&#8221; &#8212; Kuzeyin Sesi\" data-secret=\"QiKKjCvmjB\" frameborder=\"0\" marginwidth=\"0\" marginheight=\"0\" scrolling=\"no\" class=\"wp-embedded-content\"><\/iframe><script type=\"text\/javascript\">\n\/* <![CDATA[ *\/\n\/*! This file is auto-generated *\/\n!function(d,l){\"use strict\";l.querySelector&&d.addEventListener&&\"undefined\"!=typeof URL&&(d.wp=d.wp||{},d.wp.receiveEmbedMessage||(d.wp.receiveEmbedMessage=function(e){var t=e.data;if((t||t.secret||t.message||t.value)&&!\/[^a-zA-Z0-9]\/.test(t.secret)){for(var s,r,n,a=l.querySelectorAll('iframe[data-secret=\"'+t.secret+'\"]'),o=l.querySelectorAll('blockquote[data-secret=\"'+t.secret+'\"]'),c=new RegExp(\"^https?:$\",\"i\"),i=0;i<o.length;i++)o[i].style.display=\"none\";for(i=0;i<a.length;i++)s=a[i],e.source===s.contentWindow&&(s.removeAttribute(\"style\"),\"height\"===t.message?(1e3<(r=parseInt(t.value,10))?r=1e3:~~r<200&&(r=200),s.height=r):\"link\"===t.message&&(r=new URL(s.getAttribute(\"src\")),n=new URL(t.value),c.test(n.protocol))&&n.host===r.host&&l.activeElement===s&&(d.top.location.href=t.value))}},d.addEventListener(\"message\",d.wp.receiveEmbedMessage,!1),l.addEventListener(\"DOMContentLoaded\",function(){for(var e,t,s=l.querySelectorAll(\"iframe.wp-embedded-content\"),r=0;r<s.length;r++)(t=(e=s[r]).getAttribute(\"data-secret\"))||(t=Math.random().toString(36).substring(2,12),e.src+=\"#?secret=\"+t,e.setAttribute(\"data-secret\",t)),e.contentWindow.postMessage({message:\"ready\",secret:t},\"*\")},!1)))}(window,document);\n\/\/# sourceURL=https:\/\/kuzeyinsesi.org\/wp-includes\/js\/wp-embed.min.js\n\/* ]]> *\/\n<\/script>\n","thumbnail_url":"https:\/\/brtk.net\/wp-content\/uploads\/2025\/01\/22\/kartalkaya-yangin-aa-2324602.jpg?ver=21c1c0eec6c1e06165522c660d2d0bb8","thumbnail_width":600,"thumbnail_height":338,"description":"Bolu Cumhuriyet Ba\u015fsavc\u0131l\u0131\u011f\u0131ndan al\u0131nan bilgiye g\u00f6re, yap\u0131lan DNA testleri sonucu oteldeki yang\u0131nda 3 ki\u015finin daha ya\u015fam\u0131n\u0131 yitirdi\u011fi belirlendi. B\u00f6ylece olayda hayat\u0131n\u0131 kaybedenlerin say\u0131s\u0131 79\u2019a y\u00fckseldi. 11 ki\u015fi g\u00f6zalt\u0131na al\u0131nd\u0131Bolu Kartalkaya\u2019daki otel, yang\u0131n sonucu enkaza d\u00f6n\u00fc\u015ft\u00fc. So\u011futma \u00e7al\u0131\u015fmalar\u0131n\u0131n ard\u0131ndan enkazda inceleme ba\u015flat\u0131ld\u0131. Adalet Bakan\u0131 Y\u0131lmaz Tun\u00e7, yang\u0131n facias\u0131yla ilgili g\u00f6zalt\u0131 say\u0131s\u0131n\u0131n 11\u2019e \u00e7\u0131kt\u0131\u011f\u0131n\u0131 duyurdu. Bolu Belediyesi [&hellip;]"}