{"version":"1.0","provider_name":"Kuzeyin Sesi","provider_url":"https:\/\/kuzeyinsesi.org","author_name":"Kuzeyin Sesi","author_url":"https:\/\/kuzeyinsesi.org\/index.php\/author\/guven\/","title":"Ege Denizi\u2019nde 5,2 b\u00fcy\u00fckl\u00fc\u011f\u00fcnde deprem - Kuzeyin Sesi","type":"rich","width":600,"height":338,"html":"<blockquote class=\"wp-embedded-content\" data-secret=\"5RsyNn5FuU\"><a href=\"https:\/\/kuzeyinsesi.org\/index.php\/2025\/01\/22\/ege-denizinde-52-buyuklugunde-deprem\/\">Ege Denizi\u2019nde 5,2 b\u00fcy\u00fckl\u00fc\u011f\u00fcnde deprem<\/a><\/blockquote><iframe sandbox=\"allow-scripts\" security=\"restricted\" src=\"https:\/\/kuzeyinsesi.org\/index.php\/2025\/01\/22\/ege-denizinde-52-buyuklugunde-deprem\/embed\/#?secret=5RsyNn5FuU\" width=\"600\" height=\"338\" title=\"&#8220;Ege Denizi\u2019nde 5,2 b\u00fcy\u00fckl\u00fc\u011f\u00fcnde deprem&#8221; &#8212; Kuzeyin Sesi\" data-secret=\"5RsyNn5FuU\" frameborder=\"0\" marginwidth=\"0\" marginheight=\"0\" scrolling=\"no\" class=\"wp-embedded-content\"><\/iframe><script type=\"text\/javascript\">\n\/* <![CDATA[ *\/\n\/*! This file is auto-generated *\/\n!function(d,l){\"use strict\";l.querySelector&&d.addEventListener&&\"undefined\"!=typeof URL&&(d.wp=d.wp||{},d.wp.receiveEmbedMessage||(d.wp.receiveEmbedMessage=function(e){var t=e.data;if((t||t.secret||t.message||t.value)&&!\/[^a-zA-Z0-9]\/.test(t.secret)){for(var s,r,n,a=l.querySelectorAll('iframe[data-secret=\"'+t.secret+'\"]'),o=l.querySelectorAll('blockquote[data-secret=\"'+t.secret+'\"]'),c=new RegExp(\"^https?:$\",\"i\"),i=0;i<o.length;i++)o[i].style.display=\"none\";for(i=0;i<a.length;i++)s=a[i],e.source===s.contentWindow&&(s.removeAttribute(\"style\"),\"height\"===t.message?(1e3<(r=parseInt(t.value,10))?r=1e3:~~r<200&&(r=200),s.height=r):\"link\"===t.message&&(r=new URL(s.getAttribute(\"src\")),n=new URL(t.value),c.test(n.protocol))&&n.host===r.host&&l.activeElement===s&&(d.top.location.href=t.value))}},d.addEventListener(\"message\",d.wp.receiveEmbedMessage,!1),l.addEventListener(\"DOMContentLoaded\",function(){for(var e,t,s=l.querySelectorAll(\"iframe.wp-embedded-content\"),r=0;r<s.length;r++)(t=(e=s[r]).getAttribute(\"data-secret\"))||(t=Math.random().toString(36).substring(2,12),e.src+=\"#?secret=\"+t,e.setAttribute(\"data-secret\",t)),e.contentWindow.postMessage({message:\"ready\",secret:t},\"*\")},!1)))}(window,document);\n\/\/# sourceURL=https:\/\/kuzeyinsesi.org\/wp-includes\/js\/wp-embed.min.js\n\/* ]]> *\/\n<\/script>\n","thumbnail_url":"https:\/\/brtk.net\/wp-content\/uploads\/2025\/01\/03\/1735916844081deprem_web.jpg.webp?ver=ecefd13b69f51a4d46f02480038ef56b","thumbnail_width":600,"thumbnail_height":330,"description":"Afet ve Acil Durum Y\u00f6netimi Ba\u015fkanl\u0131\u011f\u0131n\u0131n (AFAD) internet sitesinde yer alan bilgiye g\u00f6re, Ege Denizi\u2019nde 5,2 b\u00fcy\u00fckl\u00fc\u011f\u00fcnde sars\u0131nt\u0131 kaydedildi. Sars\u0131nt\u0131n\u0131n merkez \u00fcss\u00fcn\u00fcn, \u00c7anakkale\u2019nin Ayvac\u0131k il\u00e7esine 6,62 kilometre uzakl\u0131kta oldu\u011fu, depremin 8,65 kilometre derinlikte ger\u00e7ekle\u015fti\u011fi belirtildi. AFAD, saha taramalar\u0131n\u0131n devam etti\u011fini, depremin ard\u0131ndan olumsuz bir durumun olmad\u0131\u011f\u0131n\u0131 a\u00e7\u0131klad\u0131. \u201cHerhangi bir olumsuzluk bulunmamaktad\u0131r\u201d\u00c7anakkale Valisi \u00d6mer Toraman, depremin [&hellip;]"}