{"version":"1.0","provider_name":"Kuzeyin Sesi","provider_url":"https:\/\/kuzeyinsesi.org","author_name":"Kuzeyin Sesi","author_url":"https:\/\/kuzeyinsesi.org\/index.php\/author\/guven\/","title":"Fidan, AB Komisyonu \u00fcyesi Lahbib ile g\u00f6r\u00fc\u015ft\u00fc - Kuzeyin Sesi","type":"rich","width":600,"height":338,"html":"<blockquote class=\"wp-embedded-content\" data-secret=\"7X15NbUsd0\"><a href=\"https:\/\/kuzeyinsesi.org\/index.php\/2025\/01\/20\/fidan-ab-komisyonu-uyesi-lahbib-ile-gorustu\/\">Fidan, AB Komisyonu \u00fcyesi Lahbib ile g\u00f6r\u00fc\u015ft\u00fc<\/a><\/blockquote><iframe sandbox=\"allow-scripts\" security=\"restricted\" src=\"https:\/\/kuzeyinsesi.org\/index.php\/2025\/01\/20\/fidan-ab-komisyonu-uyesi-lahbib-ile-gorustu\/embed\/#?secret=7X15NbUsd0\" width=\"600\" height=\"338\" title=\"&#8220;Fidan, AB Komisyonu \u00fcyesi Lahbib ile g\u00f6r\u00fc\u015ft\u00fc&#8221; &#8212; Kuzeyin Sesi\" data-secret=\"7X15NbUsd0\" frameborder=\"0\" marginwidth=\"0\" marginheight=\"0\" scrolling=\"no\" class=\"wp-embedded-content\"><\/iframe><script type=\"text\/javascript\">\n\/* <![CDATA[ *\/\n\/*! This file is auto-generated *\/\n!function(d,l){\"use strict\";l.querySelector&&d.addEventListener&&\"undefined\"!=typeof URL&&(d.wp=d.wp||{},d.wp.receiveEmbedMessage||(d.wp.receiveEmbedMessage=function(e){var t=e.data;if((t||t.secret||t.message||t.value)&&!\/[^a-zA-Z0-9]\/.test(t.secret)){for(var s,r,n,a=l.querySelectorAll('iframe[data-secret=\"'+t.secret+'\"]'),o=l.querySelectorAll('blockquote[data-secret=\"'+t.secret+'\"]'),c=new RegExp(\"^https?:$\",\"i\"),i=0;i<o.length;i++)o[i].style.display=\"none\";for(i=0;i<a.length;i++)s=a[i],e.source===s.contentWindow&&(s.removeAttribute(\"style\"),\"height\"===t.message?(1e3<(r=parseInt(t.value,10))?r=1e3:~~r<200&&(r=200),s.height=r):\"link\"===t.message&&(r=new URL(s.getAttribute(\"src\")),n=new URL(t.value),c.test(n.protocol))&&n.host===r.host&&l.activeElement===s&&(d.top.location.href=t.value))}},d.addEventListener(\"message\",d.wp.receiveEmbedMessage,!1),l.addEventListener(\"DOMContentLoaded\",function(){for(var e,t,s=l.querySelectorAll(\"iframe.wp-embedded-content\"),r=0;r<s.length;r++)(t=(e=s[r]).getAttribute(\"data-secret\"))||(t=Math.random().toString(36).substring(2,12),e.src+=\"#?secret=\"+t,e.setAttribute(\"data-secret\",t)),e.contentWindow.postMessage({message:\"ready\",secret:t},\"*\")},!1)))}(window,document);\n\/\/# sourceURL=https:\/\/kuzeyinsesi.org\/wp-includes\/js\/wp-embed.min.js\n\/* ]]> *\/\n<\/script>\n","thumbnail_url":"https:\/\/brtk.net\/wp-content\/uploads\/2025\/01\/20\/1737386850134GhvUfN9W0AAbrUL-scaled.jpg?ver=68a57bf7b6c63c5c06235cfb09f57e00","thumbnail_width":600,"thumbnail_height":400,"description":"T\u00fcrkiye D\u0131\u015fi\u015fleri Bakan\u0131 Hakan Fidan, Avrupa Birli\u011fi (AB) Komisyonunun E\u015fitlik, Haz\u0131rl\u0131k ve Kriz Y\u00f6netiminden sorumlu \u00fcyesi Hadja Lahbib ile g\u00f6r\u00fc\u015ft\u00fc. T\u00fcrkiye D\u0131\u015fi\u015fleri Bakan\u0131 Hakan Fidan ve AB Komisyonunun E\u015fitlik, Haz\u0131rl\u0131k ve Kriz Y\u00f6netiminden sorumlu \u00fcyesi Lahbib ile Bakanl\u0131k\u2019ta yapt\u0131klar\u0131 g\u00f6r\u00fc\u015fme sonras\u0131 a\u00e7\u0131klamalarda bulundular. Lahbib\u2019in Ankara ve Gaziantep\u2019te temaslarda bulundu\u011funu hat\u0131rlatan Fidan, Lahbib ile Bel\u00e7ika D\u0131\u015fi\u015fleri [&hellip;]"}