{"version":"1.0","provider_name":"Kuzeyin Sesi","provider_url":"https:\/\/kuzeyinsesi.org","author_name":"Kuzeyin Sesi","author_url":"https:\/\/kuzeyinsesi.org\/index.php\/author\/guven\/","title":"\u201cKamp\u00fcs K\u00f6pe\u011fi Mavi\u015f\u201d kitab\u0131 18 Ocak\u2019ta tan\u0131t\u0131l\u0131yor - Kuzeyin Sesi","type":"rich","width":600,"height":338,"html":"<blockquote class=\"wp-embedded-content\" data-secret=\"O9KpE8eeIv\"><a href=\"https:\/\/kuzeyinsesi.org\/index.php\/2025\/01\/16\/kampus-kopegi-mavis-kitabi-18-ocakta-tanitiliyor\/\">\u201cKamp\u00fcs K\u00f6pe\u011fi Mavi\u015f\u201d kitab\u0131 18 Ocak\u2019ta tan\u0131t\u0131l\u0131yor<\/a><\/blockquote><iframe sandbox=\"allow-scripts\" security=\"restricted\" src=\"https:\/\/kuzeyinsesi.org\/index.php\/2025\/01\/16\/kampus-kopegi-mavis-kitabi-18-ocakta-tanitiliyor\/embed\/#?secret=O9KpE8eeIv\" width=\"600\" height=\"338\" title=\"&#8220;\u201cKamp\u00fcs K\u00f6pe\u011fi Mavi\u015f\u201d kitab\u0131 18 Ocak\u2019ta tan\u0131t\u0131l\u0131yor&#8221; &#8212; Kuzeyin Sesi\" data-secret=\"O9KpE8eeIv\" frameborder=\"0\" marginwidth=\"0\" marginheight=\"0\" scrolling=\"no\" class=\"wp-embedded-content\"><\/iframe><script type=\"text\/javascript\">\n\/* <![CDATA[ *\/\n\/*! This file is auto-generated *\/\n!function(d,l){\"use strict\";l.querySelector&&d.addEventListener&&\"undefined\"!=typeof URL&&(d.wp=d.wp||{},d.wp.receiveEmbedMessage||(d.wp.receiveEmbedMessage=function(e){var t=e.data;if((t||t.secret||t.message||t.value)&&!\/[^a-zA-Z0-9]\/.test(t.secret)){for(var s,r,n,a=l.querySelectorAll('iframe[data-secret=\"'+t.secret+'\"]'),o=l.querySelectorAll('blockquote[data-secret=\"'+t.secret+'\"]'),c=new RegExp(\"^https?:$\",\"i\"),i=0;i<o.length;i++)o[i].style.display=\"none\";for(i=0;i<a.length;i++)s=a[i],e.source===s.contentWindow&&(s.removeAttribute(\"style\"),\"height\"===t.message?(1e3<(r=parseInt(t.value,10))?r=1e3:~~r<200&&(r=200),s.height=r):\"link\"===t.message&&(r=new URL(s.getAttribute(\"src\")),n=new URL(t.value),c.test(n.protocol))&&n.host===r.host&&l.activeElement===s&&(d.top.location.href=t.value))}},d.addEventListener(\"message\",d.wp.receiveEmbedMessage,!1),l.addEventListener(\"DOMContentLoaded\",function(){for(var e,t,s=l.querySelectorAll(\"iframe.wp-embedded-content\"),r=0;r<s.length;r++)(t=(e=s[r]).getAttribute(\"data-secret\"))||(t=Math.random().toString(36).substring(2,12),e.src+=\"#?secret=\"+t,e.setAttribute(\"data-secret\",t)),e.contentWindow.postMessage({message:\"ready\",secret:t},\"*\")},!1)))}(window,document);\n\/\/# sourceURL=https:\/\/kuzeyinsesi.org\/wp-includes\/js\/wp-embed.min.js\n\/* ]]> *\/\n<\/script>\n","thumbnail_url":"https:\/\/brtk.net\/wp-content\/uploads\/2025\/01\/16\/RANA-SENOL-KITAP.jpeg?ver=70aa0e4bf4864b71f814dd574e01e454","thumbnail_width":600,"thumbnail_height":265,"description":"Yazar Rana \u015eenol, yeni kitab\u0131 \u201cKamp\u00fcs K\u00f6pe\u011fi Mavi\u015f\u201d i\u00e7in d\u00fczenlenen tan\u0131t\u0131m etkinli\u011finde okurlar\u0131yla bulu\u015fmaya haz\u0131rlan\u0131yor. Yap\u0131lan a\u00e7\u0131klamaya g\u00f6re etkinlik, 18 Ocak Cumartesi g\u00fcn\u00fc saat 10.00\u2019da I\u015f\u0131k Kitabevi ve BLCKBRD Social Cafe\u2019de ger\u00e7ekle\u015ftirilecek. \u00c7ocuklar ve ebeveynlerin davet edildi\u011fi etkinlikte, yarat\u0131c\u0131 aktiviteler yer alacak. Ayr\u0131ca, kitab\u0131n ilham kayna\u011f\u0131 olan k\u00f6pek Mavi\u015f de etkinlikte bulunacak. Etkinlikte, hen\u00fcz 13 [&hellip;]"}