{"version":"1.0","provider_name":"Kuzeyin Sesi","provider_url":"https:\/\/kuzeyinsesi.org","author_name":"Kuzeyin Sesi","author_url":"https:\/\/kuzeyinsesi.org\/index.php\/author\/guven\/","title":"\u201cLefkara Nak\u0131\u015f\u0131n\u0131n Dans\u0131\u201d sergisi cuma g\u00fcn\u00fc a\u00e7\u0131l\u0131yor - Kuzeyin Sesi","type":"rich","width":600,"height":338,"html":"<blockquote class=\"wp-embedded-content\" data-secret=\"LC6n3hQoom\"><a href=\"https:\/\/kuzeyinsesi.org\/index.php\/2025\/01\/13\/lefkara-nakisinin-dansi-sergisi-cuma-gunu-aciliyor\/\">\u201cLefkara Nak\u0131\u015f\u0131n\u0131n Dans\u0131\u201d sergisi cuma g\u00fcn\u00fc a\u00e7\u0131l\u0131yor<\/a><\/blockquote><iframe sandbox=\"allow-scripts\" security=\"restricted\" src=\"https:\/\/kuzeyinsesi.org\/index.php\/2025\/01\/13\/lefkara-nakisinin-dansi-sergisi-cuma-gunu-aciliyor\/embed\/#?secret=LC6n3hQoom\" width=\"600\" height=\"338\" title=\"&#8220;\u201cLefkara Nak\u0131\u015f\u0131n\u0131n Dans\u0131\u201d sergisi cuma g\u00fcn\u00fc a\u00e7\u0131l\u0131yor&#8221; &#8212; Kuzeyin Sesi\" data-secret=\"LC6n3hQoom\" frameborder=\"0\" marginwidth=\"0\" marginheight=\"0\" scrolling=\"no\" class=\"wp-embedded-content\"><\/iframe><script type=\"text\/javascript\">\n\/* <![CDATA[ *\/\n\/*! This file is auto-generated *\/\n!function(d,l){\"use strict\";l.querySelector&&d.addEventListener&&\"undefined\"!=typeof URL&&(d.wp=d.wp||{},d.wp.receiveEmbedMessage||(d.wp.receiveEmbedMessage=function(e){var t=e.data;if((t||t.secret||t.message||t.value)&&!\/[^a-zA-Z0-9]\/.test(t.secret)){for(var s,r,n,a=l.querySelectorAll('iframe[data-secret=\"'+t.secret+'\"]'),o=l.querySelectorAll('blockquote[data-secret=\"'+t.secret+'\"]'),c=new RegExp(\"^https?:$\",\"i\"),i=0;i<o.length;i++)o[i].style.display=\"none\";for(i=0;i<a.length;i++)s=a[i],e.source===s.contentWindow&&(s.removeAttribute(\"style\"),\"height\"===t.message?(1e3<(r=parseInt(t.value,10))?r=1e3:~~r<200&&(r=200),s.height=r):\"link\"===t.message&&(r=new URL(s.getAttribute(\"src\")),n=new URL(t.value),c.test(n.protocol))&&n.host===r.host&&l.activeElement===s&&(d.top.location.href=t.value))}},d.addEventListener(\"message\",d.wp.receiveEmbedMessage,!1),l.addEventListener(\"DOMContentLoaded\",function(){for(var e,t,s=l.querySelectorAll(\"iframe.wp-embedded-content\"),r=0;r<s.length;r++)(t=(e=s[r]).getAttribute(\"data-secret\"))||(t=Math.random().toString(36).substring(2,12),e.src+=\"#?secret=\"+t,e.setAttribute(\"data-secret\",t)),e.contentWindow.postMessage({message:\"ready\",secret:t},\"*\")},!1)))}(window,document);\n\/\/# sourceURL=https:\/\/kuzeyinsesi.org\/wp-includes\/js\/wp-embed.min.js\n\/* ]]> *\/\n<\/script>\n","thumbnail_url":"https:\/\/brtk.net\/wp-content\/uploads\/2025\/01\/13\/llllllllllllllllll.jpg?ver=6894e2cb4ae5cf5b1a5b3a557ce812b1","thumbnail_width":600,"thumbnail_height":349,"description":"K\u00fclt\u00fcr Dairesi himayelerinde, Lefkara nak\u015f\u0131n\u0131n orijinal motifleri ve nak\u0131\u015f tekni\u011finin tan\u0131t\u0131lmas\u0131 hedefiyle haz\u0131rlanan \u201cLefkara Nak\u015f\u0131n\u0131n Dans\u0131\u201d sergisi cuma g\u00fcn\u00fc a\u00e7\u0131l\u0131yor. \u0130smet Vehit G\u00fcney Sanat Merkezi\u2019ndeki serginin a\u00e7\u0131l\u0131\u015f\u0131 saat 16.00\u2019da yap\u0131lacak. Ba\u015fbakan Yard\u0131mc\u0131l\u0131\u011f\u0131 Turizm K\u00fclt\u00fcr ve \u00c7evre Bakanl\u0131\u011f\u0131\u2019na ba\u011fl\u0131 K\u00fclt\u00fcr Dairesi M\u00fcd\u00fcrl\u00fc\u011f\u00fc\u2019nden verilen bilgiye g\u00f6re, \u015eenay Ekingen ve Lefkara \u00dcreticileri \u0130nisiyatifi taraf\u0131ndan haz\u0131rlanan sergi 21 Ocak [&hellip;]"}