{"version":"1.0","provider_name":"Kuzeyin Sesi","provider_url":"https:\/\/kuzeyinsesi.org","author_name":"Kuzeyin Sesi","author_url":"https:\/\/kuzeyinsesi.org\/index.php\/author\/guven\/","title":"T\u00fcrkiye D\u0131\u015fi\u015fleri Bakan\u0131 Hakan Fidan KKTC\u2019den ayr\u0131ld\u0131 - Kuzeyin Sesi","type":"rich","width":600,"height":338,"html":"<blockquote class=\"wp-embedded-content\" data-secret=\"MSNF28uume\"><a href=\"https:\/\/kuzeyinsesi.org\/index.php\/2025\/01\/09\/turkiye-disisleri-bakani-hakan-fidan-kktcden-ayrildi\/\">T\u00fcrkiye D\u0131\u015fi\u015fleri Bakan\u0131 Hakan Fidan KKTC\u2019den ayr\u0131ld\u0131<\/a><\/blockquote><iframe sandbox=\"allow-scripts\" security=\"restricted\" src=\"https:\/\/kuzeyinsesi.org\/index.php\/2025\/01\/09\/turkiye-disisleri-bakani-hakan-fidan-kktcden-ayrildi\/embed\/#?secret=MSNF28uume\" width=\"600\" height=\"338\" title=\"&#8220;T\u00fcrkiye D\u0131\u015fi\u015fleri Bakan\u0131 Hakan Fidan KKTC\u2019den ayr\u0131ld\u0131&#8221; &#8212; Kuzeyin Sesi\" data-secret=\"MSNF28uume\" frameborder=\"0\" marginwidth=\"0\" marginheight=\"0\" scrolling=\"no\" class=\"wp-embedded-content\"><\/iframe><script type=\"text\/javascript\">\n\/* <![CDATA[ *\/\n\/*! This file is auto-generated *\/\n!function(d,l){\"use strict\";l.querySelector&&d.addEventListener&&\"undefined\"!=typeof URL&&(d.wp=d.wp||{},d.wp.receiveEmbedMessage||(d.wp.receiveEmbedMessage=function(e){var t=e.data;if((t||t.secret||t.message||t.value)&&!\/[^a-zA-Z0-9]\/.test(t.secret)){for(var s,r,n,a=l.querySelectorAll('iframe[data-secret=\"'+t.secret+'\"]'),o=l.querySelectorAll('blockquote[data-secret=\"'+t.secret+'\"]'),c=new RegExp(\"^https?:$\",\"i\"),i=0;i<o.length;i++)o[i].style.display=\"none\";for(i=0;i<a.length;i++)s=a[i],e.source===s.contentWindow&&(s.removeAttribute(\"style\"),\"height\"===t.message?(1e3<(r=parseInt(t.value,10))?r=1e3:~~r<200&&(r=200),s.height=r):\"link\"===t.message&&(r=new URL(s.getAttribute(\"src\")),n=new URL(t.value),c.test(n.protocol))&&n.host===r.host&&l.activeElement===s&&(d.top.location.href=t.value))}},d.addEventListener(\"message\",d.wp.receiveEmbedMessage,!1),l.addEventListener(\"DOMContentLoaded\",function(){for(var e,t,s=l.querySelectorAll(\"iframe.wp-embedded-content\"),r=0;r<s.length;r++)(t=(e=s[r]).getAttribute(\"data-secret\"))||(t=Math.random().toString(36).substring(2,12),e.src+=\"#?secret=\"+t,e.setAttribute(\"data-secret\",t)),e.contentWindow.postMessage({message:\"ready\",secret:t},\"*\")},!1)))}(window,document);\n\/\/# sourceURL=https:\/\/kuzeyinsesi.org\/wp-includes\/js\/wp-embed.min.js\n\/* ]]> *\/\n<\/script>\n","thumbnail_url":"https:\/\/brtk.net\/wp-content\/uploads\/2025\/01\/08\/fidan-3555.jpg?ver=5467e4ccac377feada3ab7e5ee7b3615","thumbnail_width":600,"thumbnail_height":404,"description":"T\u00fcrkiye Cumhuriyeti D\u0131\u015fi\u015fleri Bakan\u0131 Hakan Fidan iki g\u00fcn s\u00fcren temaslar\u0131n\u0131 tamamlayarak Kuzey K\u0131br\u0131s T\u00fcrk Cumhuriyeti\u2019nden ayr\u0131ld\u0131. Hakan Fidan ve beraberndeki heyet Ercan Havaliman\u0131\u2019ndan u\u011furlanarak \u0130stanbul\u2019a hareket etti. Hakan Fidan d\u00fcn, Cumhurba\u015fkan\u0131 Ersin Tatar, Meclis Ba\u015fkan\u0131 Ziya \u00d6zt\u00fcrkler, Ba\u015fbakan \u00dcnal \u00dcstel ve D\u0131\u015fi\u015fleri Bakan\u0131 Tahsin Ertu\u011frulo\u011flu\u2019nu ziyaret etmi\u015fti. Ba\u015fbakanl\u0131ktaki g\u00f6r\u00fc\u015fmede Ba\u015fbakan Yard\u0131mc\u0131s\u0131, Turizm, K\u00fclt\u00fcr, Gen\u00e7lik ve [&hellip;]"}