{"version":"1.0","provider_name":"Kuzeyin Sesi","provider_url":"https:\/\/kuzeyinsesi.org","author_name":"Kuzeyin Sesi","author_url":"https:\/\/kuzeyinsesi.org\/index.php\/author\/guven\/","title":"TC D\u0131\u015fi\u015fleri Bakan\u0131 Fidan, yar\u0131n KKTC\u2019ye gelecek - Kuzeyin Sesi","type":"rich","width":600,"height":338,"html":"<blockquote class=\"wp-embedded-content\" data-secret=\"AQG5jOPqkk\"><a href=\"https:\/\/kuzeyinsesi.org\/index.php\/2025\/01\/07\/tc-disisleri-bakani-fidan-yarin-kktcye-gelecek\/\">TC D\u0131\u015fi\u015fleri Bakan\u0131 Fidan, yar\u0131n KKTC\u2019ye gelecek<\/a><\/blockquote><iframe sandbox=\"allow-scripts\" security=\"restricted\" src=\"https:\/\/kuzeyinsesi.org\/index.php\/2025\/01\/07\/tc-disisleri-bakani-fidan-yarin-kktcye-gelecek\/embed\/#?secret=AQG5jOPqkk\" width=\"600\" height=\"338\" title=\"&#8220;TC D\u0131\u015fi\u015fleri Bakan\u0131 Fidan, yar\u0131n KKTC\u2019ye gelecek&#8221; &#8212; Kuzeyin Sesi\" data-secret=\"AQG5jOPqkk\" frameborder=\"0\" marginwidth=\"0\" marginheight=\"0\" scrolling=\"no\" class=\"wp-embedded-content\"><\/iframe><script type=\"text\/javascript\">\n\/* <![CDATA[ *\/\n\/*! This file is auto-generated *\/\n!function(d,l){\"use strict\";l.querySelector&&d.addEventListener&&\"undefined\"!=typeof URL&&(d.wp=d.wp||{},d.wp.receiveEmbedMessage||(d.wp.receiveEmbedMessage=function(e){var t=e.data;if((t||t.secret||t.message||t.value)&&!\/[^a-zA-Z0-9]\/.test(t.secret)){for(var s,r,n,a=l.querySelectorAll('iframe[data-secret=\"'+t.secret+'\"]'),o=l.querySelectorAll('blockquote[data-secret=\"'+t.secret+'\"]'),c=new RegExp(\"^https?:$\",\"i\"),i=0;i<o.length;i++)o[i].style.display=\"none\";for(i=0;i<a.length;i++)s=a[i],e.source===s.contentWindow&&(s.removeAttribute(\"style\"),\"height\"===t.message?(1e3<(r=parseInt(t.value,10))?r=1e3:~~r<200&&(r=200),s.height=r):\"link\"===t.message&&(r=new URL(s.getAttribute(\"src\")),n=new URL(t.value),c.test(n.protocol))&&n.host===r.host&&l.activeElement===s&&(d.top.location.href=t.value))}},d.addEventListener(\"message\",d.wp.receiveEmbedMessage,!1),l.addEventListener(\"DOMContentLoaded\",function(){for(var e,t,s=l.querySelectorAll(\"iframe.wp-embedded-content\"),r=0;r<s.length;r++)(t=(e=s[r]).getAttribute(\"data-secret\"))||(t=Math.random().toString(36).substring(2,12),e.src+=\"#?secret=\"+t,e.setAttribute(\"data-secret\",t)),e.contentWindow.postMessage({message:\"ready\",secret:t},\"*\")},!1)))}(window,document);\n\/\/# sourceURL=https:\/\/kuzeyinsesi.org\/wp-includes\/js\/wp-embed.min.js\n\/* ]]> *\/\n<\/script>\n","thumbnail_url":"https:\/\/brtk.net\/wp-content\/uploads\/2024\/11\/22\/hakan-fidan-aa-2108073-1.jpg?ver=287475573e2a8671181ddffaa8635653","thumbnail_width":600,"thumbnail_height":338,"description":"T\u00fcrkiye D\u0131\u015fi\u015fleri Bakan\u0131 Hakan Fidan, temaslarda bulunmak \u00fczere yar\u0131n KKTC\u2019ye gelecek. Fidan\u2019\u0131n K\u0131br\u0131s konusundaki son geli\u015fmelerle ilgili Cumhurba\u015fkan\u0131 Ersin Tatar ile di\u011fer devlet ve h\u00fck\u00fcmet yetkilileriyle \u00fcst d\u00fczey temaslar yapmas\u0131 bekleniyor. Fidan, Per\u015fembe g\u00fcn\u00fc adadan ayr\u0131lacak."}