{"version":"1.0","provider_name":"Kuzeyin Sesi","provider_url":"https:\/\/kuzeyinsesi.org","author_name":"Kuzeyin Sesi","author_url":"https:\/\/kuzeyinsesi.org\/index.php\/author\/guven\/","title":"T\u00fcrkiye\u2019de y\u0131ll\u0131k enflasyon y\u00fczde 44,38 - Kuzeyin Sesi","type":"rich","width":600,"height":338,"html":"<blockquote class=\"wp-embedded-content\" data-secret=\"BRoyfGGMLr\"><a href=\"https:\/\/kuzeyinsesi.org\/index.php\/2025\/01\/03\/turkiyede-yillik-enflasyon-yuzde-4438\/\">T\u00fcrkiye\u2019de y\u0131ll\u0131k enflasyon y\u00fczde 44,38<\/a><\/blockquote><iframe sandbox=\"allow-scripts\" security=\"restricted\" src=\"https:\/\/kuzeyinsesi.org\/index.php\/2025\/01\/03\/turkiyede-yillik-enflasyon-yuzde-4438\/embed\/#?secret=BRoyfGGMLr\" width=\"600\" height=\"338\" title=\"&#8220;T\u00fcrkiye\u2019de y\u0131ll\u0131k enflasyon y\u00fczde 44,38&#8221; &#8212; Kuzeyin Sesi\" data-secret=\"BRoyfGGMLr\" frameborder=\"0\" marginwidth=\"0\" marginheight=\"0\" scrolling=\"no\" class=\"wp-embedded-content\"><\/iframe><script type=\"text\/javascript\">\n\/* <![CDATA[ *\/\n\/*! This file is auto-generated *\/\n!function(d,l){\"use strict\";l.querySelector&&d.addEventListener&&\"undefined\"!=typeof URL&&(d.wp=d.wp||{},d.wp.receiveEmbedMessage||(d.wp.receiveEmbedMessage=function(e){var t=e.data;if((t||t.secret||t.message||t.value)&&!\/[^a-zA-Z0-9]\/.test(t.secret)){for(var s,r,n,a=l.querySelectorAll('iframe[data-secret=\"'+t.secret+'\"]'),o=l.querySelectorAll('blockquote[data-secret=\"'+t.secret+'\"]'),c=new RegExp(\"^https?:$\",\"i\"),i=0;i<o.length;i++)o[i].style.display=\"none\";for(i=0;i<a.length;i++)s=a[i],e.source===s.contentWindow&&(s.removeAttribute(\"style\"),\"height\"===t.message?(1e3<(r=parseInt(t.value,10))?r=1e3:~~r<200&&(r=200),s.height=r):\"link\"===t.message&&(r=new URL(s.getAttribute(\"src\")),n=new URL(t.value),c.test(n.protocol))&&n.host===r.host&&l.activeElement===s&&(d.top.location.href=t.value))}},d.addEventListener(\"message\",d.wp.receiveEmbedMessage,!1),l.addEventListener(\"DOMContentLoaded\",function(){for(var e,t,s=l.querySelectorAll(\"iframe.wp-embedded-content\"),r=0;r<s.length;r++)(t=(e=s[r]).getAttribute(\"data-secret\"))||(t=Math.random().toString(36).substring(2,12),e.src+=\"#?secret=\"+t,e.setAttribute(\"data-secret\",t)),e.contentWindow.postMessage({message:\"ready\",secret:t},\"*\")},!1)))}(window,document);\n\/\/# sourceURL=https:\/\/kuzeyinsesi.org\/wp-includes\/js\/wp-embed.min.js\n\/* ]]> *\/\n<\/script>\n","thumbnail_url":"https:\/\/brtk.net\/wp-content\/uploads\/2024\/05\/03\/enflasyon.jpg?ver=354122ceed9025458f77d82a60cb6f06","thumbnail_width":600,"thumbnail_height":338,"description":"T\u00fcrkiye \u0130statistik Kurumu (T\u00dc\u0130K) aral\u0131k ay\u0131na ili\u015fkin T\u00fcketici Fiyat Endeksi (T\u00dcFE) rakamlar\u0131n\u0131 a\u00e7\u0131klad\u0131. T\u00dc\u0130K verilerine g\u00f6re, enflasyon, Aral\u0131k 2024\u2019te ayl\u0131k bazda y\u00fczde 1,03 artarken, y\u0131ll\u0131k bazda y\u00fczde 44,38 oldu. Buna g\u00f6re, T\u00dcFE\u2019deki de\u011fi\u015fim aral\u0131k ay\u0131nda bir \u00f6nceki aya g\u00f6re y\u00fczde 1,03, bir \u00f6nceki y\u0131l\u0131n Aral\u0131k ay\u0131na g\u00f6re y\u00fczde 44,38, bir \u00f6nceki y\u0131l\u0131n ayn\u0131 ay\u0131na g\u00f6re [&hellip;]"}