{"version":"1.0","provider_name":"Kuzeyin Sesi","provider_url":"https:\/\/kuzeyinsesi.org","author_name":"Kuzeyin Sesi","author_url":"https:\/\/kuzeyinsesi.org\/index.php\/author\/guven\/","title":"Narin G\u00fcran cinayeti davas\u0131nda karar a\u00e7\u0131kland\u0131 - Kuzeyin Sesi","type":"rich","width":600,"height":338,"html":"<blockquote class=\"wp-embedded-content\" data-secret=\"7hB4He71xA\"><a href=\"https:\/\/kuzeyinsesi.org\/index.php\/2024\/12\/28\/narin-guran-cinayeti-davasinda-karar-aciklandi\/\">Narin G\u00fcran cinayeti davas\u0131nda karar a\u00e7\u0131kland\u0131<\/a><\/blockquote><iframe sandbox=\"allow-scripts\" security=\"restricted\" src=\"https:\/\/kuzeyinsesi.org\/index.php\/2024\/12\/28\/narin-guran-cinayeti-davasinda-karar-aciklandi\/embed\/#?secret=7hB4He71xA\" width=\"600\" height=\"338\" title=\"&#8220;Narin G\u00fcran cinayeti davas\u0131nda karar a\u00e7\u0131kland\u0131&#8221; &#8212; Kuzeyin Sesi\" data-secret=\"7hB4He71xA\" frameborder=\"0\" marginwidth=\"0\" marginheight=\"0\" scrolling=\"no\" class=\"wp-embedded-content\"><\/iframe><script type=\"text\/javascript\">\n\/* <![CDATA[ *\/\n\/*! This file is auto-generated *\/\n!function(d,l){\"use strict\";l.querySelector&&d.addEventListener&&\"undefined\"!=typeof URL&&(d.wp=d.wp||{},d.wp.receiveEmbedMessage||(d.wp.receiveEmbedMessage=function(e){var t=e.data;if((t||t.secret||t.message||t.value)&&!\/[^a-zA-Z0-9]\/.test(t.secret)){for(var s,r,n,a=l.querySelectorAll('iframe[data-secret=\"'+t.secret+'\"]'),o=l.querySelectorAll('blockquote[data-secret=\"'+t.secret+'\"]'),c=new RegExp(\"^https?:$\",\"i\"),i=0;i<o.length;i++)o[i].style.display=\"none\";for(i=0;i<a.length;i++)s=a[i],e.source===s.contentWindow&&(s.removeAttribute(\"style\"),\"height\"===t.message?(1e3<(r=parseInt(t.value,10))?r=1e3:~~r<200&&(r=200),s.height=r):\"link\"===t.message&&(r=new URL(s.getAttribute(\"src\")),n=new URL(t.value),c.test(n.protocol))&&n.host===r.host&&l.activeElement===s&&(d.top.location.href=t.value))}},d.addEventListener(\"message\",d.wp.receiveEmbedMessage,!1),l.addEventListener(\"DOMContentLoaded\",function(){for(var e,t,s=l.querySelectorAll(\"iframe.wp-embedded-content\"),r=0;r<s.length;r++)(t=(e=s[r]).getAttribute(\"data-secret\"))||(t=Math.random().toString(36).substring(2,12),e.src+=\"#?secret=\"+t,e.setAttribute(\"data-secret\",t)),e.contentWindow.postMessage({message:\"ready\",secret:t},\"*\")},!1)))}(window,document);\n\/\/# sourceURL=https:\/\/kuzeyinsesi.org\/wp-includes\/js\/wp-embed.min.js\n\/* ]]> *\/\n<\/script>\n","thumbnail_url":"https:\/\/brtk.net\/wp-content\/uploads\/2024\/12\/28\/narin.jpg?ver=598ceee1a2dd261c946d76de64e87019","thumbnail_width":600,"thumbnail_height":336,"description":"Diyarbak\u0131r\u2019da 8 ya\u015f\u0131ndaki Narin G\u00fcran\u2019\u0131n \u00f6ld\u00fcr\u00fclmesine ili\u015fkin davada tutuklu yarg\u0131lanan 3 san\u0131\u011fa a\u011f\u0131rla\u015ft\u0131r\u0131lm\u0131\u015f m\u00fcebbet, Nevzat Bahtiyar\u2019a ise 4 y\u0131l 6 ay hapis cezas\u0131 verildi. Diyarbak\u0131r 8. A\u011f\u0131r Ceza Mahkemesi\u2019nde \u00f6nceki g\u00fcn ba\u015flayan tutuklu san\u0131klar anne Y\u00fcksel, a\u011fabey Enes ve amca Salim G\u00fcran ile Narin\u2019in cans\u0131z bedenini E\u011fertutmaz Deresi\u2019ne saklad\u0131\u011f\u0131n\u0131 itiraf eden Nevzat Bahtiyar\u2019\u0131n yarg\u0131land\u0131\u011f\u0131 davan\u0131n [&hellip;]"}