{"version":"1.0","provider_name":"Kuzeyin Sesi","provider_url":"https:\/\/kuzeyinsesi.org","author_name":"Kuzeyin Sesi","author_url":"https:\/\/kuzeyinsesi.org\/index.php\/author\/guven\/","title":"Erdo\u011fan, Aliyev ile telefonda g\u00f6r\u00fc\u015ft\u00fc - Kuzeyin Sesi","type":"rich","width":600,"height":338,"html":"<blockquote class=\"wp-embedded-content\" data-secret=\"SzGpUFMbdK\"><a href=\"https:\/\/kuzeyinsesi.org\/index.php\/2024\/12\/24\/erdogan-aliyev-ile-telefonda-gorustu\/\">Erdo\u011fan, Aliyev ile telefonda g\u00f6r\u00fc\u015ft\u00fc<\/a><\/blockquote><iframe sandbox=\"allow-scripts\" security=\"restricted\" src=\"https:\/\/kuzeyinsesi.org\/index.php\/2024\/12\/24\/erdogan-aliyev-ile-telefonda-gorustu\/embed\/#?secret=SzGpUFMbdK\" width=\"600\" height=\"338\" title=\"&#8220;Erdo\u011fan, Aliyev ile telefonda g\u00f6r\u00fc\u015ft\u00fc&#8221; &#8212; Kuzeyin Sesi\" data-secret=\"SzGpUFMbdK\" frameborder=\"0\" marginwidth=\"0\" marginheight=\"0\" scrolling=\"no\" class=\"wp-embedded-content\"><\/iframe><script type=\"text\/javascript\">\n\/* <![CDATA[ *\/\n\/*! This file is auto-generated *\/\n!function(d,l){\"use strict\";l.querySelector&&d.addEventListener&&\"undefined\"!=typeof URL&&(d.wp=d.wp||{},d.wp.receiveEmbedMessage||(d.wp.receiveEmbedMessage=function(e){var t=e.data;if((t||t.secret||t.message||t.value)&&!\/[^a-zA-Z0-9]\/.test(t.secret)){for(var s,r,n,a=l.querySelectorAll('iframe[data-secret=\"'+t.secret+'\"]'),o=l.querySelectorAll('blockquote[data-secret=\"'+t.secret+'\"]'),c=new RegExp(\"^https?:$\",\"i\"),i=0;i<o.length;i++)o[i].style.display=\"none\";for(i=0;i<a.length;i++)s=a[i],e.source===s.contentWindow&&(s.removeAttribute(\"style\"),\"height\"===t.message?(1e3<(r=parseInt(t.value,10))?r=1e3:~~r<200&&(r=200),s.height=r):\"link\"===t.message&&(r=new URL(s.getAttribute(\"src\")),n=new URL(t.value),c.test(n.protocol))&&n.host===r.host&&l.activeElement===s&&(d.top.location.href=t.value))}},d.addEventListener(\"message\",d.wp.receiveEmbedMessage,!1),l.addEventListener(\"DOMContentLoaded\",function(){for(var e,t,s=l.querySelectorAll(\"iframe.wp-embedded-content\"),r=0;r<s.length;r++)(t=(e=s[r]).getAttribute(\"data-secret\"))||(t=Math.random().toString(36).substring(2,12),e.src+=\"#?secret=\"+t,e.setAttribute(\"data-secret\",t)),e.contentWindow.postMessage({message:\"ready\",secret:t},\"*\")},!1)))}(window,document);\n\/\/# sourceURL=https:\/\/kuzeyinsesi.org\/wp-includes\/js\/wp-embed.min.js\n\/* ]]> *\/\n<\/script>\n","thumbnail_url":"https:\/\/brtk.net\/wp-content\/uploads\/2024\/12\/24\/1735043757365thumbs_b_c_65394f6dcd0434f3fe0f155084d4a6ef.jpg?ver=22bee7107a1d9059c30e67cb9cd942a8","thumbnail_width":600,"thumbnail_height":338,"description":"T\u00fcrkiye Cumhurba\u015fkan\u0131 Recep Tayyip Erdo\u011fan, Azerbaycan Cumhurba\u015fkan\u0131 \u0130lham Aliyev ile telefonda g\u00f6r\u00fc\u015ft\u00fc. TC Cumhurba\u015fkanl\u0131\u011f\u0131 \u0130leti\u015fim Ba\u015fkanl\u0131\u011f\u0131ndan yap\u0131lan a\u00e7\u0131klamaya g\u00f6re, g\u00f6r\u00fc\u015fmede, T\u00fcrkiye ile Azerbaycan ikili ili\u015fkileri, b\u00f6lgesel ve k\u00fcresel geli\u015fmeler ele al\u0131nd\u0131. Cumhurba\u015fkan\u0131 Erdo\u011fan g\u00f6r\u00fc\u015fmede, Azerbaycan\u2019\u0131n D-8 \u00fcyeli\u011finin hay\u0131rl\u0131 olmas\u0131 dileklerini belirtirken, Azerbaycan ile Ermenistan aras\u0131ndaki bar\u0131\u015f s\u00fcreci ile ilgili geli\u015fmeleri yak\u0131ndan takip etti\u011fini, bar\u0131\u015f\u0131n sa\u011flanmas\u0131 [&hellip;]"}