{"version":"1.0","provider_name":"Kuzeyin Sesi","provider_url":"https:\/\/kuzeyinsesi.org","author_name":"Kuzeyin Sesi","author_url":"https:\/\/kuzeyinsesi.org\/index.php\/author\/guven\/","title":"T\u00fcrk D\u00fcnyas\u0131 Edebiyat \u00d6yk\u00fc \u00d6d\u00fclleri t\u00f6renle verildi - Kuzeyin Sesi","type":"rich","width":600,"height":338,"html":"<blockquote class=\"wp-embedded-content\" data-secret=\"O6IyKjVtEL\"><a href=\"https:\/\/kuzeyinsesi.org\/index.php\/2024\/12\/22\/turk-dunyasi-edebiyat-oyku-odulleri-torenle-verildi\/\">T\u00fcrk D\u00fcnyas\u0131 Edebiyat \u00d6yk\u00fc \u00d6d\u00fclleri t\u00f6renle verildi<\/a><\/blockquote><iframe sandbox=\"allow-scripts\" security=\"restricted\" src=\"https:\/\/kuzeyinsesi.org\/index.php\/2024\/12\/22\/turk-dunyasi-edebiyat-oyku-odulleri-torenle-verildi\/embed\/#?secret=O6IyKjVtEL\" width=\"600\" height=\"338\" title=\"&#8220;T\u00fcrk D\u00fcnyas\u0131 Edebiyat \u00d6yk\u00fc \u00d6d\u00fclleri t\u00f6renle verildi&#8221; &#8212; Kuzeyin Sesi\" data-secret=\"O6IyKjVtEL\" frameborder=\"0\" marginwidth=\"0\" marginheight=\"0\" scrolling=\"no\" class=\"wp-embedded-content\"><\/iframe><script type=\"text\/javascript\">\n\/* <![CDATA[ *\/\n\/*! This file is auto-generated *\/\n!function(d,l){\"use strict\";l.querySelector&&d.addEventListener&&\"undefined\"!=typeof URL&&(d.wp=d.wp||{},d.wp.receiveEmbedMessage||(d.wp.receiveEmbedMessage=function(e){var t=e.data;if((t||t.secret||t.message||t.value)&&!\/[^a-zA-Z0-9]\/.test(t.secret)){for(var s,r,n,a=l.querySelectorAll('iframe[data-secret=\"'+t.secret+'\"]'),o=l.querySelectorAll('blockquote[data-secret=\"'+t.secret+'\"]'),c=new RegExp(\"^https?:$\",\"i\"),i=0;i<o.length;i++)o[i].style.display=\"none\";for(i=0;i<a.length;i++)s=a[i],e.source===s.contentWindow&&(s.removeAttribute(\"style\"),\"height\"===t.message?(1e3<(r=parseInt(t.value,10))?r=1e3:~~r<200&&(r=200),s.height=r):\"link\"===t.message&&(r=new URL(s.getAttribute(\"src\")),n=new URL(t.value),c.test(n.protocol))&&n.host===r.host&&l.activeElement===s&&(d.top.location.href=t.value))}},d.addEventListener(\"message\",d.wp.receiveEmbedMessage,!1),l.addEventListener(\"DOMContentLoaded\",function(){for(var e,t,s=l.querySelectorAll(\"iframe.wp-embedded-content\"),r=0;r<s.length;r++)(t=(e=s[r]).getAttribute(\"data-secret\"))||(t=Math.random().toString(36).substring(2,12),e.src+=\"#?secret=\"+t,e.setAttribute(\"data-secret\",t)),e.contentWindow.postMessage({message:\"ready\",secret:t},\"*\")},!1)))}(window,document);\n\/\/# sourceURL=https:\/\/kuzeyinsesi.org\/wp-includes\/js\/wp-embed.min.js\n\/* ]]> *\/\n<\/script>\n","thumbnail_url":"https:\/\/brtk.net\/wp-content\/uploads\/2024\/12\/22\/Resim13-1.jpg?ver=c8d94f4e76820ef0be2038cd751f6f77","thumbnail_width":600,"thumbnail_height":400,"description":"Atat\u00fcrk K\u00fclt\u00fcr Dil ve Tarih Y\u00fcksek Kurumu\u2019nun yeni yerle\u015fkesinde ger\u00e7ekle\u015ftilen etkinlikte \u201c Dilde, Fikirde, \u0130\u015fte Birlik T\u00fcrk D\u00fcnyas\u0131 Edebiyat \u00d6yk\u00fc \u00d6d\u00fclleri \u201ct\u00f6renle sahiplerine verildi. T\u00fcrk Devletleri Te\u015fkilat\u0131 Aksakal Heyeti Ba\u015fkan\u0131 Eski Ba\u015fbakan Binali Y\u0131ld\u0131r\u0131m, yapt\u0131\u011f\u0131 konu\u015fmada , T\u00fcrk Devletleri Te\u015fkilat\u0131n\u0131n 15 y\u0131ll\u0131k kurumsal varl\u0131\u011f\u0131na ra\u011fmen katetti\u011fi mesafenin k\u00fc\u00e7\u00fcmsenecek bir mesafe olmad\u0131\u011f\u0131n\u0131 kaydetti. Y\u0131ld\u0131r\u0131m, \u00f6d\u00fcl alan [&hellip;]"}