{"version":"1.0","provider_name":"Kuzeyin Sesi","provider_url":"https:\/\/kuzeyinsesi.org","author_name":"Kuzeyin Sesi","author_url":"https:\/\/kuzeyinsesi.org\/index.php\/author\/guven\/","title":"Girne\u2019de yeni y\u0131l etkinlikleri - Kuzeyin Sesi","type":"rich","width":600,"height":338,"html":"<blockquote class=\"wp-embedded-content\" data-secret=\"bwyBqviO3D\"><a href=\"https:\/\/kuzeyinsesi.org\/index.php\/2024\/12\/22\/girnede-yeni-yil-etkinlikleri\/\">Girne\u2019de yeni y\u0131l etkinlikleri<\/a><\/blockquote><iframe sandbox=\"allow-scripts\" security=\"restricted\" src=\"https:\/\/kuzeyinsesi.org\/index.php\/2024\/12\/22\/girnede-yeni-yil-etkinlikleri\/embed\/#?secret=bwyBqviO3D\" width=\"600\" height=\"338\" title=\"&#8220;Girne\u2019de yeni y\u0131l etkinlikleri&#8221; &#8212; Kuzeyin Sesi\" data-secret=\"bwyBqviO3D\" frameborder=\"0\" marginwidth=\"0\" marginheight=\"0\" scrolling=\"no\" class=\"wp-embedded-content\"><\/iframe><script type=\"text\/javascript\">\n\/* <![CDATA[ *\/\n\/*! This file is auto-generated *\/\n!function(d,l){\"use strict\";l.querySelector&&d.addEventListener&&\"undefined\"!=typeof URL&&(d.wp=d.wp||{},d.wp.receiveEmbedMessage||(d.wp.receiveEmbedMessage=function(e){var t=e.data;if((t||t.secret||t.message||t.value)&&!\/[^a-zA-Z0-9]\/.test(t.secret)){for(var s,r,n,a=l.querySelectorAll('iframe[data-secret=\"'+t.secret+'\"]'),o=l.querySelectorAll('blockquote[data-secret=\"'+t.secret+'\"]'),c=new RegExp(\"^https?:$\",\"i\"),i=0;i<o.length;i++)o[i].style.display=\"none\";for(i=0;i<a.length;i++)s=a[i],e.source===s.contentWindow&&(s.removeAttribute(\"style\"),\"height\"===t.message?(1e3<(r=parseInt(t.value,10))?r=1e3:~~r<200&&(r=200),s.height=r):\"link\"===t.message&&(r=new URL(s.getAttribute(\"src\")),n=new URL(t.value),c.test(n.protocol))&&n.host===r.host&&l.activeElement===s&&(d.top.location.href=t.value))}},d.addEventListener(\"message\",d.wp.receiveEmbedMessage,!1),l.addEventListener(\"DOMContentLoaded\",function(){for(var e,t,s=l.querySelectorAll(\"iframe.wp-embedded-content\"),r=0;r<s.length;r++)(t=(e=s[r]).getAttribute(\"data-secret\"))||(t=Math.random().toString(36).substring(2,12),e.src+=\"#?secret=\"+t,e.setAttribute(\"data-secret\",t)),e.contentWindow.postMessage({message:\"ready\",secret:t},\"*\")},!1)))}(window,document);\n\/\/# sourceURL=https:\/\/kuzeyinsesi.org\/wp-includes\/js\/wp-embed.min.js\n\/* ]]> *\/\n<\/script>\n","thumbnail_url":"https:\/\/brtk.net\/wp-content\/uploads\/2024\/12\/22\/1734864230038GIRNE-YENI-YIL.jpg?ver=ab7e142f6638d76aaf6267d562ff3a22","thumbnail_width":600,"thumbnail_height":401,"description":"Girne Belediyesi\u2019nin d\u00fcn ba\u015flayan \u2018Yeni Y\u0131l Pazar\u0131\u2019 ve \u20189\u2019uncu Girne \u00c7ar\u015f\u0131 \u015e\u00f6leni\u201d bug\u00fcn de bir\u00e7ok etkinli\u011fe ev sahipli\u011fi yapacak. Girne Belediyesi\u2019nden verilen bilgiye g\u00f6re, bug\u00fcn saat 10.00\u2019da stantlar\u0131n a\u00e7\u0131lmas\u0131yla ba\u015flayan ve g\u00fcn boyu s\u00fcrecek etkinlikler bu ak\u015fam saat 18.30\u2019daki Melisa Karanl\u0131k Band konseriyle tamamlanacak. \u00d6te yandan \u201c9\u2019uncu Girne \u00c7ar\u015f\u0131 \u015e\u00f6leni\u201d program\u0131 kapsam\u0131nda bug\u00fcn 14.30 -16.00 [&hellip;]"}