{"version":"1.0","provider_name":"Kuzeyin Sesi","provider_url":"https:\/\/kuzeyinsesi.org","author_name":"Kuzeyin Sesi","author_url":"https:\/\/kuzeyinsesi.org\/index.php\/author\/guven\/","title":"DA\u00dc\u2019de \u201cYalda Gecesi\u201d kutland\u0131 - Kuzeyin Sesi","type":"rich","width":600,"height":338,"html":"<blockquote class=\"wp-embedded-content\" data-secret=\"kQf6o4tWeU\"><a href=\"https:\/\/kuzeyinsesi.org\/index.php\/2024\/12\/21\/daude-yalda-gecesi-kutlandi\/\">DA\u00dc\u2019de \u201cYalda Gecesi\u201d kutland\u0131<\/a><\/blockquote><iframe sandbox=\"allow-scripts\" security=\"restricted\" src=\"https:\/\/kuzeyinsesi.org\/index.php\/2024\/12\/21\/daude-yalda-gecesi-kutlandi\/embed\/#?secret=kQf6o4tWeU\" width=\"600\" height=\"338\" title=\"&#8220;DA\u00dc\u2019de \u201cYalda Gecesi\u201d kutland\u0131&#8221; &#8212; Kuzeyin Sesi\" data-secret=\"kQf6o4tWeU\" frameborder=\"0\" marginwidth=\"0\" marginheight=\"0\" scrolling=\"no\" class=\"wp-embedded-content\"><\/iframe><script type=\"text\/javascript\">\n\/* <![CDATA[ *\/\n\/*! This file is auto-generated *\/\n!function(d,l){\"use strict\";l.querySelector&&d.addEventListener&&\"undefined\"!=typeof URL&&(d.wp=d.wp||{},d.wp.receiveEmbedMessage||(d.wp.receiveEmbedMessage=function(e){var t=e.data;if((t||t.secret||t.message||t.value)&&!\/[^a-zA-Z0-9]\/.test(t.secret)){for(var s,r,n,a=l.querySelectorAll('iframe[data-secret=\"'+t.secret+'\"]'),o=l.querySelectorAll('blockquote[data-secret=\"'+t.secret+'\"]'),c=new RegExp(\"^https?:$\",\"i\"),i=0;i<o.length;i++)o[i].style.display=\"none\";for(i=0;i<a.length;i++)s=a[i],e.source===s.contentWindow&&(s.removeAttribute(\"style\"),\"height\"===t.message?(1e3<(r=parseInt(t.value,10))?r=1e3:~~r<200&&(r=200),s.height=r):\"link\"===t.message&&(r=new URL(s.getAttribute(\"src\")),n=new URL(t.value),c.test(n.protocol))&&n.host===r.host&&l.activeElement===s&&(d.top.location.href=t.value))}},d.addEventListener(\"message\",d.wp.receiveEmbedMessage,!1),l.addEventListener(\"DOMContentLoaded\",function(){for(var e,t,s=l.querySelectorAll(\"iframe.wp-embedded-content\"),r=0;r<s.length;r++)(t=(e=s[r]).getAttribute(\"data-secret\"))||(t=Math.random().toString(36).substring(2,12),e.src+=\"#?secret=\"+t,e.setAttribute(\"data-secret\",t)),e.contentWindow.postMessage({message:\"ready\",secret:t},\"*\")},!1)))}(window,document);\n\/\/# sourceURL=https:\/\/kuzeyinsesi.org\/wp-includes\/js\/wp-embed.min.js\n\/* ]]> *\/\n<\/script>\n","thumbnail_url":"https:\/\/brtk.net\/wp-content\/uploads\/2024\/12\/21\/lkjljl.jpg?ver=820f0a670c2a6521da09204c197b31d8","thumbnail_width":600,"thumbnail_height":370,"description":"Do\u011fu Akdeniz \u00dcniversitesi\u2019nde (DA\u00dc) y\u0131l\u0131n en uzun gecesi olarak kabul edilen \u201cYalda Gecesi\u201d d\u00fczenlenen etkinlikle kutland\u0131. \u00dcniversiteden yap\u0131lan a\u00e7\u0131klamaya g\u00f6re, 18 Aral\u0131k \u00c7ar\u015famba gecesi d\u00fczenlenen etkinlik K\u0131br\u0131s\u2019taki \u0130ranl\u0131 \u00d6\u011frenciler Bilim ve K\u00fclt\u00fcr Derne\u011fi i\u015f birli\u011finde Kurtsan Group sponsorlu\u011funda Rauf Raif Denkta\u015f K\u00fclt\u00fcr ve Kongre Saray\u0131\u2019nda yer ald\u0131. Etkinlikte, \u0130ranl\u0131 \u00f6\u011frenciler bir araya gelerek \u00e7e\u015fitli etkinliklerle [&hellip;]"}