{"version":"1.0","provider_name":"Kuzeyin Sesi","provider_url":"https:\/\/kuzeyinsesi.org","author_name":"Kuzeyin Sesi","author_url":"https:\/\/kuzeyinsesi.org\/index.php\/author\/guven\/","title":"Manisa\u2019dan Rauf Denkta\u015f\u2019a vefa\u2026 - Kuzeyin Sesi","type":"rich","width":600,"height":338,"html":"<blockquote class=\"wp-embedded-content\" data-secret=\"7BPtvsf5d8\"><a href=\"https:\/\/kuzeyinsesi.org\/index.php\/2024\/12\/17\/manisadan-rauf-denktasa-vefa\/\">Manisa\u2019dan Rauf Denkta\u015f\u2019a vefa\u2026<\/a><\/blockquote><iframe sandbox=\"allow-scripts\" security=\"restricted\" src=\"https:\/\/kuzeyinsesi.org\/index.php\/2024\/12\/17\/manisadan-rauf-denktasa-vefa\/embed\/#?secret=7BPtvsf5d8\" width=\"600\" height=\"338\" title=\"&#8220;Manisa\u2019dan Rauf Denkta\u015f\u2019a vefa\u2026&#8221; &#8212; Kuzeyin Sesi\" data-secret=\"7BPtvsf5d8\" frameborder=\"0\" marginwidth=\"0\" marginheight=\"0\" scrolling=\"no\" class=\"wp-embedded-content\"><\/iframe><script type=\"text\/javascript\">\n\/* <![CDATA[ *\/\n\/*! This file is auto-generated *\/\n!function(d,l){\"use strict\";l.querySelector&&d.addEventListener&&\"undefined\"!=typeof URL&&(d.wp=d.wp||{},d.wp.receiveEmbedMessage||(d.wp.receiveEmbedMessage=function(e){var t=e.data;if((t||t.secret||t.message||t.value)&&!\/[^a-zA-Z0-9]\/.test(t.secret)){for(var s,r,n,a=l.querySelectorAll('iframe[data-secret=\"'+t.secret+'\"]'),o=l.querySelectorAll('blockquote[data-secret=\"'+t.secret+'\"]'),c=new RegExp(\"^https?:$\",\"i\"),i=0;i<o.length;i++)o[i].style.display=\"none\";for(i=0;i<a.length;i++)s=a[i],e.source===s.contentWindow&&(s.removeAttribute(\"style\"),\"height\"===t.message?(1e3<(r=parseInt(t.value,10))?r=1e3:~~r<200&&(r=200),s.height=r):\"link\"===t.message&&(r=new URL(s.getAttribute(\"src\")),n=new URL(t.value),c.test(n.protocol))&&n.host===r.host&&l.activeElement===s&&(d.top.location.href=t.value))}},d.addEventListener(\"message\",d.wp.receiveEmbedMessage,!1),l.addEventListener(\"DOMContentLoaded\",function(){for(var e,t,s=l.querySelectorAll(\"iframe.wp-embedded-content\"),r=0;r<s.length;r++)(t=(e=s[r]).getAttribute(\"data-secret\"))||(t=Math.random().toString(36).substring(2,12),e.src+=\"#?secret=\"+t,e.setAttribute(\"data-secret\",t)),e.contentWindow.postMessage({message:\"ready\",secret:t},\"*\")},!1)))}(window,document);\n\/\/# sourceURL=https:\/\/kuzeyinsesi.org\/wp-includes\/js\/wp-embed.min.js\n\/* ]]> *\/\n<\/script>\n","thumbnail_url":"https:\/\/brtk.net\/wp-content\/uploads\/2024\/12\/17\/mansal.jpg?ver=7c16e28ac58e9dbdc754c710b585f024","thumbnail_width":600,"thumbnail_height":246,"description":"Salihli Foto\u011fraf Derne\u011fi (SALFOD) taraf\u0131ndan Kuzey K\u0131br\u0131s T\u00fcrk Cumhuriyeti\u2019nin (KKTC) kurucusu ve ilk Cumhurba\u015fkan\u0131 Rauf Denkta\u015f ad\u0131na d\u00fczenlenen turlu foto\u011fraf yar\u0131\u015fmas\u0131nda 33 foto\u011fraf\u00e7\u0131n\u0131n ba\u015far\u0131 elde etti\u011fi bildirildi. Manisa\u2019n\u0131n Salihli il\u00e7esinde foto\u011fraf alan\u0131nda yapm\u0131\u015f oldu\u011fu faaliyetlerle tan\u0131nan Salihli Foto\u011fraf Derne\u011fi\u2019nin (SALFOD) KKTC\u2019nin kurucusu ve ilk Cumhurba\u015fkan\u0131 Rauf Raif Denkta\u015f ad\u0131na d\u00fczenlemi\u015f oldu\u011fu foto\u011fraf yar\u0131\u015fmas\u0131n\u0131n ilk turu [&hellip;]"}