{"version":"1.0","provider_name":"Kuzeyin Sesi","provider_url":"https:\/\/kuzeyinsesi.org","author_name":"Kuzeyin Sesi","author_url":"https:\/\/kuzeyinsesi.org\/index.php\/author\/guven\/","title":"Erdo\u011fan, Rutte ile telefonda g\u00f6r\u00fc\u015ft\u00fc - Kuzeyin Sesi","type":"rich","width":600,"height":338,"html":"<blockquote class=\"wp-embedded-content\" data-secret=\"IizVFNS2Tb\"><a href=\"https:\/\/kuzeyinsesi.org\/index.php\/2024\/12\/11\/erdogan-rutte-ile-telefonda-gorustu\/\">Erdo\u011fan, Rutte ile telefonda g\u00f6r\u00fc\u015ft\u00fc<\/a><\/blockquote><iframe sandbox=\"allow-scripts\" security=\"restricted\" src=\"https:\/\/kuzeyinsesi.org\/index.php\/2024\/12\/11\/erdogan-rutte-ile-telefonda-gorustu\/embed\/#?secret=IizVFNS2Tb\" width=\"600\" height=\"338\" title=\"&#8220;Erdo\u011fan, Rutte ile telefonda g\u00f6r\u00fc\u015ft\u00fc&#8221; &#8212; Kuzeyin Sesi\" data-secret=\"IizVFNS2Tb\" frameborder=\"0\" marginwidth=\"0\" marginheight=\"0\" scrolling=\"no\" class=\"wp-embedded-content\"><\/iframe><script type=\"text\/javascript\">\n\/* <![CDATA[ *\/\n\/*! This file is auto-generated *\/\n!function(d,l){\"use strict\";l.querySelector&&d.addEventListener&&\"undefined\"!=typeof URL&&(d.wp=d.wp||{},d.wp.receiveEmbedMessage||(d.wp.receiveEmbedMessage=function(e){var t=e.data;if((t||t.secret||t.message||t.value)&&!\/[^a-zA-Z0-9]\/.test(t.secret)){for(var s,r,n,a=l.querySelectorAll('iframe[data-secret=\"'+t.secret+'\"]'),o=l.querySelectorAll('blockquote[data-secret=\"'+t.secret+'\"]'),c=new RegExp(\"^https?:$\",\"i\"),i=0;i<o.length;i++)o[i].style.display=\"none\";for(i=0;i<a.length;i++)s=a[i],e.source===s.contentWindow&&(s.removeAttribute(\"style\"),\"height\"===t.message?(1e3<(r=parseInt(t.value,10))?r=1e3:~~r<200&&(r=200),s.height=r):\"link\"===t.message&&(r=new URL(s.getAttribute(\"src\")),n=new URL(t.value),c.test(n.protocol))&&n.host===r.host&&l.activeElement===s&&(d.top.location.href=t.value))}},d.addEventListener(\"message\",d.wp.receiveEmbedMessage,!1),l.addEventListener(\"DOMContentLoaded\",function(){for(var e,t,s=l.querySelectorAll(\"iframe.wp-embedded-content\"),r=0;r<s.length;r++)(t=(e=s[r]).getAttribute(\"data-secret\"))||(t=Math.random().toString(36).substring(2,12),e.src+=\"#?secret=\"+t,e.setAttribute(\"data-secret\",t)),e.contentWindow.postMessage({message:\"ready\",secret:t},\"*\")},!1)))}(window,document);\n\/\/# sourceURL=https:\/\/kuzeyinsesi.org\/wp-includes\/js\/wp-embed.min.js\n\/* ]]> *\/\n<\/script>\n","thumbnail_url":"https:\/\/brtk.net\/wp-content\/uploads\/2024\/12\/10\/1733837799299thumbs_b_c_7ef613880dd11364ebc86f6e92171844-1.jpg?ver=6c52645fff57245fc30666feca30bbf1","thumbnail_width":600,"thumbnail_height":350,"description":"T\u00fcrkiye Cumhurba\u015fkan\u0131 Recep Tayyip Erdo\u011fan, NATO Genel Sekreteri Mark Rutte ile telefonda g\u00f6r\u00fc\u015ft\u00fc. TC Cumhurba\u015fkanl\u0131\u011f\u0131 \u0130leti\u015fim Ba\u015fkanl\u0131\u011f\u0131n\u0131n sosyal medya hesab\u0131ndaki payla\u015f\u0131ma g\u00f6re, Erdo\u011fan ile Rutte g\u00f6r\u00fc\u015fmesinde, Suriye\u2019deki son geli\u015fmeler ele al\u0131nd\u0131. T\u00fcrkiye Cumhurba\u015fkan\u0131 Erdo\u011fan g\u00f6r\u00fc\u015fmede, T\u00fcrkiye\u2019nin Suriye\u2019deki i\u00e7 sava\u015f\u0131n ba\u015flad\u0131\u011f\u0131 ilk g\u00fcnden bu yana Suriye\u2019nin toprak b\u00fct\u00fcnl\u00fc\u011f\u00fc ve istikrar\u0131n\u0131n korunmas\u0131n\u0131 savundu\u011funu, Suriye\u2019nin Suriye halk\u0131 taraf\u0131ndan [&hellip;]"}