{"version":"1.0","provider_name":"Kuzeyin Sesi","provider_url":"https:\/\/kuzeyinsesi.org","author_name":"Kuzeyin Sesi","author_url":"https:\/\/kuzeyinsesi.org\/index.php\/author\/guven\/","title":"Tatar, \u201cGel G\u00f6ky\u00fcz\u00fcnde Y\u0131ld\u0131z Olal\u0131m\u201d konserini izledi - Kuzeyin Sesi","type":"rich","width":600,"height":338,"html":"<blockquote class=\"wp-embedded-content\" data-secret=\"TUktT1KEv4\"><a href=\"https:\/\/kuzeyinsesi.org\/index.php\/2024\/12\/10\/tatar-gel-gokyuzunde-yildiz-olalim-konserini-izledi\/\">Tatar, \u201cGel G\u00f6ky\u00fcz\u00fcnde Y\u0131ld\u0131z Olal\u0131m\u201d konserini izledi<\/a><\/blockquote><iframe sandbox=\"allow-scripts\" security=\"restricted\" src=\"https:\/\/kuzeyinsesi.org\/index.php\/2024\/12\/10\/tatar-gel-gokyuzunde-yildiz-olalim-konserini-izledi\/embed\/#?secret=TUktT1KEv4\" width=\"600\" height=\"338\" title=\"&#8220;Tatar, \u201cGel G\u00f6ky\u00fcz\u00fcnde Y\u0131ld\u0131z Olal\u0131m\u201d konserini izledi&#8221; &#8212; Kuzeyin Sesi\" data-secret=\"TUktT1KEv4\" frameborder=\"0\" marginwidth=\"0\" marginheight=\"0\" scrolling=\"no\" class=\"wp-embedded-content\"><\/iframe><script type=\"text\/javascript\">\n\/* <![CDATA[ *\/\n\/*! This file is auto-generated *\/\n!function(d,l){\"use strict\";l.querySelector&&d.addEventListener&&\"undefined\"!=typeof URL&&(d.wp=d.wp||{},d.wp.receiveEmbedMessage||(d.wp.receiveEmbedMessage=function(e){var t=e.data;if((t||t.secret||t.message||t.value)&&!\/[^a-zA-Z0-9]\/.test(t.secret)){for(var s,r,n,a=l.querySelectorAll('iframe[data-secret=\"'+t.secret+'\"]'),o=l.querySelectorAll('blockquote[data-secret=\"'+t.secret+'\"]'),c=new RegExp(\"^https?:$\",\"i\"),i=0;i<o.length;i++)o[i].style.display=\"none\";for(i=0;i<a.length;i++)s=a[i],e.source===s.contentWindow&&(s.removeAttribute(\"style\"),\"height\"===t.message?(1e3<(r=parseInt(t.value,10))?r=1e3:~~r<200&&(r=200),s.height=r):\"link\"===t.message&&(r=new URL(s.getAttribute(\"src\")),n=new URL(t.value),c.test(n.protocol))&&n.host===r.host&&l.activeElement===s&&(d.top.location.href=t.value))}},d.addEventListener(\"message\",d.wp.receiveEmbedMessage,!1),l.addEventListener(\"DOMContentLoaded\",function(){for(var e,t,s=l.querySelectorAll(\"iframe.wp-embedded-content\"),r=0;r<s.length;r++)(t=(e=s[r]).getAttribute(\"data-secret\"))||(t=Math.random().toString(36).substring(2,12),e.src+=\"#?secret=\"+t,e.setAttribute(\"data-secret\",t)),e.contentWindow.postMessage({message:\"ready\",secret:t},\"*\")},!1)))}(window,document);\n\/\/# sourceURL=https:\/\/kuzeyinsesi.org\/wp-includes\/js\/wp-embed.min.js\n\/* ]]> *\/\n<\/script>\n","thumbnail_url":"https:\/\/brtk.net\/wp-content\/uploads\/2024\/12\/10\/1733838180402tatar-konser-2.jpg?ver=bc7d6f3362df6c9c9b3a388645047178","thumbnail_width":600,"thumbnail_height":400,"description":"Cumhurba\u015fkan\u0131 Ersin Tatar, Serdarl\u0131 Sa\u011fl\u0131k ve K\u00fclt\u00fcr Derne\u011fi\u2019nin d\u00fczenledi\u011fi \u201cGel G\u00f6ky\u00fcz\u00fcnde Y\u0131ld\u0131z Olal\u0131m\u201d konseri izledi. Cumhurba\u015fkanl\u0131\u011f\u0131\u2019ndan verilen bilgiye g\u00f6re, T\u00fcrk Maarif Koleji Rauf Raif Denkta\u015f K\u00fclt\u00fcr Salonu\u2019ndaki konser \u00f6ncesi konu\u015fan Tatar, Sa\u011fl\u0131k ve K\u00fclt\u00fcr Derne\u011fi\u2019nin icra etti\u011fi konseri dinlemekten b\u00fcy\u00fck keyif ald\u0131\u011f\u0131n\u0131 s\u00f6yledi. Serdarl\u0131 Sa\u011fl\u0131k ve K\u00fclt\u00fcr Derne\u011fi\u2019nin yapt\u0131\u011f\u0131 \u00e7al\u0131\u015fmalar\u0131yla K\u0131br\u0131s T\u00fcrk halk\u0131n\u0131 yurtd\u0131\u015f\u0131nda temsil [&hellip;]"}