{"version":"1.0","provider_name":"Kuzeyin Sesi","provider_url":"https:\/\/kuzeyinsesi.org","author_name":"Kuzeyin Sesi","author_url":"https:\/\/kuzeyinsesi.org\/index.php\/author\/guven\/","title":"Mevl\u00e2n\u00e2\u2019y\u0131 anma etkinlikleri ba\u015fl\u0131yor - Kuzeyin Sesi","type":"rich","width":600,"height":338,"html":"<blockquote class=\"wp-embedded-content\" data-secret=\"oEk7J3Ndw6\"><a href=\"https:\/\/kuzeyinsesi.org\/index.php\/2024\/12\/09\/mevlanayi-anma-etkinlikleri-basliyor\/\">Mevl\u00e2n\u00e2\u2019y\u0131 anma etkinlikleri ba\u015fl\u0131yor<\/a><\/blockquote><iframe sandbox=\"allow-scripts\" security=\"restricted\" src=\"https:\/\/kuzeyinsesi.org\/index.php\/2024\/12\/09\/mevlanayi-anma-etkinlikleri-basliyor\/embed\/#?secret=oEk7J3Ndw6\" width=\"600\" height=\"338\" title=\"&#8220;Mevl\u00e2n\u00e2\u2019y\u0131 anma etkinlikleri ba\u015fl\u0131yor&#8221; &#8212; Kuzeyin Sesi\" data-secret=\"oEk7J3Ndw6\" frameborder=\"0\" marginwidth=\"0\" marginheight=\"0\" scrolling=\"no\" class=\"wp-embedded-content\"><\/iframe><script type=\"text\/javascript\">\n\/* <![CDATA[ *\/\n\/*! This file is auto-generated *\/\n!function(d,l){\"use strict\";l.querySelector&&d.addEventListener&&\"undefined\"!=typeof URL&&(d.wp=d.wp||{},d.wp.receiveEmbedMessage||(d.wp.receiveEmbedMessage=function(e){var t=e.data;if((t||t.secret||t.message||t.value)&&!\/[^a-zA-Z0-9]\/.test(t.secret)){for(var s,r,n,a=l.querySelectorAll('iframe[data-secret=\"'+t.secret+'\"]'),o=l.querySelectorAll('blockquote[data-secret=\"'+t.secret+'\"]'),c=new RegExp(\"^https?:$\",\"i\"),i=0;i<o.length;i++)o[i].style.display=\"none\";for(i=0;i<a.length;i++)s=a[i],e.source===s.contentWindow&&(s.removeAttribute(\"style\"),\"height\"===t.message?(1e3<(r=parseInt(t.value,10))?r=1e3:~~r<200&&(r=200),s.height=r):\"link\"===t.message&&(r=new URL(s.getAttribute(\"src\")),n=new URL(t.value),c.test(n.protocol))&&n.host===r.host&&l.activeElement===s&&(d.top.location.href=t.value))}},d.addEventListener(\"message\",d.wp.receiveEmbedMessage,!1),l.addEventListener(\"DOMContentLoaded\",function(){for(var e,t,s=l.querySelectorAll(\"iframe.wp-embedded-content\"),r=0;r<s.length;r++)(t=(e=s[r]).getAttribute(\"data-secret\"))||(t=Math.random().toString(36).substring(2,12),e.src+=\"#?secret=\"+t,e.setAttribute(\"data-secret\",t)),e.contentWindow.postMessage({message:\"ready\",secret:t},\"*\")},!1)))}(window,document);\n\/\/# sourceURL=https:\/\/kuzeyinsesi.org\/wp-includes\/js\/wp-embed.min.js\n\/* ]]> *\/\n<\/script>\n","thumbnail_url":"https:\/\/brtk.net\/wp-content\/uploads\/2024\/12\/09\/mevlana.jpg?ver=3c74bec85b16a0ea3ba9bc4a1d8d09c3","thumbnail_width":600,"thumbnail_height":339,"description":"Mevl\u00e2n\u00e2 Cel\u00e2ledd\u00een-i R\u00fbm\u00ee\u2019nin sevgi, ho\u015fg\u00f6r\u00fc ve karde\u015flik mesajlar\u0131 ve vuslata eri\u015finin 751. y\u0131l d\u00f6n\u00fcm\u00fcnde Kuzey K\u0131br\u0131s T\u00fcrk Cumhuriyeti\u2019nde de etkinliklerle an\u0131lacak. Lefko\u015fa Yunus Emre Enstit\u00fcs\u00fc M\u00fcd\u00fcr\u00fc Abdullah Akta\u015f\u2019\u0131n verdi\u011fi bilgiye g\u00f6re, T\u00fcrkiye Cumhuriyeti K\u00fclt\u00fcr ve Turizm Bakanl\u0131\u011f\u0131 G\u00fczel Sanatlar Genel M\u00fcd\u00fcrl\u00fc\u011f\u00fc sanat\u00e7\u0131lar\u0131n\u0131n kat\u0131l\u0131mlar\u0131yla Lefko\u015fa Yunus Emre Enstit\u00fcs\u00fc \u00f6nc\u00fcl\u00fc\u011f\u00fcnde, Uluslararas\u0131 Final \u00dcniversitesi\u2019nin destekleriyle ger\u00e7ekle\u015ftirilecek etkinlikler, sanat [&hellip;]"}