{"version":"1.0","provider_name":"Kuzeyin Sesi","provider_url":"https:\/\/kuzeyinsesi.org","author_name":"Kuzeyin Sesi","author_url":"https:\/\/kuzeyinsesi.org\/index.php\/author\/guven\/","title":"Y\u00f6netmen \u015eerif G\u00f6ren vefat etti - Kuzeyin Sesi","type":"rich","width":600,"height":338,"html":"<blockquote class=\"wp-embedded-content\" data-secret=\"fOWPsaDI7c\"><a href=\"https:\/\/kuzeyinsesi.org\/index.php\/2024\/12\/08\/yonetmen-serif-goren-vefat-etti\/\">Y\u00f6netmen \u015eerif G\u00f6ren vefat etti<\/a><\/blockquote><iframe sandbox=\"allow-scripts\" security=\"restricted\" src=\"https:\/\/kuzeyinsesi.org\/index.php\/2024\/12\/08\/yonetmen-serif-goren-vefat-etti\/embed\/#?secret=fOWPsaDI7c\" width=\"600\" height=\"338\" title=\"&#8220;Y\u00f6netmen \u015eerif G\u00f6ren vefat etti&#8221; &#8212; Kuzeyin Sesi\" data-secret=\"fOWPsaDI7c\" frameborder=\"0\" marginwidth=\"0\" marginheight=\"0\" scrolling=\"no\" class=\"wp-embedded-content\"><\/iframe><script type=\"text\/javascript\">\n\/* <![CDATA[ *\/\n\/*! This file is auto-generated *\/\n!function(d,l){\"use strict\";l.querySelector&&d.addEventListener&&\"undefined\"!=typeof URL&&(d.wp=d.wp||{},d.wp.receiveEmbedMessage||(d.wp.receiveEmbedMessage=function(e){var t=e.data;if((t||t.secret||t.message||t.value)&&!\/[^a-zA-Z0-9]\/.test(t.secret)){for(var s,r,n,a=l.querySelectorAll('iframe[data-secret=\"'+t.secret+'\"]'),o=l.querySelectorAll('blockquote[data-secret=\"'+t.secret+'\"]'),c=new RegExp(\"^https?:$\",\"i\"),i=0;i<o.length;i++)o[i].style.display=\"none\";for(i=0;i<a.length;i++)s=a[i],e.source===s.contentWindow&&(s.removeAttribute(\"style\"),\"height\"===t.message?(1e3<(r=parseInt(t.value,10))?r=1e3:~~r<200&&(r=200),s.height=r):\"link\"===t.message&&(r=new URL(s.getAttribute(\"src\")),n=new URL(t.value),c.test(n.protocol))&&n.host===r.host&&l.activeElement===s&&(d.top.location.href=t.value))}},d.addEventListener(\"message\",d.wp.receiveEmbedMessage,!1),l.addEventListener(\"DOMContentLoaded\",function(){for(var e,t,s=l.querySelectorAll(\"iframe.wp-embedded-content\"),r=0;r<s.length;r++)(t=(e=s[r]).getAttribute(\"data-secret\"))||(t=Math.random().toString(36).substring(2,12),e.src+=\"#?secret=\"+t,e.setAttribute(\"data-secret\",t)),e.contentWindow.postMessage({message:\"ready\",secret:t},\"*\")},!1)))}(window,document);\n\/\/# sourceURL=https:\/\/kuzeyinsesi.org\/wp-includes\/js\/wp-embed.min.js\n\/* ]]> *\/\n<\/script>\n","thumbnail_url":"https:\/\/brtk.net\/wp-content\/uploads\/2024\/12\/08\/1733661754250serif-goren.jpeg?ver=64c091eea7dbf8d46acc8b902effb01f","thumbnail_width":600,"thumbnail_height":400,"description":"\u201cYol\u201d, \u201cK\u00f6pr\u00fc\u201d, \u201cKat\u0131rc\u0131lar\u201d, \u201cDerman\u201d ve \u201cAlmanya Ac\u0131 Vatan\u201d gibi eserlerin aralar\u0131nda bulundu\u011fu bir\u00e7ok filme imza atan senarist ve y\u00f6netmen \u015eerif G\u00f6ren, 80 ya\u015f\u0131nda hayat\u0131n\u0131 kaybetti. Evindeki merdivenlerden d\u00fc\u015ferek ba\u015f\u0131n\u0131 yere \u00e7arpan G\u00f6ren, 22 Kas\u0131m\u2019da Taksim E\u011fitim ve Ara\u015ft\u0131rma Hastanesi\u2019nde ent\u00fcbe edilmi\u015fti. T\u00fcrk sinemas\u0131n\u0131 \u00f6nemli \u00f6l\u00e7\u00fcde etkileyen toplumsal ger\u00e7ek\u00e7ilik ak\u0131m\u0131n\u0131n ikinci ku\u015fa\u011f\u0131n\u0131 olu\u015fturan ba\u015fl\u0131ca y\u00f6netmenlerden olan [&hellip;]"}