{"version":"1.0","provider_name":"Kuzeyin Sesi","provider_url":"https:\/\/kuzeyinsesi.org","author_name":"Kuzeyin Sesi","author_url":"https:\/\/kuzeyinsesi.org\/index.php\/author\/guven\/","title":"Antalya a\u00e7\u0131klar\u0131nda 4,6 b\u00fcy\u00fckl\u00fc\u011f\u00fcnde deprem - Kuzeyin Sesi","type":"rich","width":600,"height":338,"html":"<blockquote class=\"wp-embedded-content\" data-secret=\"rxS3rRf5cm\"><a href=\"https:\/\/kuzeyinsesi.org\/index.php\/2024\/12\/04\/antalya-aciklarinda-46-buyuklugunde-deprem\/\">Antalya a\u00e7\u0131klar\u0131nda 4,6 b\u00fcy\u00fckl\u00fc\u011f\u00fcnde deprem<\/a><\/blockquote><iframe sandbox=\"allow-scripts\" security=\"restricted\" src=\"https:\/\/kuzeyinsesi.org\/index.php\/2024\/12\/04\/antalya-aciklarinda-46-buyuklugunde-deprem\/embed\/#?secret=rxS3rRf5cm\" width=\"600\" height=\"338\" title=\"&#8220;Antalya a\u00e7\u0131klar\u0131nda 4,6 b\u00fcy\u00fckl\u00fc\u011f\u00fcnde deprem&#8221; &#8212; Kuzeyin Sesi\" data-secret=\"rxS3rRf5cm\" frameborder=\"0\" marginwidth=\"0\" marginheight=\"0\" scrolling=\"no\" class=\"wp-embedded-content\"><\/iframe><script type=\"text\/javascript\">\n\/* <![CDATA[ *\/\n\/*! This file is auto-generated *\/\n!function(d,l){\"use strict\";l.querySelector&&d.addEventListener&&\"undefined\"!=typeof URL&&(d.wp=d.wp||{},d.wp.receiveEmbedMessage||(d.wp.receiveEmbedMessage=function(e){var t=e.data;if((t||t.secret||t.message||t.value)&&!\/[^a-zA-Z0-9]\/.test(t.secret)){for(var s,r,n,a=l.querySelectorAll('iframe[data-secret=\"'+t.secret+'\"]'),o=l.querySelectorAll('blockquote[data-secret=\"'+t.secret+'\"]'),c=new RegExp(\"^https?:$\",\"i\"),i=0;i<o.length;i++)o[i].style.display=\"none\";for(i=0;i<a.length;i++)s=a[i],e.source===s.contentWindow&&(s.removeAttribute(\"style\"),\"height\"===t.message?(1e3<(r=parseInt(t.value,10))?r=1e3:~~r<200&&(r=200),s.height=r):\"link\"===t.message&&(r=new URL(s.getAttribute(\"src\")),n=new URL(t.value),c.test(n.protocol))&&n.host===r.host&&l.activeElement===s&&(d.top.location.href=t.value))}},d.addEventListener(\"message\",d.wp.receiveEmbedMessage,!1),l.addEventListener(\"DOMContentLoaded\",function(){for(var e,t,s=l.querySelectorAll(\"iframe.wp-embedded-content\"),r=0;r<s.length;r++)(t=(e=s[r]).getAttribute(\"data-secret\"))||(t=Math.random().toString(36).substring(2,12),e.src+=\"#?secret=\"+t,e.setAttribute(\"data-secret\",t)),e.contentWindow.postMessage({message:\"ready\",secret:t},\"*\")},!1)))}(window,document);\n\/\/# sourceURL=https:\/\/kuzeyinsesi.org\/wp-includes\/js\/wp-embed.min.js\n\/* ]]> *\/\n<\/script>\n","thumbnail_url":"https:\/\/brtk.net\/wp-content\/uploads\/2024\/11\/27\/deprem-25.png?ver=6fe063fea2b84f029e9e2fde1a0a4d80","thumbnail_width":600,"thumbnail_height":356,"description":"\u00a0 Akdeniz\u2019de, Antalya\u2019n\u0131n Gazipa\u015fa il\u00e7esi a\u00e7\u0131klar\u0131nda 4,6 b\u00fcy\u00fckl\u00fc\u011f\u00fcnde deprem meydana geldi. Afet ve Acil Durum Y\u00f6netimi Ba\u015fkanl\u0131\u011f\u0131n\u0131n (AFAD) \u2060payla\u015ft\u0131\u011f\u0131 bilgiye g\u00f6re, Akdeniz\u2019de, Antalya\u2019n\u0131n Gazipa\u015fa il\u00e7esi a\u00e7\u0131klar\u0131nda 4,6 b\u00fcy\u00fckl\u00fc\u011f\u00fcnde deprem oldu. Saat 12.09\u2019da (TS\u0130) meydana gelen deprem, 32,69 kilometre derinde kaydedildi."}