{"version":"1.0","provider_name":"Kuzeyin Sesi","provider_url":"https:\/\/kuzeyinsesi.org","author_name":"Kuzeyin Sesi","author_url":"https:\/\/kuzeyinsesi.org\/index.php\/author\/guven\/","title":"Z\u00fclf\u00fc Livaneli \u015fark\u0131lar\u0131 Lefko\u015fa\u2019da yank\u0131land\u0131 - Kuzeyin Sesi","type":"rich","width":600,"height":338,"html":"<blockquote class=\"wp-embedded-content\" data-secret=\"wyYaw6N3lO\"><a href=\"https:\/\/kuzeyinsesi.org\/index.php\/2024\/12\/03\/zulfu-livaneli-sarkilari-lefkosada-yankilandi\/\">Z\u00fclf\u00fc Livaneli \u015fark\u0131lar\u0131 Lefko\u015fa\u2019da yank\u0131land\u0131<\/a><\/blockquote><iframe sandbox=\"allow-scripts\" security=\"restricted\" src=\"https:\/\/kuzeyinsesi.org\/index.php\/2024\/12\/03\/zulfu-livaneli-sarkilari-lefkosada-yankilandi\/embed\/#?secret=wyYaw6N3lO\" width=\"600\" height=\"338\" title=\"&#8220;Z\u00fclf\u00fc Livaneli \u015fark\u0131lar\u0131 Lefko\u015fa\u2019da yank\u0131land\u0131&#8221; &#8212; Kuzeyin Sesi\" data-secret=\"wyYaw6N3lO\" frameborder=\"0\" marginwidth=\"0\" marginheight=\"0\" scrolling=\"no\" class=\"wp-embedded-content\"><\/iframe><script type=\"text\/javascript\">\n\/* <![CDATA[ *\/\n\/*! This file is auto-generated *\/\n!function(d,l){\"use strict\";l.querySelector&&d.addEventListener&&\"undefined\"!=typeof URL&&(d.wp=d.wp||{},d.wp.receiveEmbedMessage||(d.wp.receiveEmbedMessage=function(e){var t=e.data;if((t||t.secret||t.message||t.value)&&!\/[^a-zA-Z0-9]\/.test(t.secret)){for(var s,r,n,a=l.querySelectorAll('iframe[data-secret=\"'+t.secret+'\"]'),o=l.querySelectorAll('blockquote[data-secret=\"'+t.secret+'\"]'),c=new RegExp(\"^https?:$\",\"i\"),i=0;i<o.length;i++)o[i].style.display=\"none\";for(i=0;i<a.length;i++)s=a[i],e.source===s.contentWindow&&(s.removeAttribute(\"style\"),\"height\"===t.message?(1e3<(r=parseInt(t.value,10))?r=1e3:~~r<200&&(r=200),s.height=r):\"link\"===t.message&&(r=new URL(s.getAttribute(\"src\")),n=new URL(t.value),c.test(n.protocol))&&n.host===r.host&&l.activeElement===s&&(d.top.location.href=t.value))}},d.addEventListener(\"message\",d.wp.receiveEmbedMessage,!1),l.addEventListener(\"DOMContentLoaded\",function(){for(var e,t,s=l.querySelectorAll(\"iframe.wp-embedded-content\"),r=0;r<s.length;r++)(t=(e=s[r]).getAttribute(\"data-secret\"))||(t=Math.random().toString(36).substring(2,12),e.src+=\"#?secret=\"+t,e.setAttribute(\"data-secret\",t)),e.contentWindow.postMessage({message:\"ready\",secret:t},\"*\")},!1)))}(window,document);\n\/\/# sourceURL=https:\/\/kuzeyinsesi.org\/wp-includes\/js\/wp-embed.min.js\n\/* ]]> *\/\n<\/script>\n","thumbnail_url":"https:\/\/brtk.net\/wp-content\/uploads\/2024\/12\/03\/iepqiepq.jpg?ver=e61a7f0fe59d69010e61976b126291ec","thumbnail_width":600,"thumbnail_height":401,"description":"Lefko\u015fa Belediye Orkestras\u0131, YD\u00dc Atat\u00fcrk K\u00fclt\u00fcr ve Kongre Merkezi\u2019nde d\u00fczenledi\u011fi konserde, Z\u00fclf\u00fc Livaneli\u2019nin ku\u015faktan ku\u015fa\u011fa aktar\u0131lan eserlerini sanatseverlerle bulu\u015fturdu. Lefko\u015fa T\u00fcrk Belediyesi\u2019nden (LTB) yap\u0131lan a\u00e7\u0131klamaya g\u00f6re geceye LTB Ba\u015fkan\u0131 Mehmet Harmanc\u0131, belediye meclis \u00fcyeleri, Livaneli\u2019nin menajeri N\u00fckhet Karabayraktar ve m\u00fczikseverler kat\u0131ld\u0131. \u015eef Mustafa Aksa\u00e7 y\u00f6netimindeki konserde, Ay\u015feg\u00fcl Zaim, Ahu Ar\u0131, Ay\u015fe Nur Ayd\u0131n, Behi\u00e7 Anibal, [&hellip;]"}