{"version":"1.0","provider_name":"Kuzeyin Sesi","provider_url":"https:\/\/kuzeyinsesi.org","author_name":"Kuzeyin Sesi","author_url":"https:\/\/kuzeyinsesi.org\/index.php\/author\/guven\/","title":"T\u00fcrkiye\u2019de kas\u0131m ay\u0131 enflasyonu y\u00fczde 2.24 - Kuzeyin Sesi","type":"rich","width":600,"height":338,"html":"<blockquote class=\"wp-embedded-content\" data-secret=\"3BUYAVURfD\"><a href=\"https:\/\/kuzeyinsesi.org\/index.php\/2024\/12\/03\/turkiyede-kasim-ayi-enflasyonu-yuzde-2-24\/\">T\u00fcrkiye\u2019de kas\u0131m ay\u0131 enflasyonu y\u00fczde 2.24<\/a><\/blockquote><iframe sandbox=\"allow-scripts\" security=\"restricted\" src=\"https:\/\/kuzeyinsesi.org\/index.php\/2024\/12\/03\/turkiyede-kasim-ayi-enflasyonu-yuzde-2-24\/embed\/#?secret=3BUYAVURfD\" width=\"600\" height=\"338\" title=\"&#8220;T\u00fcrkiye\u2019de kas\u0131m ay\u0131 enflasyonu y\u00fczde 2.24&#8221; &#8212; Kuzeyin Sesi\" data-secret=\"3BUYAVURfD\" frameborder=\"0\" marginwidth=\"0\" marginheight=\"0\" scrolling=\"no\" class=\"wp-embedded-content\"><\/iframe><script type=\"text\/javascript\">\n\/* <![CDATA[ *\/\n\/*! This file is auto-generated *\/\n!function(d,l){\"use strict\";l.querySelector&&d.addEventListener&&\"undefined\"!=typeof URL&&(d.wp=d.wp||{},d.wp.receiveEmbedMessage||(d.wp.receiveEmbedMessage=function(e){var t=e.data;if((t||t.secret||t.message||t.value)&&!\/[^a-zA-Z0-9]\/.test(t.secret)){for(var s,r,n,a=l.querySelectorAll('iframe[data-secret=\"'+t.secret+'\"]'),o=l.querySelectorAll('blockquote[data-secret=\"'+t.secret+'\"]'),c=new RegExp(\"^https?:$\",\"i\"),i=0;i<o.length;i++)o[i].style.display=\"none\";for(i=0;i<a.length;i++)s=a[i],e.source===s.contentWindow&&(s.removeAttribute(\"style\"),\"height\"===t.message?(1e3<(r=parseInt(t.value,10))?r=1e3:~~r<200&&(r=200),s.height=r):\"link\"===t.message&&(r=new URL(s.getAttribute(\"src\")),n=new URL(t.value),c.test(n.protocol))&&n.host===r.host&&l.activeElement===s&&(d.top.location.href=t.value))}},d.addEventListener(\"message\",d.wp.receiveEmbedMessage,!1),l.addEventListener(\"DOMContentLoaded\",function(){for(var e,t,s=l.querySelectorAll(\"iframe.wp-embedded-content\"),r=0;r<s.length;r++)(t=(e=s[r]).getAttribute(\"data-secret\"))||(t=Math.random().toString(36).substring(2,12),e.src+=\"#?secret=\"+t,e.setAttribute(\"data-secret\",t)),e.contentWindow.postMessage({message:\"ready\",secret:t},\"*\")},!1)))}(window,document);\n\/\/# sourceURL=https:\/\/kuzeyinsesi.org\/wp-includes\/js\/wp-embed.min.js\n\/* ]]> *\/\n<\/script>\n","thumbnail_url":"https:\/\/brtk.net\/wp-content\/uploads\/2024\/12\/03\/927701-132648586111.jpg?ver=5ca7d4c81a2ca41b9f52714fdd4ca466","thumbnail_width":600,"thumbnail_height":399,"description":"T\u00fcrkiye \u0130statistik Kurumu (T\u00dc\u0130K), kas\u0131m ay\u0131 enflasyon rakamlar\u0131n\u0131 a\u00e7\u0131klad\u0131. Enflasyon kas\u0131m ayl\u0131k bazda y\u00fczde 2,24 ile beklentilerin \u00fczerinde a\u00e7\u0131kland\u0131. Y\u0131ll\u0131k enflasyon ise y\u00fczde 47,09 oldu. Kira zam tavan\u0131n\u0131 belirleyen 12 ayl\u0131k enflasyon g\u00f6stergesi y\u00fczde 60,45 oldu. T\u00fcketici fiyatlar\u0131, ekimde y\u00fczde 2,88 art\u0131\u015f kaydetmi\u015fti. Y\u0131ll\u0131k enflasyon y\u00fczde 48,58\u2019e gerilemi\u015fti. Ekonomistler, kas\u0131m ay\u0131nda ayl\u0131k enflasyonun y\u00fczde 2\u2019nin [&hellip;]"}