{"version":"1.0","provider_name":"Kuzeyin Sesi","provider_url":"https:\/\/kuzeyinsesi.org","author_name":"Kuzeyin Sesi","author_url":"https:\/\/kuzeyinsesi.org\/index.php\/author\/guven\/","title":"\u015eehit Ertu\u011frul \u0130lkokulu\u2019nda etkinlik yap\u0131ld\u0131 - Kuzeyin Sesi","type":"rich","width":600,"height":338,"html":"<blockquote class=\"wp-embedded-content\" data-secret=\"vzeZPwrqwn\"><a href=\"https:\/\/kuzeyinsesi.org\/index.php\/2024\/12\/02\/sehit-ertugrul-ilkokulunda-etkinlik-yapildi\/\">\u015eehit Ertu\u011frul \u0130lkokulu\u2019nda etkinlik yap\u0131ld\u0131<\/a><\/blockquote><iframe sandbox=\"allow-scripts\" security=\"restricted\" src=\"https:\/\/kuzeyinsesi.org\/index.php\/2024\/12\/02\/sehit-ertugrul-ilkokulunda-etkinlik-yapildi\/embed\/#?secret=vzeZPwrqwn\" width=\"600\" height=\"338\" title=\"&#8220;\u015eehit Ertu\u011frul \u0130lkokulu\u2019nda etkinlik yap\u0131ld\u0131&#8221; &#8212; Kuzeyin Sesi\" data-secret=\"vzeZPwrqwn\" frameborder=\"0\" marginwidth=\"0\" marginheight=\"0\" scrolling=\"no\" class=\"wp-embedded-content\"><\/iframe><script type=\"text\/javascript\">\n\/* <![CDATA[ *\/\n\/*! This file is auto-generated *\/\n!function(d,l){\"use strict\";l.querySelector&&d.addEventListener&&\"undefined\"!=typeof URL&&(d.wp=d.wp||{},d.wp.receiveEmbedMessage||(d.wp.receiveEmbedMessage=function(e){var t=e.data;if((t||t.secret||t.message||t.value)&&!\/[^a-zA-Z0-9]\/.test(t.secret)){for(var s,r,n,a=l.querySelectorAll('iframe[data-secret=\"'+t.secret+'\"]'),o=l.querySelectorAll('blockquote[data-secret=\"'+t.secret+'\"]'),c=new RegExp(\"^https?:$\",\"i\"),i=0;i<o.length;i++)o[i].style.display=\"none\";for(i=0;i<a.length;i++)s=a[i],e.source===s.contentWindow&&(s.removeAttribute(\"style\"),\"height\"===t.message?(1e3<(r=parseInt(t.value,10))?r=1e3:~~r<200&&(r=200),s.height=r):\"link\"===t.message&&(r=new URL(s.getAttribute(\"src\")),n=new URL(t.value),c.test(n.protocol))&&n.host===r.host&&l.activeElement===s&&(d.top.location.href=t.value))}},d.addEventListener(\"message\",d.wp.receiveEmbedMessage,!1),l.addEventListener(\"DOMContentLoaded\",function(){for(var e,t,s=l.querySelectorAll(\"iframe.wp-embedded-content\"),r=0;r<s.length;r++)(t=(e=s[r]).getAttribute(\"data-secret\"))||(t=Math.random().toString(36).substring(2,12),e.src+=\"#?secret=\"+t,e.setAttribute(\"data-secret\",t)),e.contentWindow.postMessage({message:\"ready\",secret:t},\"*\")},!1)))}(window,document);\n\/\/# sourceURL=https:\/\/kuzeyinsesi.org\/wp-includes\/js\/wp-embed.min.js\n\/* ]]> *\/\n<\/script>\n","thumbnail_url":"https:\/\/brtk.net\/wp-content\/uploads\/2024\/12\/02\/iste-kadin-fotograf-sergisi-3-1.jpeg?ver=778614447d23de132c4fb82642765a3b","thumbnail_width":600,"thumbnail_height":281,"description":"K\u00fclt\u00fcr\u00fcm\u00fcz\u00fcn gelecek nesillere aktar\u0131lmas\u0131 i\u00e7in okullarda etkinlikler yap\u0131l\u0131yor\u2026 \u015eehit Ertu\u011frul \u0130lkokulu\u2019nda yap\u0131lan etkinlikte K\u0131br\u0131s k\u00fclt\u00fcr\u00fc bir kez daha ya\u015fat\u0131ld\u0131, \u00e7ocuklar ise K\u0131br\u0131s \u015fark\u0131lar\u0131yla g\u00f6n\u00fcllerince bir g\u00fcn ge\u00e7irme f\u0131rsat\u0131 buldu\u2026 \u015eehit Ertu\u011frul \u0130lkokulu\u2019nda K\u0131br\u0131s K\u00fclt\u00fcr\u00fc etkinli\u011fi yap\u0131ld\u0131\u2026 Etkinli\u011fe \u0130lk\u00f6\u011fretim Dairesi m\u00fcd\u00fcr\u00fc Hakk\u0131 Ba\u015far\u0131 da kat\u0131ld\u0131\u2026 Etkinlikte, kermes, g\u00f6steri ve K\u0131br\u0131s k\u00fclt\u00fcr\u00fcn\u00fc yans\u0131tan e\u015fyalar\u0131n ve yiyeceklerin sergisi [&hellip;]"}