{"version":"1.0","provider_name":"Kuzeyin Sesi","provider_url":"https:\/\/kuzeyinsesi.org","author_name":"Kuzeyin Sesi","author_url":"https:\/\/kuzeyinsesi.org\/index.php\/author\/guven\/","title":"\u201c\u0130\u015f\u2019te Kad\u0131n\u201d foto\u011fraf sergisi Ercan\u2019da a\u00e7\u0131ld\u0131 - Kuzeyin Sesi","type":"rich","width":600,"height":338,"html":"<blockquote class=\"wp-embedded-content\" data-secret=\"suWtbK5LZU\"><a href=\"https:\/\/kuzeyinsesi.org\/index.php\/2024\/12\/02\/iste-kadin-fotograf-sergisi-ercanda-acildi\/\">\u201c\u0130\u015f\u2019te Kad\u0131n\u201d foto\u011fraf sergisi Ercan\u2019da a\u00e7\u0131ld\u0131<\/a><\/blockquote><iframe sandbox=\"allow-scripts\" security=\"restricted\" src=\"https:\/\/kuzeyinsesi.org\/index.php\/2024\/12\/02\/iste-kadin-fotograf-sergisi-ercanda-acildi\/embed\/#?secret=suWtbK5LZU\" width=\"600\" height=\"338\" title=\"&#8220;\u201c\u0130\u015f\u2019te Kad\u0131n\u201d foto\u011fraf sergisi Ercan\u2019da a\u00e7\u0131ld\u0131&#8221; &#8212; Kuzeyin Sesi\" data-secret=\"suWtbK5LZU\" frameborder=\"0\" marginwidth=\"0\" marginheight=\"0\" scrolling=\"no\" class=\"wp-embedded-content\"><\/iframe><script type=\"text\/javascript\">\n\/* <![CDATA[ *\/\n\/*! This file is auto-generated *\/\n!function(d,l){\"use strict\";l.querySelector&&d.addEventListener&&\"undefined\"!=typeof URL&&(d.wp=d.wp||{},d.wp.receiveEmbedMessage||(d.wp.receiveEmbedMessage=function(e){var t=e.data;if((t||t.secret||t.message||t.value)&&!\/[^a-zA-Z0-9]\/.test(t.secret)){for(var s,r,n,a=l.querySelectorAll('iframe[data-secret=\"'+t.secret+'\"]'),o=l.querySelectorAll('blockquote[data-secret=\"'+t.secret+'\"]'),c=new RegExp(\"^https?:$\",\"i\"),i=0;i<o.length;i++)o[i].style.display=\"none\";for(i=0;i<a.length;i++)s=a[i],e.source===s.contentWindow&&(s.removeAttribute(\"style\"),\"height\"===t.message?(1e3<(r=parseInt(t.value,10))?r=1e3:~~r<200&&(r=200),s.height=r):\"link\"===t.message&&(r=new URL(s.getAttribute(\"src\")),n=new URL(t.value),c.test(n.protocol))&&n.host===r.host&&l.activeElement===s&&(d.top.location.href=t.value))}},d.addEventListener(\"message\",d.wp.receiveEmbedMessage,!1),l.addEventListener(\"DOMContentLoaded\",function(){for(var e,t,s=l.querySelectorAll(\"iframe.wp-embedded-content\"),r=0;r<s.length;r++)(t=(e=s[r]).getAttribute(\"data-secret\"))||(t=Math.random().toString(36).substring(2,12),e.src+=\"#?secret=\"+t,e.setAttribute(\"data-secret\",t)),e.contentWindow.postMessage({message:\"ready\",secret:t},\"*\")},!1)))}(window,document);\n\/\/# sourceURL=https:\/\/kuzeyinsesi.org\/wp-includes\/js\/wp-embed.min.js\n\/* ]]> *\/\n<\/script>\n","thumbnail_url":"https:\/\/brtk.net\/wp-content\/uploads\/2024\/12\/02\/iste-kadin-fotograf-sergisi-3.jpeg?ver=6ea1d08ac790fe8d6ed2b583a0985470","thumbnail_width":600,"thumbnail_height":286,"description":"\u201c\u0130\u015f\u2019te Kad\u0131n\u201d foto\u011fraf sergisi Ercan Havaliman\u0131\u2019nda a\u00e7\u0131ld\u0131. Verilen bilgiye g\u00f6re, T&amp;T Havaliman\u0131 \u0130\u015fletmecili\u011fi, \u0130\u015f Kad\u0131nlar\u0131 Derne\u011fi (\u0130KD) ile i\u015f birli\u011finde ziyarete a\u00e7\u0131lan sergide \u0130\u015f Kad\u0131nlar\u0131 Derne\u011fi\u2019nin bu y\u0131l 7\u2019ncisini d\u00fczenledi\u011fi foto\u011fraf yar\u0131\u015fmas\u0131nda dereceye giren ve sergileme alan foto\u011fraflar yer al\u0131yor.\u00a0 \u00a0 \u00a0"}