{"version":"1.0","provider_name":"Kuzeyin Sesi","provider_url":"https:\/\/kuzeyinsesi.org","author_name":"Kuzeyin Sesi","author_url":"https:\/\/kuzeyinsesi.org\/index.php\/author\/guven\/","title":"\u00c7a\u011fda\u015f M\u00fczik Derne\u011fi\u2019nden \u201cBir Tatl\u0131 Huzur\u201d Konseri - Kuzeyin Sesi","type":"rich","width":600,"height":338,"html":"<blockquote class=\"wp-embedded-content\" data-secret=\"AnMM2yxF5f\"><a href=\"https:\/\/kuzeyinsesi.org\/index.php\/2024\/12\/02\/cagdas-muzik-derneginden-bir-tatli-huzur-konseri\/\">\u00c7a\u011fda\u015f M\u00fczik Derne\u011fi\u2019nden \u201cBir Tatl\u0131 Huzur\u201d Konseri<\/a><\/blockquote><iframe sandbox=\"allow-scripts\" security=\"restricted\" src=\"https:\/\/kuzeyinsesi.org\/index.php\/2024\/12\/02\/cagdas-muzik-derneginden-bir-tatli-huzur-konseri\/embed\/#?secret=AnMM2yxF5f\" width=\"600\" height=\"338\" title=\"&#8220;\u00c7a\u011fda\u015f M\u00fczik Derne\u011fi\u2019nden \u201cBir Tatl\u0131 Huzur\u201d Konseri&#8221; &#8212; Kuzeyin Sesi\" data-secret=\"AnMM2yxF5f\" frameborder=\"0\" marginwidth=\"0\" marginheight=\"0\" scrolling=\"no\" class=\"wp-embedded-content\"><\/iframe><script type=\"text\/javascript\">\n\/* <![CDATA[ *\/\n\/*! This file is auto-generated *\/\n!function(d,l){\"use strict\";l.querySelector&&d.addEventListener&&\"undefined\"!=typeof URL&&(d.wp=d.wp||{},d.wp.receiveEmbedMessage||(d.wp.receiveEmbedMessage=function(e){var t=e.data;if((t||t.secret||t.message||t.value)&&!\/[^a-zA-Z0-9]\/.test(t.secret)){for(var s,r,n,a=l.querySelectorAll('iframe[data-secret=\"'+t.secret+'\"]'),o=l.querySelectorAll('blockquote[data-secret=\"'+t.secret+'\"]'),c=new RegExp(\"^https?:$\",\"i\"),i=0;i<o.length;i++)o[i].style.display=\"none\";for(i=0;i<a.length;i++)s=a[i],e.source===s.contentWindow&&(s.removeAttribute(\"style\"),\"height\"===t.message?(1e3<(r=parseInt(t.value,10))?r=1e3:~~r<200&&(r=200),s.height=r):\"link\"===t.message&&(r=new URL(s.getAttribute(\"src\")),n=new URL(t.value),c.test(n.protocol))&&n.host===r.host&&l.activeElement===s&&(d.top.location.href=t.value))}},d.addEventListener(\"message\",d.wp.receiveEmbedMessage,!1),l.addEventListener(\"DOMContentLoaded\",function(){for(var e,t,s=l.querySelectorAll(\"iframe.wp-embedded-content\"),r=0;r<s.length;r++)(t=(e=s[r]).getAttribute(\"data-secret\"))||(t=Math.random().toString(36).substring(2,12),e.src+=\"#?secret=\"+t,e.setAttribute(\"data-secret\",t)),e.contentWindow.postMessage({message:\"ready\",secret:t},\"*\")},!1)))}(window,document);\n\/\/# sourceURL=https:\/\/kuzeyinsesi.org\/wp-includes\/js\/wp-embed.min.js\n\/* ]]> *\/\n<\/script>\n","thumbnail_url":"https:\/\/brtk.net\/wp-content\/uploads\/2024\/12\/02\/cmd-2-2.jpg?ver=8cb41ecc93b2cb23bdc247623b4e7bef","thumbnail_width":600,"thumbnail_height":277,"description":"\u00c7a\u011fda\u015f M\u00fczik Derne\u011fi Lefko\u015fa\u2019da \u201cBir Tatl\u0131 Huzur\u201d konseri verdi. YD\u00dc Atat\u00fcrk K\u00fclt\u00fcr ve Kongre Merkezi\u2019nde verilen konseri Cumhurba\u015fkan\u0131 Ersin Tatar da dinledi. Dernekten yap\u0131lan a\u00e7\u0131klamaya g\u00f6re, \u015fef Ersin T\u00fcnay y\u00f6netimindeki y\u00fcz ki\u015fiden olu\u015fan saz ve ses sanat\u00e7\u0131lar\u0131\u00a0korosunun konseri yakla\u015f\u0131k iki saat s\u00fcrd\u00fc. Konserde konuk sanat\u00e7\u0131 olarak TC K\u00fclt\u00fcr Bakanl\u0131\u011f\u0131 Devlet Sanat\u00e7\u0131s\u0131 \u00c7i\u011fdem G\u00fcrdal da sahne [&hellip;]"}