{"version":"1.0","provider_name":"Kuzeyin Sesi","provider_url":"https:\/\/kuzeyinsesi.org","author_name":"Kuzeyin Sesi","author_url":"https:\/\/kuzeyinsesi.org\/index.php\/author\/guven\/","title":"10\u2019uncu Halk Danslar\u0131 \u015e\u00f6leni yap\u0131ld\u0131 - Kuzeyin Sesi","type":"rich","width":600,"height":338,"html":"<blockquote class=\"wp-embedded-content\" data-secret=\"yt2tntdiHu\"><a href=\"https:\/\/kuzeyinsesi.org\/index.php\/2024\/12\/02\/10uncu-halk-danslari-soleni-yapildi\/\">10\u2019uncu Halk Danslar\u0131 \u015e\u00f6leni yap\u0131ld\u0131<\/a><\/blockquote><iframe sandbox=\"allow-scripts\" security=\"restricted\" src=\"https:\/\/kuzeyinsesi.org\/index.php\/2024\/12\/02\/10uncu-halk-danslari-soleni-yapildi\/embed\/#?secret=yt2tntdiHu\" width=\"600\" height=\"338\" title=\"&#8220;10\u2019uncu Halk Danslar\u0131 \u015e\u00f6leni yap\u0131ld\u0131&#8221; &#8212; Kuzeyin Sesi\" data-secret=\"yt2tntdiHu\" frameborder=\"0\" marginwidth=\"0\" marginheight=\"0\" scrolling=\"no\" class=\"wp-embedded-content\"><\/iframe><script type=\"text\/javascript\">\n\/* <![CDATA[ *\/\n\/*! This file is auto-generated *\/\n!function(d,l){\"use strict\";l.querySelector&&d.addEventListener&&\"undefined\"!=typeof URL&&(d.wp=d.wp||{},d.wp.receiveEmbedMessage||(d.wp.receiveEmbedMessage=function(e){var t=e.data;if((t||t.secret||t.message||t.value)&&!\/[^a-zA-Z0-9]\/.test(t.secret)){for(var s,r,n,a=l.querySelectorAll('iframe[data-secret=\"'+t.secret+'\"]'),o=l.querySelectorAll('blockquote[data-secret=\"'+t.secret+'\"]'),c=new RegExp(\"^https?:$\",\"i\"),i=0;i<o.length;i++)o[i].style.display=\"none\";for(i=0;i<a.length;i++)s=a[i],e.source===s.contentWindow&&(s.removeAttribute(\"style\"),\"height\"===t.message?(1e3<(r=parseInt(t.value,10))?r=1e3:~~r<200&&(r=200),s.height=r):\"link\"===t.message&&(r=new URL(s.getAttribute(\"src\")),n=new URL(t.value),c.test(n.protocol))&&n.host===r.host&&l.activeElement===s&&(d.top.location.href=t.value))}},d.addEventListener(\"message\",d.wp.receiveEmbedMessage,!1),l.addEventListener(\"DOMContentLoaded\",function(){for(var e,t,s=l.querySelectorAll(\"iframe.wp-embedded-content\"),r=0;r<s.length;r++)(t=(e=s[r]).getAttribute(\"data-secret\"))||(t=Math.random().toString(36).substring(2,12),e.src+=\"#?secret=\"+t,e.setAttribute(\"data-secret\",t)),e.contentWindow.postMessage({message:\"ready\",secret:t},\"*\")},!1)))}(window,document);\n\/\/# sourceURL=https:\/\/kuzeyinsesi.org\/wp-includes\/js\/wp-embed.min.js\n\/* ]]> *\/\n<\/script>\n","thumbnail_url":"https:\/\/brtk.net\/wp-content\/uploads\/2024\/12\/02\/halk-danslari-2-1.png?ver=e09e5a8102b6f69700b682ce10ed578b","thumbnail_width":600,"thumbnail_height":358,"description":"K\u0131br\u0131s T\u00fcrk Halk Danslar\u0131 Federasyonu 10\u2019uncu Halk Danslar\u0131 \u015e\u00f6leni yap\u0131ld\u0131. Halk Danslar\u0131 Federasyonu\u2019ndan yap\u0131lan a\u00e7\u0131klamaya g\u00f6re, 29-30 Kas\u0131m tarihlerinde yap\u0131lan Halk Danslar\u0131 \u015e\u00f6leni\u2019nin a\u00e7\u0131l\u0131\u015f\u0131na Cumhurba\u015fkan\u0131 Ersin Tatar da kat\u0131ld\u0131. Gazima\u011fusa Rauf Raif Denkta\u015f K\u00fclt\u00fcr ve Kongre Saray\u0131\u2019ndaki \u015f\u00f6lende konu\u015fan K\u0131br\u0131s T\u00fcrk Halk Danslar\u0131 Federasyonu Ba\u015fkan\u0131 \u00d6zlem Kadira\u011fa, 10. Halk Danslar\u0131 \u015e\u00f6leni\u2019nin b\u00fcy\u00fck bir emek ve [&hellip;]"}