{"version":"1.0","provider_name":"Kuzeyin Sesi","provider_url":"https:\/\/kuzeyinsesi.org","author_name":"Kuzeyin Sesi","author_url":"https:\/\/kuzeyinsesi.org\/index.php\/author\/guven\/","title":"\u015eim\u015fek: B\u00fcy\u00fcme, \u0131l\u0131ml\u0131 ve dengeli seyrediyor - Kuzeyin Sesi","type":"rich","width":600,"height":338,"html":"<blockquote class=\"wp-embedded-content\" data-secret=\"AHAMxBd27P\"><a href=\"https:\/\/kuzeyinsesi.org\/index.php\/2024\/11\/29\/simsek-buyume-ilimli-ve-dengeli-seyrediyor\/\">\u015eim\u015fek: B\u00fcy\u00fcme, \u0131l\u0131ml\u0131 ve dengeli seyrediyor<\/a><\/blockquote><iframe sandbox=\"allow-scripts\" security=\"restricted\" src=\"https:\/\/kuzeyinsesi.org\/index.php\/2024\/11\/29\/simsek-buyume-ilimli-ve-dengeli-seyrediyor\/embed\/#?secret=AHAMxBd27P\" width=\"600\" height=\"338\" title=\"&#8220;\u015eim\u015fek: B\u00fcy\u00fcme, \u0131l\u0131ml\u0131 ve dengeli seyrediyor&#8221; &#8212; Kuzeyin Sesi\" data-secret=\"AHAMxBd27P\" frameborder=\"0\" marginwidth=\"0\" marginheight=\"0\" scrolling=\"no\" class=\"wp-embedded-content\"><\/iframe><script type=\"text\/javascript\">\n\/* <![CDATA[ *\/\n\/*! This file is auto-generated *\/\n!function(d,l){\"use strict\";l.querySelector&&d.addEventListener&&\"undefined\"!=typeof URL&&(d.wp=d.wp||{},d.wp.receiveEmbedMessage||(d.wp.receiveEmbedMessage=function(e){var t=e.data;if((t||t.secret||t.message||t.value)&&!\/[^a-zA-Z0-9]\/.test(t.secret)){for(var s,r,n,a=l.querySelectorAll('iframe[data-secret=\"'+t.secret+'\"]'),o=l.querySelectorAll('blockquote[data-secret=\"'+t.secret+'\"]'),c=new RegExp(\"^https?:$\",\"i\"),i=0;i<o.length;i++)o[i].style.display=\"none\";for(i=0;i<a.length;i++)s=a[i],e.source===s.contentWindow&&(s.removeAttribute(\"style\"),\"height\"===t.message?(1e3<(r=parseInt(t.value,10))?r=1e3:~~r<200&&(r=200),s.height=r):\"link\"===t.message&&(r=new URL(s.getAttribute(\"src\")),n=new URL(t.value),c.test(n.protocol))&&n.host===r.host&&l.activeElement===s&&(d.top.location.href=t.value))}},d.addEventListener(\"message\",d.wp.receiveEmbedMessage,!1),l.addEventListener(\"DOMContentLoaded\",function(){for(var e,t,s=l.querySelectorAll(\"iframe.wp-embedded-content\"),r=0;r<s.length;r++)(t=(e=s[r]).getAttribute(\"data-secret\"))||(t=Math.random().toString(36).substring(2,12),e.src+=\"#?secret=\"+t,e.setAttribute(\"data-secret\",t)),e.contentWindow.postMessage({message:\"ready\",secret:t},\"*\")},!1)))}(window,document);\n\/\/# sourceURL=https:\/\/kuzeyinsesi.org\/wp-includes\/js\/wp-embed.min.js\n\/* ]]> *\/\n<\/script>\n","thumbnail_url":"https:\/\/brtk.net\/wp-content\/uploads\/2024\/11\/29\/SIMSEK.jpg?ver=8fd68b659156a89ca4cd164427120e5d","thumbnail_width":600,"thumbnail_height":338,"description":"T\u00fcrkiye Hazine ve Maliye Bakan\u0131 Mehmet \u015eim\u015fek, dezenflasyon s\u00fcrecinde b\u00fcy\u00fcmenin, \u00f6ng\u00f6r\u00fcleri do\u011frultusunda \u0131l\u0131ml\u0131 ve dengeli seyretti\u011fini belirterek, \u201cEnflasyondaki d\u00fc\u015f\u00fc\u015fle birlikte artan \u00f6ng\u00f6r\u00fclebilirlik, ticaret ortaklar\u0131m\u0131zdaki toparlanma, k\u00fcresel ticaretteki iyile\u015fme ve destekleyici k\u00fcresel finansal ko\u015fullar sayesinde gelecek y\u0131l\u0131n ikinci yar\u0131s\u0131ndan itibaren ekonomik aktivitenin ivme kazanmas\u0131n\u0131 \u00f6ng\u00f6r\u00fcyoruz.\u201d ifadesini kulland\u0131. \u015eim\u015fek, sosyal medya hesab\u0131ndan, T\u00fcrkiye \u0130statistik Kurumu (T\u00dc\u0130K) taraf\u0131ndan [&hellip;]"}