{"version":"1.0","provider_name":"Kuzeyin Sesi","provider_url":"https:\/\/kuzeyinsesi.org","author_name":"Kuzeyin Sesi","author_url":"https:\/\/kuzeyinsesi.org\/index.php\/author\/guven\/","title":"\u201cKurtulu\u015fun Kad\u0131nlar\u0131\u201d Ma\u011fusa\u2019da sanatseverlerle bulu\u015ftu - Kuzeyin Sesi","type":"rich","width":600,"height":338,"html":"<blockquote class=\"wp-embedded-content\" data-secret=\"QvK2BiWD26\"><a href=\"https:\/\/kuzeyinsesi.org\/index.php\/2024\/11\/28\/kurtulusun-kadinlari-magusada-sanatseverlerle-bulustu\/\">\u201cKurtulu\u015fun Kad\u0131nlar\u0131\u201d Ma\u011fusa\u2019da sanatseverlerle bulu\u015ftu<\/a><\/blockquote><iframe sandbox=\"allow-scripts\" security=\"restricted\" src=\"https:\/\/kuzeyinsesi.org\/index.php\/2024\/11\/28\/kurtulusun-kadinlari-magusada-sanatseverlerle-bulustu\/embed\/#?secret=QvK2BiWD26\" width=\"600\" height=\"338\" title=\"&#8220;\u201cKurtulu\u015fun Kad\u0131nlar\u0131\u201d Ma\u011fusa\u2019da sanatseverlerle bulu\u015ftu&#8221; &#8212; Kuzeyin Sesi\" data-secret=\"QvK2BiWD26\" frameborder=\"0\" marginwidth=\"0\" marginheight=\"0\" scrolling=\"no\" class=\"wp-embedded-content\"><\/iframe><script type=\"text\/javascript\">\n\/* <![CDATA[ *\/\n\/*! This file is auto-generated *\/\n!function(d,l){\"use strict\";l.querySelector&&d.addEventListener&&\"undefined\"!=typeof URL&&(d.wp=d.wp||{},d.wp.receiveEmbedMessage||(d.wp.receiveEmbedMessage=function(e){var t=e.data;if((t||t.secret||t.message||t.value)&&!\/[^a-zA-Z0-9]\/.test(t.secret)){for(var s,r,n,a=l.querySelectorAll('iframe[data-secret=\"'+t.secret+'\"]'),o=l.querySelectorAll('blockquote[data-secret=\"'+t.secret+'\"]'),c=new RegExp(\"^https?:$\",\"i\"),i=0;i<o.length;i++)o[i].style.display=\"none\";for(i=0;i<a.length;i++)s=a[i],e.source===s.contentWindow&&(s.removeAttribute(\"style\"),\"height\"===t.message?(1e3<(r=parseInt(t.value,10))?r=1e3:~~r<200&&(r=200),s.height=r):\"link\"===t.message&&(r=new URL(s.getAttribute(\"src\")),n=new URL(t.value),c.test(n.protocol))&&n.host===r.host&&l.activeElement===s&&(d.top.location.href=t.value))}},d.addEventListener(\"message\",d.wp.receiveEmbedMessage,!1),l.addEventListener(\"DOMContentLoaded\",function(){for(var e,t,s=l.querySelectorAll(\"iframe.wp-embedded-content\"),r=0;r<s.length;r++)(t=(e=s[r]).getAttribute(\"data-secret\"))||(t=Math.random().toString(36).substring(2,12),e.src+=\"#?secret=\"+t,e.setAttribute(\"data-secret\",t)),e.contentWindow.postMessage({message:\"ready\",secret:t},\"*\")},!1)))}(window,document);\n\/\/# sourceURL=https:\/\/kuzeyinsesi.org\/wp-includes\/js\/wp-embed.min.js\n\/* ]]> *\/\n<\/script>\n","thumbnail_url":"https:\/\/brtk.net\/wp-content\/uploads\/2024\/11\/28\/kk2.jpg?ver=15bff4a2f605ef452cc7e7c688beea13","thumbnail_width":600,"thumbnail_height":270,"description":"\u201cKurtulu\u015fun Kad\u0131nlar\u0131\u201d isimli tiyatro oyunu, Ba\u015fbakan Yard\u0131mc\u0131l\u0131\u011f\u0131, Turizm K\u00fclt\u00fcr Gen\u00e7lik ve \u00c7evre Bakanl\u0131\u011f\u0131\u2019na ba\u011fl\u0131 K\u00fclt\u00fcr Dairesi taraf\u0131ndan sahnelendi. Tiyatro oyunu, Kuzey K\u0131br\u0131s T\u00fcrk Cumhuriyeti\u2019nin kurulu\u015funun 41. y\u0131ld\u00f6n\u00fcm\u00fc \u00e7er\u00e7evesinde Ma\u011fusa Rauf Raif Denkta\u015f K\u00fclt\u00fcr ve Kongre Saray\u0131\u2019nda sanatseverlerle bulu\u015ftu. Birg\u00fcl Ye\u015filo\u011flu G\u00fcler\u2019in yaz\u0131p tiyatro sanat\u00e7\u0131s\u0131 Ecem Y\u00fcksel\u2019in oynad\u0131\u011f\u0131 tek perdelik oyunda Kurtulu\u015f Sava\u015f\u0131\u2019n\u0131n kahraman T\u00fcrk Kad\u0131nlar\u0131 [&hellip;]"}