{"version":"1.0","provider_name":"Kuzeyin Sesi","provider_url":"https:\/\/kuzeyinsesi.org","author_name":"Kuzeyin Sesi","author_url":"https:\/\/kuzeyinsesi.org\/index.php\/author\/guven\/","title":"T\u00fcrkiye f\u0131rt\u0131na ve kar ya\u011f\u0131\u015f\u0131n\u0131n etkisinde - Kuzeyin Sesi","type":"rich","width":600,"height":338,"html":"<blockquote class=\"wp-embedded-content\" data-secret=\"kZrUvXhowW\"><a href=\"https:\/\/kuzeyinsesi.org\/index.php\/2024\/11\/24\/turkiye-firtina-ve-kar-yagisinin-etkisinde\/\">T\u00fcrkiye  f\u0131rt\u0131na ve kar ya\u011f\u0131\u015f\u0131n\u0131n etkisinde<\/a><\/blockquote><iframe sandbox=\"allow-scripts\" security=\"restricted\" src=\"https:\/\/kuzeyinsesi.org\/index.php\/2024\/11\/24\/turkiye-firtina-ve-kar-yagisinin-etkisinde\/embed\/#?secret=kZrUvXhowW\" width=\"600\" height=\"338\" title=\"&#8220;T\u00fcrkiye  f\u0131rt\u0131na ve kar ya\u011f\u0131\u015f\u0131n\u0131n etkisinde&#8221; &#8212; Kuzeyin Sesi\" data-secret=\"kZrUvXhowW\" frameborder=\"0\" marginwidth=\"0\" marginheight=\"0\" scrolling=\"no\" class=\"wp-embedded-content\"><\/iframe><script type=\"text\/javascript\">\n\/* <![CDATA[ *\/\n\/*! This file is auto-generated *\/\n!function(d,l){\"use strict\";l.querySelector&&d.addEventListener&&\"undefined\"!=typeof URL&&(d.wp=d.wp||{},d.wp.receiveEmbedMessage||(d.wp.receiveEmbedMessage=function(e){var t=e.data;if((t||t.secret||t.message||t.value)&&!\/[^a-zA-Z0-9]\/.test(t.secret)){for(var s,r,n,a=l.querySelectorAll('iframe[data-secret=\"'+t.secret+'\"]'),o=l.querySelectorAll('blockquote[data-secret=\"'+t.secret+'\"]'),c=new RegExp(\"^https?:$\",\"i\"),i=0;i<o.length;i++)o[i].style.display=\"none\";for(i=0;i<a.length;i++)s=a[i],e.source===s.contentWindow&&(s.removeAttribute(\"style\"),\"height\"===t.message?(1e3<(r=parseInt(t.value,10))?r=1e3:~~r<200&&(r=200),s.height=r):\"link\"===t.message&&(r=new URL(s.getAttribute(\"src\")),n=new URL(t.value),c.test(n.protocol))&&n.host===r.host&&l.activeElement===s&&(d.top.location.href=t.value))}},d.addEventListener(\"message\",d.wp.receiveEmbedMessage,!1),l.addEventListener(\"DOMContentLoaded\",function(){for(var e,t,s=l.querySelectorAll(\"iframe.wp-embedded-content\"),r=0;r<s.length;r++)(t=(e=s[r]).getAttribute(\"data-secret\"))||(t=Math.random().toString(36).substring(2,12),e.src+=\"#?secret=\"+t,e.setAttribute(\"data-secret\",t)),e.contentWindow.postMessage({message:\"ready\",secret:t},\"*\")},!1)))}(window,document);\n\/\/# sourceURL=https:\/\/kuzeyinsesi.org\/wp-includes\/js\/wp-embed.min.js\n\/* ]]> *\/\n<\/script>\n","thumbnail_url":"https:\/\/brtk.net\/wp-content\/uploads\/2024\/11\/24\/2306376.jpg?ver=944e9d3ccb51ec3d3742c8528512aa27","thumbnail_width":600,"thumbnail_height":338,"description":"T\u00fcrkiye\u2019nin bir\u00e7ok ilinde f\u0131rt\u0131na ve kar ya\u011f\u0131\u015f\u0131 hayat\u0131 fel\u00e7 etti. Ula\u015f\u0131mda aksamalar ya\u015fand\u0131, yo\u011fun kar ya\u011f\u0131\u015f\u0131 nedeniyle baz\u0131 yollar trafi\u011fe kapat\u0131ld\u0131. 49 il kuvvetli ya\u011f\u0131\u015f ve f\u0131rt\u0131nadan etkilendi. Bir\u00e7ok il karla beyaza b\u00fcr\u00fcn\u00fcrken \u00fc\u00e7 ilde yar\u0131n e\u011fitme ara verildi. Nev\u015fehir, Kayseri ve Ni\u011fde\u2019de il geneli ile Adana\u2019n\u0131n Tufanbeyli il\u00e7esinde 1 g\u00fcn s\u00fcre ile okullar kapat\u0131ld\u0131."}