{"version":"1.0","provider_name":"Kuzeyin Sesi","provider_url":"https:\/\/kuzeyinsesi.org","author_name":"Kuzeyin Sesi","author_url":"https:\/\/kuzeyinsesi.org\/index.php\/author\/guven\/","title":"\u0130stanbul\u2019da sa\u011fanak ve r\u00fczgar etkili oluyor - Kuzeyin Sesi","type":"rich","width":600,"height":338,"html":"<blockquote class=\"wp-embedded-content\" data-secret=\"CQh1QwIVTj\"><a href=\"https:\/\/kuzeyinsesi.org\/index.php\/2024\/11\/23\/istanbulda-saganak-ve-ruzgar-etkili-oluyor\/\">\u0130stanbul\u2019da sa\u011fanak ve r\u00fczgar etkili oluyor<\/a><\/blockquote><iframe sandbox=\"allow-scripts\" security=\"restricted\" src=\"https:\/\/kuzeyinsesi.org\/index.php\/2024\/11\/23\/istanbulda-saganak-ve-ruzgar-etkili-oluyor\/embed\/#?secret=CQh1QwIVTj\" width=\"600\" height=\"338\" title=\"&#8220;\u0130stanbul\u2019da sa\u011fanak ve r\u00fczgar etkili oluyor&#8221; &#8212; Kuzeyin Sesi\" data-secret=\"CQh1QwIVTj\" frameborder=\"0\" marginwidth=\"0\" marginheight=\"0\" scrolling=\"no\" class=\"wp-embedded-content\"><\/iframe><script type=\"text\/javascript\">\n\/* <![CDATA[ *\/\n\/*! This file is auto-generated *\/\n!function(d,l){\"use strict\";l.querySelector&&d.addEventListener&&\"undefined\"!=typeof URL&&(d.wp=d.wp||{},d.wp.receiveEmbedMessage||(d.wp.receiveEmbedMessage=function(e){var t=e.data;if((t||t.secret||t.message||t.value)&&!\/[^a-zA-Z0-9]\/.test(t.secret)){for(var s,r,n,a=l.querySelectorAll('iframe[data-secret=\"'+t.secret+'\"]'),o=l.querySelectorAll('blockquote[data-secret=\"'+t.secret+'\"]'),c=new RegExp(\"^https?:$\",\"i\"),i=0;i<o.length;i++)o[i].style.display=\"none\";for(i=0;i<a.length;i++)s=a[i],e.source===s.contentWindow&&(s.removeAttribute(\"style\"),\"height\"===t.message?(1e3<(r=parseInt(t.value,10))?r=1e3:~~r<200&&(r=200),s.height=r):\"link\"===t.message&&(r=new URL(s.getAttribute(\"src\")),n=new URL(t.value),c.test(n.protocol))&&n.host===r.host&&l.activeElement===s&&(d.top.location.href=t.value))}},d.addEventListener(\"message\",d.wp.receiveEmbedMessage,!1),l.addEventListener(\"DOMContentLoaded\",function(){for(var e,t,s=l.querySelectorAll(\"iframe.wp-embedded-content\"),r=0;r<s.length;r++)(t=(e=s[r]).getAttribute(\"data-secret\"))||(t=Math.random().toString(36).substring(2,12),e.src+=\"#?secret=\"+t,e.setAttribute(\"data-secret\",t)),e.contentWindow.postMessage({message:\"ready\",secret:t},\"*\")},!1)))}(window,document);\n\/\/# sourceURL=https:\/\/kuzeyinsesi.org\/wp-includes\/js\/wp-embed.min.js\n\/* ]]> *\/\n<\/script>\n","thumbnail_url":"https:\/\/brtk.net\/wp-content\/uploads\/2024\/11\/23\/istanbul1.jpg?ver=9ff63146f31c636bdbb81224e15312b0","thumbnail_width":600,"thumbnail_height":338,"description":"\u0130stanbul\u2019da, etkili olan sa\u011fanak ve r\u00fczgar nedeniyle baz\u0131 yerlerde a\u011fa\u00e7lar yola devrildi, binalar\u0131n \u00e7at\u0131lar\u0131ndan par\u00e7alar u\u00e7tu ve ula\u015f\u0131mda aksamalar ya\u015fand\u0131. Kent genelinde sabah\u0131n erken saatlerinde ba\u015flayan sa\u011fanak ve lodos aksakl\u0131klara neden oluyor. Be\u015fikta\u015f Ak Merkez Ba\u011flant\u0131 Yolu\u2019nda yola devrilen a\u011fa\u00e7 s\u00fcr\u00fcc\u00fclere zor anlar ya\u015fatt\u0131. Ortak\u00f6y \u015eehit Muhtar Ali R\u0131za Sokak\u2019ta park halindeki otomobilin \u00fczerine a\u011fa\u00e7 [&hellip;]"}