{"version":"1.0","provider_name":"Kuzeyin Sesi","provider_url":"https:\/\/kuzeyinsesi.org","author_name":"Kuzeyin Sesi","author_url":"https:\/\/kuzeyinsesi.org\/index.php\/author\/guven\/","title":"\u201cYa\u015fam Sahneleri ve Manzaralar\u201d foto\u011fraf sergisi a\u00e7\u0131ld\u0131 - Kuzeyin Sesi","type":"rich","width":600,"height":338,"html":"<blockquote class=\"wp-embedded-content\" data-secret=\"3uGUp5DT2u\"><a href=\"https:\/\/kuzeyinsesi.org\/index.php\/2024\/11\/21\/yasam-sahneleri-ve-manzaralar-fotograf-sergisi-acildi\/\">\u201cYa\u015fam Sahneleri ve Manzaralar\u201d foto\u011fraf sergisi a\u00e7\u0131ld\u0131<\/a><\/blockquote><iframe sandbox=\"allow-scripts\" security=\"restricted\" src=\"https:\/\/kuzeyinsesi.org\/index.php\/2024\/11\/21\/yasam-sahneleri-ve-manzaralar-fotograf-sergisi-acildi\/embed\/#?secret=3uGUp5DT2u\" width=\"600\" height=\"338\" title=\"&#8220;\u201cYa\u015fam Sahneleri ve Manzaralar\u201d foto\u011fraf sergisi a\u00e7\u0131ld\u0131&#8221; &#8212; Kuzeyin Sesi\" data-secret=\"3uGUp5DT2u\" frameborder=\"0\" marginwidth=\"0\" marginheight=\"0\" scrolling=\"no\" class=\"wp-embedded-content\"><\/iframe><script type=\"text\/javascript\">\n\/* <![CDATA[ *\/\n\/*! This file is auto-generated *\/\n!function(d,l){\"use strict\";l.querySelector&&d.addEventListener&&\"undefined\"!=typeof URL&&(d.wp=d.wp||{},d.wp.receiveEmbedMessage||(d.wp.receiveEmbedMessage=function(e){var t=e.data;if((t||t.secret||t.message||t.value)&&!\/[^a-zA-Z0-9]\/.test(t.secret)){for(var s,r,n,a=l.querySelectorAll('iframe[data-secret=\"'+t.secret+'\"]'),o=l.querySelectorAll('blockquote[data-secret=\"'+t.secret+'\"]'),c=new RegExp(\"^https?:$\",\"i\"),i=0;i<o.length;i++)o[i].style.display=\"none\";for(i=0;i<a.length;i++)s=a[i],e.source===s.contentWindow&&(s.removeAttribute(\"style\"),\"height\"===t.message?(1e3<(r=parseInt(t.value,10))?r=1e3:~~r<200&&(r=200),s.height=r):\"link\"===t.message&&(r=new URL(s.getAttribute(\"src\")),n=new URL(t.value),c.test(n.protocol))&&n.host===r.host&&l.activeElement===s&&(d.top.location.href=t.value))}},d.addEventListener(\"message\",d.wp.receiveEmbedMessage,!1),l.addEventListener(\"DOMContentLoaded\",function(){for(var e,t,s=l.querySelectorAll(\"iframe.wp-embedded-content\"),r=0;r<s.length;r++)(t=(e=s[r]).getAttribute(\"data-secret\"))||(t=Math.random().toString(36).substring(2,12),e.src+=\"#?secret=\"+t,e.setAttribute(\"data-secret\",t)),e.contentWindow.postMessage({message:\"ready\",secret:t},\"*\")},!1)))}(window,document);\n\/\/# sourceURL=https:\/\/kuzeyinsesi.org\/wp-includes\/js\/wp-embed.min.js\n\/* ]]> *\/\n<\/script>\n","thumbnail_url":"https:\/\/brtk.net\/wp-content\/uploads\/2024\/11\/21\/3333333333333333333333333333333333333333333333-scaled.jpg?ver=376ba7649ceebbe5584102faba81c831","thumbnail_width":600,"thumbnail_height":401,"description":"Amat\u00f6r foto\u011fraf\u00e7\u0131lar \u0130brahim Yap\u0131c\u0131o\u011flu ve Stuart Jhonson\u2019un birlikte haz\u0131rlad\u0131klar\u0131 \u201cYa\u015fam Sahneleri ve Manzaralar\u201d isimli foto\u011fraf sergisi Girne\u2019de izlenime a\u00e7\u0131ld\u0131. Girne Belediyesi Sanat Galerisi\u2019nde yer alan a\u00e7\u0131l\u0131\u015fa, Girne Belediye Ba\u015fkan\u0131 Murat \u015eenkul ve sanatseverler kat\u0131ld\u0131. Girne Belediyesi K\u00fclt\u00fcr \u0130\u015fleri \u015eubesi\u2019nden verilen bilgiye g\u00f6re sergi bug\u00fcn ve yar\u0131n 09.00 \u2013 16.:00 saatleri aras\u0131nda; cumartesi ise 09.:00 \u2013 [&hellip;]"}