{"version":"1.0","provider_name":"Kuzeyin Sesi","provider_url":"https:\/\/kuzeyinsesi.org","author_name":"Kuzeyin Sesi","author_url":"https:\/\/kuzeyinsesi.org\/index.php\/author\/guven\/","title":"D\u0130MED \u201cKaraba\u011f Miras\u0131\u201d konulu sergi d\u00fczenliyor - Kuzeyin Sesi","type":"rich","width":600,"height":338,"html":"<blockquote class=\"wp-embedded-content\" data-secret=\"wASjGhogmi\"><a href=\"https:\/\/kuzeyinsesi.org\/index.php\/2024\/11\/21\/dimed-karabag-mirasi-konulu-sergi-duzenliyor\/\">D\u0130MED \u201cKaraba\u011f Miras\u0131\u201d konulu sergi d\u00fczenliyor<\/a><\/blockquote><iframe sandbox=\"allow-scripts\" security=\"restricted\" src=\"https:\/\/kuzeyinsesi.org\/index.php\/2024\/11\/21\/dimed-karabag-mirasi-konulu-sergi-duzenliyor\/embed\/#?secret=wASjGhogmi\" width=\"600\" height=\"338\" title=\"&#8220;D\u0130MED \u201cKaraba\u011f Miras\u0131\u201d konulu sergi d\u00fczenliyor&#8221; &#8212; Kuzeyin Sesi\" data-secret=\"wASjGhogmi\" frameborder=\"0\" marginwidth=\"0\" marginheight=\"0\" scrolling=\"no\" class=\"wp-embedded-content\"><\/iframe><script type=\"text\/javascript\">\n\/* <![CDATA[ *\/\n\/*! This file is auto-generated *\/\n!function(d,l){\"use strict\";l.querySelector&&d.addEventListener&&\"undefined\"!=typeof URL&&(d.wp=d.wp||{},d.wp.receiveEmbedMessage||(d.wp.receiveEmbedMessage=function(e){var t=e.data;if((t||t.secret||t.message||t.value)&&!\/[^a-zA-Z0-9]\/.test(t.secret)){for(var s,r,n,a=l.querySelectorAll('iframe[data-secret=\"'+t.secret+'\"]'),o=l.querySelectorAll('blockquote[data-secret=\"'+t.secret+'\"]'),c=new RegExp(\"^https?:$\",\"i\"),i=0;i<o.length;i++)o[i].style.display=\"none\";for(i=0;i<a.length;i++)s=a[i],e.source===s.contentWindow&&(s.removeAttribute(\"style\"),\"height\"===t.message?(1e3<(r=parseInt(t.value,10))?r=1e3:~~r<200&&(r=200),s.height=r):\"link\"===t.message&&(r=new URL(s.getAttribute(\"src\")),n=new URL(t.value),c.test(n.protocol))&&n.host===r.host&&l.activeElement===s&&(d.top.location.href=t.value))}},d.addEventListener(\"message\",d.wp.receiveEmbedMessage,!1),l.addEventListener(\"DOMContentLoaded\",function(){for(var e,t,s=l.querySelectorAll(\"iframe.wp-embedded-content\"),r=0;r<s.length;r++)(t=(e=s[r]).getAttribute(\"data-secret\"))||(t=Math.random().toString(36).substring(2,12),e.src+=\"#?secret=\"+t,e.setAttribute(\"data-secret\",t)),e.contentWindow.postMessage({message:\"ready\",secret:t},\"*\")},!1)))}(window,document);\n\/\/# sourceURL=https:\/\/kuzeyinsesi.org\/wp-includes\/js\/wp-embed.min.js\n\/* ]]> *\/\n<\/script>\n","thumbnail_url":"https:\/\/brtk.net\/wp-content\/uploads\/2024\/11\/21\/dimed-karabag-mirasi-sergisi.png?ver=d14e74bd090b422eae0e58c57eb910ef","thumbnail_width":600,"thumbnail_height":345,"description":"D\u0131\u015fi\u015fleri Bakanl\u0131\u011f\u0131 Mensuplar\u0131 ve E\u015fleri Derne\u011fi (D\u0130MED), 15 Kas\u0131m Cumhuriyet Bayram\u0131 kutlama etkinlikleri \u00e7er\u00e7evesinde Azerbaycanl\u0131 ressam ve tasar\u0131mc\u0131 Nigar Helmi Abbasbeyli\u2019nin eserlerinden olu\u015fan \u201cKaraba\u011f Miras\u0131\u201d konulu sergi d\u00fczenliyor. D\u0130MED Ba\u015fkan\u0131 Prof. Dr. Oya Ertu\u011frulo\u011flu himayelerinde d\u00fczenlenecek sergi, yar\u0131n saat 16.00\u2019da D\u0131\u015fi\u015fleri Bakanl\u0131\u011f\u0131\u2019nda yer alacak. \u00a0"}