{"version":"1.0","provider_name":"Kuzeyin Sesi","provider_url":"https:\/\/kuzeyinsesi.org","author_name":"Kuzeyin Sesi","author_url":"https:\/\/kuzeyinsesi.org\/index.php\/author\/guven\/","title":"Feryal S\u00fckan\u2019\u0131n 15. Ki\u015fisel Resim Sergisi a\u00e7\u0131l\u0131yor - Kuzeyin Sesi","type":"rich","width":600,"height":338,"html":"<blockquote class=\"wp-embedded-content\" data-secret=\"ylKaiDyFUL\"><a href=\"https:\/\/kuzeyinsesi.org\/index.php\/2024\/11\/19\/feryal-sukanin-15-kisisel-resim-sergisi-aciliyor\/\">Feryal S\u00fckan\u2019\u0131n 15. Ki\u015fisel Resim Sergisi a\u00e7\u0131l\u0131yor<\/a><\/blockquote><iframe sandbox=\"allow-scripts\" security=\"restricted\" src=\"https:\/\/kuzeyinsesi.org\/index.php\/2024\/11\/19\/feryal-sukanin-15-kisisel-resim-sergisi-aciliyor\/embed\/#?secret=ylKaiDyFUL\" width=\"600\" height=\"338\" title=\"&#8220;Feryal S\u00fckan\u2019\u0131n 15. Ki\u015fisel Resim Sergisi a\u00e7\u0131l\u0131yor&#8221; &#8212; Kuzeyin Sesi\" data-secret=\"ylKaiDyFUL\" frameborder=\"0\" marginwidth=\"0\" marginheight=\"0\" scrolling=\"no\" class=\"wp-embedded-content\"><\/iframe><script type=\"text\/javascript\">\n\/* <![CDATA[ *\/\n\/*! This file is auto-generated *\/\n!function(d,l){\"use strict\";l.querySelector&&d.addEventListener&&\"undefined\"!=typeof URL&&(d.wp=d.wp||{},d.wp.receiveEmbedMessage||(d.wp.receiveEmbedMessage=function(e){var t=e.data;if((t||t.secret||t.message||t.value)&&!\/[^a-zA-Z0-9]\/.test(t.secret)){for(var s,r,n,a=l.querySelectorAll('iframe[data-secret=\"'+t.secret+'\"]'),o=l.querySelectorAll('blockquote[data-secret=\"'+t.secret+'\"]'),c=new RegExp(\"^https?:$\",\"i\"),i=0;i<o.length;i++)o[i].style.display=\"none\";for(i=0;i<a.length;i++)s=a[i],e.source===s.contentWindow&&(s.removeAttribute(\"style\"),\"height\"===t.message?(1e3<(r=parseInt(t.value,10))?r=1e3:~~r<200&&(r=200),s.height=r):\"link\"===t.message&&(r=new URL(s.getAttribute(\"src\")),n=new URL(t.value),c.test(n.protocol))&&n.host===r.host&&l.activeElement===s&&(d.top.location.href=t.value))}},d.addEventListener(\"message\",d.wp.receiveEmbedMessage,!1),l.addEventListener(\"DOMContentLoaded\",function(){for(var e,t,s=l.querySelectorAll(\"iframe.wp-embedded-content\"),r=0;r<s.length;r++)(t=(e=s[r]).getAttribute(\"data-secret\"))||(t=Math.random().toString(36).substring(2,12),e.src+=\"#?secret=\"+t,e.setAttribute(\"data-secret\",t)),e.contentWindow.postMessage({message:\"ready\",secret:t},\"*\")},!1)))}(window,document);\n\/\/# sourceURL=https:\/\/kuzeyinsesi.org\/wp-includes\/js\/wp-embed.min.js\n\/* ]]> *\/\n<\/script>\n","thumbnail_url":"https:\/\/brtk.net\/wp-content\/uploads\/2024\/11\/19\/feryal-sukanin-15-kisisel-resim-sergisi-aciliyor.webp?ver=1bfb470a0112b2a4b65aeded3fc727dc","thumbnail_width":600,"thumbnail_height":338,"description":"Feryal S\u00fckan\u2019\u0131n 15\u2019inci Ki\u015fisel Resim Sergisi a\u00e7\u0131l\u0131yor. S\u00fckan\u2019dan verilen bilgiye g\u00f6re, R\u00fcstem Kitabevi Sanat Galeri\u2019sinde yer alacak serginin a\u00e7\u0131l\u0131\u015f\u0131 27 Kas\u0131m \u00c7ar\u015famba g\u00fcn\u00fc saat 18.30\u2019da yap\u0131lacak. A\u00e7\u0131l\u0131\u015f sonras\u0131 kokteyl yer alacak. Sergi 10 Aral\u0131k tarihine kadar 09.00-18.00 saatleri aras\u0131nda ziyaret edilebilecek."}