{"version":"1.0","provider_name":"Kuzeyin Sesi","provider_url":"https:\/\/kuzeyinsesi.org","author_name":"Kuzeyin Sesi","author_url":"https:\/\/kuzeyinsesi.org\/index.php\/author\/guven\/","title":"T\u00f6re, \u0130stanbul\u2019da konferans verdi - Kuzeyin Sesi","type":"rich","width":600,"height":338,"html":"<blockquote class=\"wp-embedded-content\" data-secret=\"HnlZxbUbCv\"><a href=\"https:\/\/kuzeyinsesi.org\/index.php\/2024\/11\/16\/tore-istanbulda-konferans-verdi\/\">T\u00f6re, \u0130stanbul\u2019da konferans verdi<\/a><\/blockquote><iframe sandbox=\"allow-scripts\" security=\"restricted\" src=\"https:\/\/kuzeyinsesi.org\/index.php\/2024\/11\/16\/tore-istanbulda-konferans-verdi\/embed\/#?secret=HnlZxbUbCv\" width=\"600\" height=\"338\" title=\"&#8220;T\u00f6re, \u0130stanbul\u2019da konferans verdi&#8221; &#8212; Kuzeyin Sesi\" data-secret=\"HnlZxbUbCv\" frameborder=\"0\" marginwidth=\"0\" marginheight=\"0\" scrolling=\"no\" class=\"wp-embedded-content\"><\/iframe><script type=\"text\/javascript\">\n\/* <![CDATA[ *\/\n\/*! This file is auto-generated *\/\n!function(d,l){\"use strict\";l.querySelector&&d.addEventListener&&\"undefined\"!=typeof URL&&(d.wp=d.wp||{},d.wp.receiveEmbedMessage||(d.wp.receiveEmbedMessage=function(e){var t=e.data;if((t||t.secret||t.message||t.value)&&!\/[^a-zA-Z0-9]\/.test(t.secret)){for(var s,r,n,a=l.querySelectorAll('iframe[data-secret=\"'+t.secret+'\"]'),o=l.querySelectorAll('blockquote[data-secret=\"'+t.secret+'\"]'),c=new RegExp(\"^https?:$\",\"i\"),i=0;i<o.length;i++)o[i].style.display=\"none\";for(i=0;i<a.length;i++)s=a[i],e.source===s.contentWindow&&(s.removeAttribute(\"style\"),\"height\"===t.message?(1e3<(r=parseInt(t.value,10))?r=1e3:~~r<200&&(r=200),s.height=r):\"link\"===t.message&&(r=new URL(s.getAttribute(\"src\")),n=new URL(t.value),c.test(n.protocol))&&n.host===r.host&&l.activeElement===s&&(d.top.location.href=t.value))}},d.addEventListener(\"message\",d.wp.receiveEmbedMessage,!1),l.addEventListener(\"DOMContentLoaded\",function(){for(var e,t,s=l.querySelectorAll(\"iframe.wp-embedded-content\"),r=0;r<s.length;r++)(t=(e=s[r]).getAttribute(\"data-secret\"))||(t=Math.random().toString(36).substring(2,12),e.src+=\"#?secret=\"+t,e.setAttribute(\"data-secret\",t)),e.contentWindow.postMessage({message:\"ready\",secret:t},\"*\")},!1)))}(window,document);\n\/\/# sourceURL=https:\/\/kuzeyinsesi.org\/wp-includes\/js\/wp-embed.min.js\n\/* ]]> *\/\n<\/script>\n","thumbnail_url":"https:\/\/brtk.net\/wp-content\/uploads\/2024\/11\/16\/konferans-scaled.jpeg?ver=324af91951e443b2f5e7324a1823ecdb","thumbnail_width":600,"thumbnail_height":450,"description":"Cumhuriyet Meclisi eski Ba\u015fkan\u0131 Zorlu T\u00f6re, \u0130stanbul\u2019da Marmara \u00dcniversitesi Siyasal Bilgiler Fak\u00fcltesi Recep Tayyip Erdo\u011fan Kamp\u00fcs\u00fc\u2019nde \u201cMilli Meseleler ve Kuzey K\u0131br\u0131s T\u00fcrk Cumhuriyeti\u201d adl\u0131 konferans verdi. Cumhuriyet Meclisi\u2019nden verilen bilgiye g\u00f6re, Cumhuriyet Meclisi eski Ba\u015fkan\u0131 Zorlu T\u00f6re konu\u015fmas\u0131nda, Kuzey K\u0131br\u0131s T\u00fcrk Cumhuriyeti\u2019nin 41. y\u0131l\u0131n\u0131 kutlad\u0131klar\u0131n\u0131 belirterek, \u201c41 kere Ma\u015fallah\u201d dedi. T\u00fcrk Birli\u011fi\u2019nin \u00f6nemini anlatan T\u00f6re, [&hellip;]"}