{"version":"1.0","provider_name":"Kuzeyin Sesi","provider_url":"https:\/\/kuzeyinsesi.org","author_name":"Kuzeyin Sesi","author_url":"https:\/\/kuzeyinsesi.org\/index.php\/author\/guven\/","title":"35. Ankara Film Festivali\u2019nde \u00f6d\u00fcller sahiplerini buldu - Kuzeyin Sesi","type":"rich","width":600,"height":338,"html":"<blockquote class=\"wp-embedded-content\" data-secret=\"KRHR5eQ12t\"><a href=\"https:\/\/kuzeyinsesi.org\/index.php\/2024\/11\/16\/35-ankara-film-festivalinde-oduller-sahiplerini-buldu\/\">35. Ankara Film Festivali\u2019nde \u00f6d\u00fcller sahiplerini buldu<\/a><\/blockquote><iframe sandbox=\"allow-scripts\" security=\"restricted\" src=\"https:\/\/kuzeyinsesi.org\/index.php\/2024\/11\/16\/35-ankara-film-festivalinde-oduller-sahiplerini-buldu\/embed\/#?secret=KRHR5eQ12t\" width=\"600\" height=\"338\" title=\"&#8220;35. Ankara Film Festivali\u2019nde \u00f6d\u00fcller sahiplerini buldu&#8221; &#8212; Kuzeyin Sesi\" data-secret=\"KRHR5eQ12t\" frameborder=\"0\" marginwidth=\"0\" marginheight=\"0\" scrolling=\"no\" class=\"wp-embedded-content\"><\/iframe><script type=\"text\/javascript\">\n\/* <![CDATA[ *\/\n\/*! This file is auto-generated *\/\n!function(d,l){\"use strict\";l.querySelector&&d.addEventListener&&\"undefined\"!=typeof URL&&(d.wp=d.wp||{},d.wp.receiveEmbedMessage||(d.wp.receiveEmbedMessage=function(e){var t=e.data;if((t||t.secret||t.message||t.value)&&!\/[^a-zA-Z0-9]\/.test(t.secret)){for(var s,r,n,a=l.querySelectorAll('iframe[data-secret=\"'+t.secret+'\"]'),o=l.querySelectorAll('blockquote[data-secret=\"'+t.secret+'\"]'),c=new RegExp(\"^https?:$\",\"i\"),i=0;i<o.length;i++)o[i].style.display=\"none\";for(i=0;i<a.length;i++)s=a[i],e.source===s.contentWindow&&(s.removeAttribute(\"style\"),\"height\"===t.message?(1e3<(r=parseInt(t.value,10))?r=1e3:~~r<200&&(r=200),s.height=r):\"link\"===t.message&&(r=new URL(s.getAttribute(\"src\")),n=new URL(t.value),c.test(n.protocol))&&n.host===r.host&&l.activeElement===s&&(d.top.location.href=t.value))}},d.addEventListener(\"message\",d.wp.receiveEmbedMessage,!1),l.addEventListener(\"DOMContentLoaded\",function(){for(var e,t,s=l.querySelectorAll(\"iframe.wp-embedded-content\"),r=0;r<s.length;r++)(t=(e=s[r]).getAttribute(\"data-secret\"))||(t=Math.random().toString(36).substring(2,12),e.src+=\"#?secret=\"+t,e.setAttribute(\"data-secret\",t)),e.contentWindow.postMessage({message:\"ready\",secret:t},\"*\")},!1)))}(window,document);\n\/\/# sourceURL=https:\/\/kuzeyinsesi.org\/wp-includes\/js\/wp-embed.min.js\n\/* ]]> *\/\n<\/script>\n","thumbnail_url":"https:\/\/brtk.net\/wp-content\/uploads\/2024\/11\/16\/aa-20241115-36205781-36205780-35-ankara-film-festivalinde-oduller-sahiplerini-buldu-scaled.jpg?ver=df0fd845360655ebecafece21642c30e","thumbnail_width":600,"thumbnail_height":400,"description":"Bu y\u0131l 35\u2019incisi d\u00fczenlenen Ankara Film Festivali\u2019nde \u00f6d\u00fcller sahiplerine verildi. K\u00fclt\u00fcr ve Turizm Bakanl\u0131\u011f\u0131, Sinema Genel M\u00fcd\u00fcrl\u00fc\u011f\u00fc, Devlet Tiyatrolar\u0131 Genel M\u00fcd\u00fcrl\u00fc\u011f\u00fc, Ankara B\u00fcy\u00fck\u015fehir Belediyesi, \u00c7ankaya Belediyesi ve Avrupa Birli\u011fi T\u00fcrkiye Delegasyonu destekleriyle D\u00fcnya Kitle \u0130leti\u015fimi Ara\u015ft\u0131rma Vakf\u0131 taraf\u0131ndan d\u00fczenlenen festivalin kapan\u0131\u015f t\u00f6reni \u015einasi Sahnesi\u2019nde ger\u00e7ekle\u015ftirildi. Kapan\u0131\u015f program\u0131nda belgesel, k\u0131sa ve uzun film dallar\u0131nda \u00f6d\u00fcle lay\u0131k [&hellip;]"}