{"version":"1.0","provider_name":"Kuzeyin Sesi","provider_url":"https:\/\/kuzeyinsesi.org","author_name":"Kuzeyin Sesi","author_url":"https:\/\/kuzeyinsesi.org\/index.php\/author\/guven\/","title":"KKTC\u2019nin yak\u0131n tarihi kay\u0131t alt\u0131na al\u0131n\u0131yor - Kuzeyin Sesi","type":"rich","width":600,"height":338,"html":"<blockquote class=\"wp-embedded-content\" data-secret=\"zMEUOgAZcv\"><a href=\"https:\/\/kuzeyinsesi.org\/index.php\/2024\/11\/14\/kktcnin-yakin-tarihi-kayit-altina-aliniyor\/\">KKTC\u2019nin yak\u0131n tarihi kay\u0131t alt\u0131na al\u0131n\u0131yor<\/a><\/blockquote><iframe sandbox=\"allow-scripts\" security=\"restricted\" src=\"https:\/\/kuzeyinsesi.org\/index.php\/2024\/11\/14\/kktcnin-yakin-tarihi-kayit-altina-aliniyor\/embed\/#?secret=zMEUOgAZcv\" width=\"600\" height=\"338\" title=\"&#8220;KKTC\u2019nin yak\u0131n tarihi kay\u0131t alt\u0131na al\u0131n\u0131yor&#8221; &#8212; Kuzeyin Sesi\" data-secret=\"zMEUOgAZcv\" frameborder=\"0\" marginwidth=\"0\" marginheight=\"0\" scrolling=\"no\" class=\"wp-embedded-content\"><\/iframe><script type=\"text\/javascript\">\n\/* <![CDATA[ *\/\n\/*! This file is auto-generated *\/\n!function(d,l){\"use strict\";l.querySelector&&d.addEventListener&&\"undefined\"!=typeof URL&&(d.wp=d.wp||{},d.wp.receiveEmbedMessage||(d.wp.receiveEmbedMessage=function(e){var t=e.data;if((t||t.secret||t.message||t.value)&&!\/[^a-zA-Z0-9]\/.test(t.secret)){for(var s,r,n,a=l.querySelectorAll('iframe[data-secret=\"'+t.secret+'\"]'),o=l.querySelectorAll('blockquote[data-secret=\"'+t.secret+'\"]'),c=new RegExp(\"^https?:$\",\"i\"),i=0;i<o.length;i++)o[i].style.display=\"none\";for(i=0;i<a.length;i++)s=a[i],e.source===s.contentWindow&&(s.removeAttribute(\"style\"),\"height\"===t.message?(1e3<(r=parseInt(t.value,10))?r=1e3:~~r<200&&(r=200),s.height=r):\"link\"===t.message&&(r=new URL(s.getAttribute(\"src\")),n=new URL(t.value),c.test(n.protocol))&&n.host===r.host&&l.activeElement===s&&(d.top.location.href=t.value))}},d.addEventListener(\"message\",d.wp.receiveEmbedMessage,!1),l.addEventListener(\"DOMContentLoaded\",function(){for(var e,t,s=l.querySelectorAll(\"iframe.wp-embedded-content\"),r=0;r<s.length;r++)(t=(e=s[r]).getAttribute(\"data-secret\"))||(t=Math.random().toString(36).substring(2,12),e.src+=\"#?secret=\"+t,e.setAttribute(\"data-secret\",t)),e.contentWindow.postMessage({message:\"ready\",secret:t},\"*\")},!1)))}(window,document);\n\/\/# sourceURL=https:\/\/kuzeyinsesi.org\/wp-includes\/js\/wp-embed.min.js\n\/* ]]> *\/\n<\/script>\n","thumbnail_url":"https:\/\/brtk.net\/wp-content\/uploads\/2024\/11\/14\/aa-20241114-36191817-36191816-akademisyenler-kent-bellegi-projesiyle-kktcnin-yakin-tarihini-kayit-altina-aliyor-scaled.jpg?ver=5703d4b50e851120eb69d6f276148f88","thumbnail_width":600,"thumbnail_height":400,"description":"T\u00fcrkiye\u2019den Sakarya \u00dcniversitesi (SA\u00dc), KKTC\u2019den Uluslararas\u0131 K\u0131br\u0131s \u00dcniversitesi (UK\u00dc) ve Lefke Avrupa \u00dcniversitesi\u2019nde (LA\u00dc) g\u00f6revli akademisyenlerden olu\u015fan ekibin, kentlerin simge mekanlar\u0131n\u0131, k\u00fclt\u00fcr\u00fcn\u00fc ve tarihini \u201ckent belle\u011fi\u201d \u00e7al\u0131\u015fmas\u0131yla gelece\u011fe aktarmay\u0131 hedefledi\u011fi belirtildi. Anadolu Ajans\u0131\u2019n\u0131n haberine g\u00f6re SA\u00dc \u0130leti\u015fim Fak\u00fcltesi Yeni Medya ve \u0130leti\u015fim B\u00f6l\u00fcm\u00fc \u00d6\u011fretim \u00dcyesi Prof. Dr. Aytekin \u0130\u015fman\u2019\u0131n yap\u0131mc\u0131l\u0131\u011f\u0131nda, Uluslararas\u0131 K\u0131br\u0131s \u00dcniversitesi \u00d6\u011fretim \u00dcyesi [&hellip;]"}