{"version":"1.0","provider_name":"Kuzeyin Sesi","provider_url":"https:\/\/kuzeyinsesi.org","author_name":"Kuzeyin Sesi","author_url":"https:\/\/kuzeyinsesi.org\/index.php\/author\/guven\/","title":"YKS, 21-22 Haziran 2025\u2019te yap\u0131lacak - Kuzeyin Sesi","type":"rich","width":600,"height":338,"html":"<blockquote class=\"wp-embedded-content\" data-secret=\"UjDEKoT9vw\"><a href=\"https:\/\/kuzeyinsesi.org\/index.php\/2024\/11\/13\/yks-21-22-haziran-2025te-yapilacak\/\">YKS, 21-22 Haziran 2025\u2019te yap\u0131lacak<\/a><\/blockquote><iframe sandbox=\"allow-scripts\" security=\"restricted\" src=\"https:\/\/kuzeyinsesi.org\/index.php\/2024\/11\/13\/yks-21-22-haziran-2025te-yapilacak\/embed\/#?secret=UjDEKoT9vw\" width=\"600\" height=\"338\" title=\"&#8220;YKS, 21-22 Haziran 2025\u2019te yap\u0131lacak&#8221; &#8212; Kuzeyin Sesi\" data-secret=\"UjDEKoT9vw\" frameborder=\"0\" marginwidth=\"0\" marginheight=\"0\" scrolling=\"no\" class=\"wp-embedded-content\"><\/iframe><script type=\"text\/javascript\">\n\/* <![CDATA[ *\/\n\/*! This file is auto-generated *\/\n!function(d,l){\"use strict\";l.querySelector&&d.addEventListener&&\"undefined\"!=typeof URL&&(d.wp=d.wp||{},d.wp.receiveEmbedMessage||(d.wp.receiveEmbedMessage=function(e){var t=e.data;if((t||t.secret||t.message||t.value)&&!\/[^a-zA-Z0-9]\/.test(t.secret)){for(var s,r,n,a=l.querySelectorAll('iframe[data-secret=\"'+t.secret+'\"]'),o=l.querySelectorAll('blockquote[data-secret=\"'+t.secret+'\"]'),c=new RegExp(\"^https?:$\",\"i\"),i=0;i<o.length;i++)o[i].style.display=\"none\";for(i=0;i<a.length;i++)s=a[i],e.source===s.contentWindow&&(s.removeAttribute(\"style\"),\"height\"===t.message?(1e3<(r=parseInt(t.value,10))?r=1e3:~~r<200&&(r=200),s.height=r):\"link\"===t.message&&(r=new URL(s.getAttribute(\"src\")),n=new URL(t.value),c.test(n.protocol))&&n.host===r.host&&l.activeElement===s&&(d.top.location.href=t.value))}},d.addEventListener(\"message\",d.wp.receiveEmbedMessage,!1),l.addEventListener(\"DOMContentLoaded\",function(){for(var e,t,s=l.querySelectorAll(\"iframe.wp-embedded-content\"),r=0;r<s.length;r++)(t=(e=s[r]).getAttribute(\"data-secret\"))||(t=Math.random().toString(36).substring(2,12),e.src+=\"#?secret=\"+t,e.setAttribute(\"data-secret\",t)),e.contentWindow.postMessage({message:\"ready\",secret:t},\"*\")},!1)))}(window,document);\n\/\/# sourceURL=https:\/\/kuzeyinsesi.org\/wp-includes\/js\/wp-embed.min.js\n\/* ]]> *\/\n<\/script>\n","thumbnail_url":"https:\/\/brtk.net\/wp-content\/uploads\/2024\/11\/13\/OSYM.jpg?ver=e3f4b3f80601ea687e5dd360889c8046","thumbnail_width":600,"thumbnail_height":338,"description":"T\u00fcrkiye \u00d6SYM Ba\u015fkan\u0131 Bayram Ali Ersoy, Y\u00fcksek\u00f6\u011fretim Kurumlar\u0131 S\u0131nav\u0131\u2019n\u0131n (YKS), 21-22 Haziran 2025\u2019te yap\u0131laca\u011f\u0131n\u0131 bildirdi. Ersoy, sosyal medya \u00fczerinden yapt\u0131\u011f\u0131 a\u00e7\u0131klamada, \u201c\u00d6SYM 2025 Y\u0131l\u0131 S\u0131nav Takvimi\u201dnin belirlendi\u011fini belirterek, \u201cHay\u0131rl\u0131 olsun. S\u0131navlara kat\u0131lacak t\u00fcm adaylara ba\u015far\u0131lar diliyorum.\u201d ifadesini kulland\u0131. Ersoy\u2019un payla\u015ft\u0131\u011f\u0131 bilgiye g\u00f6re, YKS 21-22 Haziran 2025\u2019te, 2025-KPSS A Grubu (Genel Yetenek-Genel K\u00fclt\u00fcr) 7 Eyl\u00fcl 2025\u2019te, [&hellip;]"}